{"id":20610,"date":"2023-04-21T12:28:37","date_gmt":"2023-04-21T10:28:37","guid":{"rendered":"https:\/\/muenster.org\/altes-backhaus\/?page_id=20610"},"modified":"2023-05-07T09:23:42","modified_gmt":"2023-05-07T07:23:42","slug":"die-jubilaeen","status":"publish","type":"page","link":"https:\/\/muenster.org\/altes-backhaus\/wir-ueber-uns-neu\/die-jubilaeen","title":{"rendered":"Die Jubil\u00e4en"},"content":{"rendered":"\t\t<div data-elementor-type=\"wp-page\" data-elementor-id=\"20610\" class=\"elementor elementor-20610\">\n\t\t\t\t\t\t<section class=\"elementor-section elementor-top-section elementor-element elementor-element-be7f754 elementor-section-boxed elementor-section-height-default elementor-section-height-default\" data-id=\"be7f754\" data-element_type=\"section\" data-e-type=\"section\" data-settings=\"{&quot;background_background&quot;:&quot;classic&quot;}\">\n\t\t\t\t\t\t<div class=\"elementor-container elementor-column-gap-default\">\n\t\t\t\t\t<div class=\"elementor-column elementor-col-100 elementor-top-column elementor-element elementor-element-c6730cf\" data-id=\"c6730cf\" data-element_type=\"column\" data-e-type=\"column\">\n\t\t\t<div class=\"elementor-widget-wrap elementor-element-populated\">\n\t\t\t\t\t\t<div class=\"elementor-element elementor-element-127f9a5 elementor-widget elementor-widget-image\" data-id=\"127f9a5\" data-element_type=\"widget\" data-e-type=\"widget\" data-widget_type=\"image.default\">\n\t\t\t\t<div class=\"elementor-widget-container\">\n\t\t\t\t\t\t\t\t\t\t\t\t\t\t\t<img decoding=\"async\" src=\"https:\/\/muenster.org\/altes-backhaus\/wp-content\/uploads\/2023\/04\/30-Jahre-Backhaus.jpg\" title=\"\" alt=\"\" loading=\"lazy\" \/>\t\t\t\t\t\t\t\t\t\t\t\t\t\t\t<\/div>\n\t\t\t\t<\/div>\n\t\t\t\t<div class=\"elementor-element elementor-element-68051db elementor-widget elementor-widget-heading\" data-id=\"68051db\" data-element_type=\"widget\" data-e-type=\"widget\" data-widget_type=\"heading.default\">\n\t\t\t\t<div class=\"elementor-widget-container\">\n\t\t\t\t\t<h2 class=\"elementor-heading-title elementor-size-default\">30 Jahre Altes Backhaus<\/h2>\t\t\t\t<\/div>\n\t\t\t\t<\/div>\n\t\t\t\t\t<\/div>\n\t\t<\/div>\n\t\t\t\t\t<\/div>\n\t\t<\/section>\n\t\t\t\t<section class=\"elementor-section elementor-top-section elementor-element elementor-element-6dbf954 elementor-section-boxed elementor-section-height-default elementor-section-height-default\" data-id=\"6dbf954\" data-element_type=\"section\" data-e-type=\"section\" data-settings=\"{&quot;background_background&quot;:&quot;classic&quot;}\">\n\t\t\t\t\t\t<div class=\"elementor-container elementor-column-gap-default\">\n\t\t\t\t\t<div class=\"elementor-column elementor-col-100 elementor-top-column elementor-element elementor-element-afcc5fc\" data-id=\"afcc5fc\" data-element_type=\"column\" data-e-type=\"column\">\n\t\t\t<div class=\"elementor-widget-wrap elementor-element-populated\">\n\t\t\t\t\t\t<div class=\"elementor-element elementor-element-f3875f4 elementor-widget elementor-widget-text-editor\" data-id=\"f3875f4\" data-element_type=\"widget\" data-e-type=\"widget\" data-widget_type=\"text-editor.default\">\n\t\t\t\t<div class=\"elementor-widget-container\">\n\t\t\t\t\t\t\t\t\t<p>2018 feierte das Alte Backhaus sein 30j\u00e4hriges Bestehen. In den zur\u00fcckliegenden Jahrzehnten konnte der Verein nicht nur neue Mitglieder, Mitarbeiter und regelm\u00e4\u00dfige Besucher hinzu gewinnen, vor allem nahm seine Bedeutung \u00fcber die Grenzen des Kreuzviertels hinaus deutlich zu. Das Alte Backhaus ist vor allem deshalb erfolgreich, weil viele Menschen aus unterschiedlichen Kreisen der Bev\u00f6lkerung sich ehrenamtlich mit ungew\u00f6hnlichem Engagement und Freude einer Aufgabe widmen: Sie wollen diese einzigartige Begegnungs- und Bildungsst\u00e4tte f\u00fcr Senioren lebendig halten! Diesen Einsatz lobte M\u00fcnsters Oberb\u00fcrgermeister Markus Lewe bei der Jubil\u00e4umsfeier am 5. Juli 2018 in seiner Ansprache: \u201eEin solcher Zusammenhalt in den Stadtvierteln ist unfassbar kostbar\u201c.<\/p><p><strong>Link zu <span style=\"text-decoration: underline;\"><span style=\"color: #0000ff;\"><a style=\"color: #0000ff; text-decoration: underline;\" href=\"https:\/\/muenster.org\/altes-backhaus\/30-jahre-backhaus\">30 Jahre Altes Backhaus<\/a><\/span><\/span><\/strong><\/p>\t\t\t\t\t\t\t\t<\/div>\n\t\t\t\t<\/div>\n\t\t\t\t\t<\/div>\n\t\t<\/div>\n\t\t\t\t\t<\/div>\n\t\t<\/section>\n\t\t\t\t<section class=\"elementor-section elementor-top-section elementor-element elementor-element-a06cef0 elementor-section-boxed elementor-section-height-default elementor-section-height-default\" data-id=\"a06cef0\" data-element_type=\"section\" data-e-type=\"section\">\n\t\t\t\t\t\t<div class=\"elementor-container elementor-column-gap-default\">\n\t\t\t\t\t<div class=\"elementor-column elementor-col-100 elementor-top-column elementor-element elementor-element-bb54652\" data-id=\"bb54652\" data-element_type=\"column\" data-e-type=\"column\">\n\t\t\t<div class=\"elementor-widget-wrap elementor-element-populated\">\n\t\t\t\t\t\t<div class=\"elementor-element elementor-element-b217d08 elementor-widget elementor-widget-image\" data-id=\"b217d08\" data-element_type=\"widget\" data-e-type=\"widget\" data-widget_type=\"image.default\">\n\t\t\t\t<div class=\"elementor-widget-container\">\n\t\t\t\t\t\t\t\t\t\t\t\t\t\t\t<img fetchpriority=\"high\" decoding=\"async\" width=\"1024\" height=\"780\" src=\"https:\/\/muenster.org\/altes-backhaus\/wp-content\/uploads\/2023\/04\/20-Jahre-Altes-Backhaus.jpg\" class=\"attachment-large size-large wp-image-20620\" alt=\"\" srcset=\"https:\/\/muenster.org\/altes-backhaus\/wp-content\/uploads\/2023\/04\/20-Jahre-Altes-Backhaus.jpg 1024w, https:\/\/muenster.org\/altes-backhaus\/wp-content\/uploads\/2023\/04\/20-Jahre-Altes-Backhaus-300x229.jpg 300w, https:\/\/muenster.org\/altes-backhaus\/wp-content\/uploads\/2023\/04\/20-Jahre-Altes-Backhaus-768x585.jpg 768w\" sizes=\"(max-width: 1024px) 100vw, 1024px\" \/>\t\t\t\t\t\t\t\t\t\t\t\t\t\t\t<\/div>\n\t\t\t\t<\/div>\n\t\t\t\t<div class=\"elementor-element elementor-element-906e551 elementor-widget elementor-widget-heading\" data-id=\"906e551\" data-element_type=\"widget\" data-e-type=\"widget\" data-widget_type=\"heading.default\">\n\t\t\t\t<div class=\"elementor-widget-container\">\n\t\t\t\t\t<h2 class=\"elementor-heading-title elementor-size-default\">20 Jahre Altes Backhaus<\/h2>\t\t\t\t<\/div>\n\t\t\t\t<\/div>\n\t\t\t\t\t<\/div>\n\t\t<\/div>\n\t\t\t\t\t<\/div>\n\t\t<\/section>\n\t\t\t\t<section class=\"elementor-section elementor-top-section elementor-element elementor-element-e7873d3 elementor-section-boxed elementor-section-height-default elementor-section-height-default\" data-id=\"e7873d3\" data-element_type=\"section\" data-e-type=\"section\" data-settings=\"{&quot;background_background&quot;:&quot;classic&quot;}\">\n\t\t\t\t\t\t<div class=\"elementor-container elementor-column-gap-default\">\n\t\t\t\t\t<div class=\"elementor-column elementor-col-100 elementor-top-column elementor-element elementor-element-f4fd87e\" data-id=\"f4fd87e\" data-element_type=\"column\" data-e-type=\"column\">\n\t\t\t<div class=\"elementor-widget-wrap elementor-element-populated\">\n\t\t\t\t\t\t<div class=\"elementor-element elementor-element-e53df7f elementor-widget elementor-widget-text-editor\" data-id=\"e53df7f\" data-element_type=\"widget\" data-e-type=\"widget\" data-widget_type=\"text-editor.default\">\n\t\t\t\t<div class=\"elementor-widget-container\">\n\t\t\t\t\t\t\t\t\t<p>Im Jahr 2008 bestand das Alte Backhaus seit 20 Jahren. Dieses Ereignis wurde am 17. Mai mit zahlreichen G\u00e4sten gefeiert. Nicht nur die lokalen Medien und der damalige Oberb\u00fcrgermeister M\u00fcnsters, Dr. Berthold Tillmann, w\u00fcrdigten das Jubil\u00e4um: Das Ministerium f\u00fcr Generationen, Familie und Integration des Landes NRW verlieh dem Backhaus den \u201eEngagementnachweis NRW\u201c \u2013 eine tolle Anerkennung der ehrenamtlichen Arbeit, die im Alten Backhaus geleistet wird!<\/p><p><strong>Link zu <span style=\"text-decoration: underline;\"><span style=\"color: #0000ff;\"><a style=\"color: #0000ff; text-decoration: underline;\" href=\"https:\/\/muenster.org\/altes-backhaus\/neve-amadeus-potius-inflammat\">20 Jahre Altes Backhaus<\/a><\/span><\/span><\/strong><\/p>\t\t\t\t\t\t\t\t<\/div>\n\t\t\t\t<\/div>\n\t\t\t\t\t<\/div>\n\t\t<\/div>\n\t\t\t\t\t<\/div>\n\t\t<\/section>\n\t\t\t\t<\/div>\n\t\t","protected":false},"excerpt":{"rendered":"<p>30 Jahre Altes Backhaus 2018 feierte das Alte Backhaus sein 30j\u00e4hriges Bestehen. In den zur\u00fcckliegenden Jahrzehnten konnte der Verein nicht nur neue Mitglieder, Mitarbeiter und regelm\u00e4\u00dfige Besucher hinzu gewinnen, vor allem nahm seine Bedeutung \u00fcber die Grenzen des Kreuzviertels hinaus deutlich zu. Das Alte Backhaus ist vor allem deshalb erfolgreich, weil viele Menschen aus unterschiedlichen&hellip;&nbsp;<\/p>\n<div class=\"read-more-wrapper\"><a href=\"https:\/\/muenster.org\/altes-backhaus\/wir-ueber-uns-neu\/die-jubilaeen\" class=\"button button-primary\" rel=\"bookmark\">Mehr lesen &raquo;<span class=\"screen-reader-text\">Die Jubil\u00e4en<\/span><\/a><\/div>\n","protected":false},"author":50,"featured_media":20640,"parent":20174,"menu_order":0,"comment_status":"closed","ping_status":"closed","template":"","meta":{"neve_meta_sidebar":"","neve_meta_container":"","neve_meta_enable_content_width":"off","neve_meta_content_width":100,"neve_meta_title_alignment":"","neve_meta_author_avatar":"","neve_post_elements_order":"","neve_meta_disable_header":"","neve_meta_disable_footer":"","neve_meta_disable_title":"","neve_meta_reading_time":"","_themeisle_gutenberg_block_has_review":false,"cybocfi_hide_featured_image":"","footnotes":""},"class_list":["post-20610","page","type-page","status-publish","has-post-thumbnail","hentry"],"yoast_head":"<!-- This site is optimized with the Yoast SEO plugin v27.5 - https:\/\/yoast.com\/product\/yoast-seo-wordpress\/ -->\n<title>Die Jubil\u00e4en - Altes Backhaus<\/title>\n<meta name=\"robots\" content=\"index, follow, max-snippet:-1, max-image-preview:large, max-video-preview:-1\" \/>\n<link rel=\"canonical\" href=\"https:\/\/muenster.org\/altes-backhaus\/wir-ueber-uns-neu\/die-jubilaeen\" \/>\n<meta name=\"twitter:label1\" content=\"Gesch\u00e4tzte Lesezeit\" \/>\n\t<meta name=\"twitter:data1\" content=\"2\u00a0Minuten\" \/>\n<script type=\"application\/ld+json\" class=\"yoast-schema-graph\">{\"@context\":\"https:\\\/\\\/schema.org\",\"@graph\":[{\"@type\":\"WebPage\",\"@id\":\"https:\\\/\\\/muenster.org\\\/altes-backhaus\\\/wir-ueber-uns-neu\\\/die-jubilaeen\",\"url\":\"https:\\\/\\\/muenster.org\\\/altes-backhaus\\\/wir-ueber-uns-neu\\\/die-jubilaeen\",\"name\":\"Die Jubil\u00e4en - Altes Backhaus\",\"isPartOf\":{\"@id\":\"https:\\\/\\\/muenster.org\\\/altes-backhaus\\\/#website\"},\"primaryImageOfPage\":{\"@id\":\"https:\\\/\\\/muenster.org\\\/altes-backhaus\\\/wir-ueber-uns-neu\\\/die-jubilaeen#primaryimage\"},\"image\":{\"@id\":\"https:\\\/\\\/muenster.org\\\/altes-backhaus\\\/wir-ueber-uns-neu\\\/die-jubilaeen#primaryimage\"},\"thumbnailUrl\":\"https:\\\/\\\/muenster.org\\\/altes-backhaus\\\/wp-content\\\/uploads\\\/2023\\\/04\\\/30-Jahre-Backhaus-e1682414330567.jpg\",\"datePublished\":\"2023-04-21T10:28:37+00:00\",\"dateModified\":\"2023-05-07T07:23:42+00:00\",\"breadcrumb\":{\"@id\":\"https:\\\/\\\/muenster.org\\\/altes-backhaus\\\/wir-ueber-uns-neu\\\/die-jubilaeen#breadcrumb\"},\"inLanguage\":\"de\",\"potentialAction\":[{\"@type\":\"ReadAction\",\"target\":[\"https:\\\/\\\/muenster.org\\\/altes-backhaus\\\/wir-ueber-uns-neu\\\/die-jubilaeen\"]}]},{\"@type\":\"ImageObject\",\"inLanguage\":\"de\",\"@id\":\"https:\\\/\\\/muenster.org\\\/altes-backhaus\\\/wir-ueber-uns-neu\\\/die-jubilaeen#primaryimage\",\"url\":\"https:\\\/\\\/muenster.org\\\/altes-backhaus\\\/wp-content\\\/uploads\\\/2023\\\/04\\\/30-Jahre-Backhaus-e1682414330567.jpg\",\"contentUrl\":\"https:\\\/\\\/muenster.org\\\/altes-backhaus\\\/wp-content\\\/uploads\\\/2023\\\/04\\\/30-Jahre-Backhaus-e1682414330567.jpg\",\"width\":854,\"height\":682},{\"@type\":\"BreadcrumbList\",\"@id\":\"https:\\\/\\\/muenster.org\\\/altes-backhaus\\\/wir-ueber-uns-neu\\\/die-jubilaeen#breadcrumb\",\"itemListElement\":[{\"@type\":\"ListItem\",\"position\":1,\"name\":\"Home\",\"item\":\"https:\\\/\\\/muenster.org\\\/altes-backhaus\\\/\"},{\"@type\":\"ListItem\",\"position\":2,\"name\":\"Wir \u00fcber uns\",\"item\":\"https:\\\/\\\/muenster.org\\\/altes-backhaus\\\/wir-ueber-uns-neu\"},{\"@type\":\"ListItem\",\"position\":3,\"name\":\"Die Jubil\u00e4en\"}]},{\"@type\":\"WebSite\",\"@id\":\"https:\\\/\\\/muenster.org\\\/altes-backhaus\\\/#website\",\"url\":\"https:\\\/\\\/muenster.org\\\/altes-backhaus\\\/\",\"name\":\"Altes Backhaus\",\"description\":\"Die Begegnungs- und Bildungsst\u00e4tte im Kreuzviertel\",\"publisher\":{\"@id\":\"https:\\\/\\\/muenster.org\\\/altes-backhaus\\\/#organization\"},\"potentialAction\":[{\"@type\":\"SearchAction\",\"target\":{\"@type\":\"EntryPoint\",\"urlTemplate\":\"https:\\\/\\\/muenster.org\\\/altes-backhaus\\\/?s={search_term_string}\"},\"query-input\":{\"@type\":\"PropertyValueSpecification\",\"valueRequired\":true,\"valueName\":\"search_term_string\"}}],\"inLanguage\":\"de\"},{\"@type\":\"Organization\",\"@id\":\"https:\\\/\\\/muenster.org\\\/altes-backhaus\\\/#organization\",\"name\":\"Altes Backhaus\",\"url\":\"https:\\\/\\\/muenster.org\\\/altes-backhaus\\\/\",\"logo\":{\"@type\":\"ImageObject\",\"inLanguage\":\"de\",\"@id\":\"https:\\\/\\\/muenster.org\\\/altes-backhaus\\\/#\\\/schema\\\/logo\\\/image\\\/\",\"url\":\"https:\\\/\\\/muenster.org\\\/altes-backhaus\\\/wp-content\\\/uploads\\\/2020\\\/05\\\/cropped-logo.jpg\",\"contentUrl\":\"https:\\\/\\\/muenster.org\\\/altes-backhaus\\\/wp-content\\\/uploads\\\/2020\\\/05\\\/cropped-logo.jpg\",\"width\":287,\"height\":95,\"caption\":\"Altes Backhaus\"},\"image\":{\"@id\":\"https:\\\/\\\/muenster.org\\\/altes-backhaus\\\/#\\\/schema\\\/logo\\\/image\\\/\"}}]}<\/script>\n<!-- \/ Yoast SEO plugin. -->","yoast_head_json":{"title":"Die Jubil\u00e4en - Altes Backhaus","robots":{"index":"index","follow":"follow","max-snippet":"max-snippet:-1","max-image-preview":"max-image-preview:large","max-video-preview":"max-video-preview:-1"},"canonical":"https:\/\/muenster.org\/altes-backhaus\/wir-ueber-uns-neu\/die-jubilaeen","twitter_misc":{"Gesch\u00e4tzte Lesezeit":"2\u00a0Minuten"},"schema":{"@context":"https:\/\/schema.org","@graph":[{"@type":"WebPage","@id":"https:\/\/muenster.org\/altes-backhaus\/wir-ueber-uns-neu\/die-jubilaeen","url":"https:\/\/muenster.org\/altes-backhaus\/wir-ueber-uns-neu\/die-jubilaeen","name":"Die Jubil\u00e4en - Altes Backhaus","isPartOf":{"@id":"https:\/\/muenster.org\/altes-backhaus\/#website"},"primaryImageOfPage":{"@id":"https:\/\/muenster.org\/altes-backhaus\/wir-ueber-uns-neu\/die-jubilaeen#primaryimage"},"image":{"@id":"https:\/\/muenster.org\/altes-backhaus\/wir-ueber-uns-neu\/die-jubilaeen#primaryimage"},"thumbnailUrl":"https:\/\/muenster.org\/altes-backhaus\/wp-content\/uploads\/2023\/04\/30-Jahre-Backhaus-e1682414330567.jpg","datePublished":"2023-04-21T10:28:37+00:00","dateModified":"2023-05-07T07:23:42+00:00","breadcrumb":{"@id":"https:\/\/muenster.org\/altes-backhaus\/wir-ueber-uns-neu\/die-jubilaeen#breadcrumb"},"inLanguage":"de","potentialAction":[{"@type":"ReadAction","target":["https:\/\/muenster.org\/altes-backhaus\/wir-ueber-uns-neu\/die-jubilaeen"]}]},{"@type":"ImageObject","inLanguage":"de","@id":"https:\/\/muenster.org\/altes-backhaus\/wir-ueber-uns-neu\/die-jubilaeen#primaryimage","url":"https:\/\/muenster.org\/altes-backhaus\/wp-content\/uploads\/2023\/04\/30-Jahre-Backhaus-e1682414330567.jpg","contentUrl":"https:\/\/muenster.org\/altes-backhaus\/wp-content\/uploads\/2023\/04\/30-Jahre-Backhaus-e1682414330567.jpg","width":854,"height":682},{"@type":"BreadcrumbList","@id":"https:\/\/muenster.org\/altes-backhaus\/wir-ueber-uns-neu\/die-jubilaeen#breadcrumb","itemListElement":[{"@type":"ListItem","position":1,"name":"Home","item":"https:\/\/muenster.org\/altes-backhaus\/"},{"@type":"ListItem","position":2,"name":"Wir \u00fcber uns","item":"https:\/\/muenster.org\/altes-backhaus\/wir-ueber-uns-neu"},{"@type":"ListItem","position":3,"name":"Die Jubil\u00e4en"}]},{"@type":"WebSite","@id":"https:\/\/muenster.org\/altes-backhaus\/#website","url":"https:\/\/muenster.org\/altes-backhaus\/","name":"Altes Backhaus","description":"Die Begegnungs- und Bildungsst\u00e4tte im Kreuzviertel","publisher":{"@id":"https:\/\/muenster.org\/altes-backhaus\/#organization"},"potentialAction":[{"@type":"SearchAction","target":{"@type":"EntryPoint","urlTemplate":"https:\/\/muenster.org\/altes-backhaus\/?s={search_term_string}"},"query-input":{"@type":"PropertyValueSpecification","valueRequired":true,"valueName":"search_term_string"}}],"inLanguage":"de"},{"@type":"Organization","@id":"https:\/\/muenster.org\/altes-backhaus\/#organization","name":"Altes Backhaus","url":"https:\/\/muenster.org\/altes-backhaus\/","logo":{"@type":"ImageObject","inLanguage":"de","@id":"https:\/\/muenster.org\/altes-backhaus\/#\/schema\/logo\/image\/","url":"https:\/\/muenster.org\/altes-backhaus\/wp-content\/uploads\/2020\/05\/cropped-logo.jpg","contentUrl":"https:\/\/muenster.org\/altes-backhaus\/wp-content\/uploads\/2020\/05\/cropped-logo.jpg","width":287,"height":95,"caption":"Altes Backhaus"},"image":{"@id":"https:\/\/muenster.org\/altes-backhaus\/#\/schema\/logo\/image\/"}}]}},"amp_enabled":true,"rttpg_featured_image_url":{"full":["https:\/\/muenster.org\/altes-backhaus\/wp-content\/uploads\/2023\/04\/30-Jahre-Backhaus-e1682414330567.jpg",854,682,false],"landscape":["https:\/\/muenster.org\/altes-backhaus\/wp-content\/uploads\/2023\/04\/30-Jahre-Backhaus-e1682414330567.jpg",854,682,false],"portraits":["https:\/\/muenster.org\/altes-backhaus\/wp-content\/uploads\/2023\/04\/30-Jahre-Backhaus-e1682414330567.jpg",854,682,false],"thumbnail":["https:\/\/muenster.org\/altes-backhaus\/wp-content\/uploads\/2023\/04\/30-Jahre-Backhaus-e1682414330567-150x150.jpg",150,150,true],"medium":["https:\/\/muenster.org\/altes-backhaus\/wp-content\/uploads\/2023\/04\/30-Jahre-Backhaus-e1682414330567-300x240.jpg",300,240,true],"large":["https:\/\/muenster.org\/altes-backhaus\/wp-content\/uploads\/2023\/04\/30-Jahre-Backhaus-e1682414330567.jpg",854,682,false],"1536x1536":["https:\/\/muenster.org\/altes-backhaus\/wp-content\/uploads\/2023\/04\/30-Jahre-Backhaus-e1682414330567.jpg",854,682,false],"2048x2048":["https:\/\/muenster.org\/altes-backhaus\/wp-content\/uploads\/2023\/04\/30-Jahre-Backhaus-e1682414330567.jpg",854,682,false],"neve-blog":["https:\/\/muenster.org\/altes-backhaus\/wp-content\/uploads\/2023\/04\/30-Jahre-Backhaus-e1682414330567-854x620.jpg",854,620,true]},"rttpg_author":{"display_name":"Ilona Z\u00fchlke","author_link":"https:\/\/muenster.org\/altes-backhaus\/author\/ilona"},"rttpg_comment":0,"rttpg_category":null,"rttpg_excerpt":"30 Jahre Altes Backhaus 2018 feierte das Alte Backhaus sein 30j\u00e4hriges Bestehen. In den zur\u00fcckliegenden Jahrzehnten konnte der Verein nicht nur neue Mitglieder, Mitarbeiter und regelm\u00e4\u00dfige Besucher hinzu gewinnen, vor allem nahm seine Bedeutung \u00fcber die Grenzen des Kreuzviertels hinaus deutlich zu. Das Alte Backhaus ist vor allem deshalb erfolgreich, weil viele Menschen aus unterschiedlichen&hellip;&nbsp;Mehr&hellip;","_links":{"self":[{"href":"https:\/\/muenster.org\/altes-backhaus\/wp-json\/wp\/v2\/pages\/20610","targetHints":{"allow":["GET"]}}],"collection":[{"href":"https:\/\/muenster.org\/altes-backhaus\/wp-json\/wp\/v2\/pages"}],"about":[{"href":"https:\/\/muenster.org\/altes-backhaus\/wp-json\/wp\/v2\/types\/page"}],"author":[{"embeddable":true,"href":"https:\/\/muenster.org\/altes-backhaus\/wp-json\/wp\/v2\/users\/50"}],"replies":[{"embeddable":true,"href":"https:\/\/muenster.org\/altes-backhaus\/wp-json\/wp\/v2\/comments?post=20610"}],"version-history":[{"count":47,"href":"https:\/\/muenster.org\/altes-backhaus\/wp-json\/wp\/v2\/pages\/20610\/revisions"}],"predecessor-version":[{"id":20943,"href":"https:\/\/muenster.org\/altes-backhaus\/wp-json\/wp\/v2\/pages\/20610\/revisions\/20943"}],"up":[{"embeddable":true,"href":"https:\/\/muenster.org\/altes-backhaus\/wp-json\/wp\/v2\/pages\/20174"}],"wp:featuredmedia":[{"embeddable":true,"href":"https:\/\/muenster.org\/altes-backhaus\/wp-json\/wp\/v2\/media\/20640"}],"wp:attachment":[{"href":"https:\/\/muenster.org\/altes-backhaus\/wp-json\/wp\/v2\/media?parent=20610"}],"curies":[{"name":"wp","href":"https:\/\/api.w.org\/{rel}","templated":true}]}}