{"id":24902,"date":"2026-06-09T15:59:19","date_gmt":"2026-06-09T14:59:19","guid":{"rendered":"https:\/\/muenster.org\/altes-backhaus\/?page_id=24902"},"modified":"2026-08-21T06:34:54","modified_gmt":"2026-08-21T05:34:54","slug":"__trashed","status":"publish","type":"page","link":"https:\/\/muenster.org\/altes-backhaus\/__trashed","title":{"rendered":"Termine"},"content":{"rendered":"\t\t<div data-elementor-type=\"wp-page\" data-elementor-id=\"24902\" class=\"elementor elementor-24902\">\n\t\t\t\t\t\t<section class=\"elementor-section elementor-top-section elementor-element elementor-element-1cddffb elementor-section-boxed elementor-section-height-default elementor-section-height-default\" data-id=\"1cddffb\" data-element_type=\"section\" data-e-type=\"section\">\n\t\t\t\t\t\t<div class=\"elementor-container elementor-column-gap-default\">\n\t\t\t\t\t<div class=\"elementor-column elementor-col-100 elementor-top-column elementor-element elementor-element-9552bce\" data-id=\"9552bce\" data-element_type=\"column\" data-e-type=\"column\">\n\t\t\t<div class=\"elementor-widget-wrap elementor-element-populated\">\n\t\t\t\t\t\t<div class=\"elementor-element elementor-element-d23075e elementor-widget elementor-widget-image\" data-id=\"d23075e\" data-element_type=\"widget\" data-e-type=\"widget\" data-widget_type=\"image.default\">\n\t\t\t\t<div class=\"elementor-widget-container\">\n\t\t\t\t\t\t\t\t\t\t\t\t\t\t\t<img decoding=\"async\" width=\"150\" height=\"150\" src=\"https:\/\/muenster.org\/altes-backhaus\/wp-content\/uploads\/2026\/01\/2026-150x150.jpg\" class=\"attachment-thumbnail size-thumbnail wp-image-24699\" alt=\"\" srcset=\"https:\/\/muenster.org\/altes-backhaus\/wp-content\/uploads\/2026\/01\/2026-150x150.jpg 150w, https:\/\/muenster.org\/altes-backhaus\/wp-content\/uploads\/2026\/01\/2026-300x300.jpg 300w, https:\/\/muenster.org\/altes-backhaus\/wp-content\/uploads\/2026\/01\/2026.jpg 504w\" sizes=\"(max-width: 150px) 100vw, 150px\" \/>\t\t\t\t\t\t\t\t\t\t\t\t\t\t\t<\/div>\n\t\t\t\t<\/div>\n\t\t\t\t<div class=\"elementor-element elementor-element-5338f32 elementor-widget elementor-widget-text-editor\" data-id=\"5338f32\" data-element_type=\"widget\" data-e-type=\"widget\" data-widget_type=\"text-editor.default\">\n\t\t\t\t<div class=\"elementor-widget-container\">\n\t\t\t\t\t\t\t\t\t<p class=\"wp-block-paragraph\">Auf dieser Seite finden Sie einen \u00dcberblick der \u00f6ffentlichen Veranstaltungen, die im Alten Backhaus stattfinden. Details wie z.B. Themen der Vortr\u00e4ge beim Donnerstags-Fr\u00fchst\u00fcck oder Anfangszeiten erfahren Sie per Aushang im Alten Backhaus oder auf separaten Seiten auf dieser Website.<\/p><p class=\"wp-block-paragraph\">Bitte beachten Sie, dass f\u00fcr die Donnerstags-Fr\u00fchst\u00fccke und das Med.Caf\u00e9 stets eine vorherige Anmeldung erforderlich ist. Wir informieren Sie gern telefonisch<\/p><p class=\"wp-block-paragraph\">Eine \u00dcbersicht, wann unsere Kurse stattfinden, finden Sie auf dieser Website unter <a href=\"https:\/\/www.altes-backhaus-muenster.de\/wochenplan\">Wochenplan.<\/a><\/p>\t\t\t\t\t\t\t\t<\/div>\n\t\t\t\t<\/div>\n\t\t\t\t\t<\/div>\n\t\t<\/div>\n\t\t\t\t\t<\/div>\n\t\t<\/section>\n\t\t\t\t<section class=\"elementor-section elementor-top-section elementor-element elementor-element-310a84a7 elementor-section-boxed elementor-section-height-default elementor-section-height-default\" data-id=\"310a84a7\" data-element_type=\"section\" data-e-type=\"section\" data-settings=\"{&quot;shape_divider_top&quot;:&quot;clouds&quot;}\">\n\t\t\t\t\t<div class=\"elementor-shape elementor-shape-top\" aria-hidden=\"true\" data-negative=\"false\">\n\t\t\t<svg xmlns=\"http:\/\/www.w3.org\/2000\/svg\" viewBox=\"0 0 283.5 27.8\" preserveAspectRatio=\"xMidYMax slice\">\n  <path class=\"elementor-shape-fill\" d=\"M0 0v6.7c1.9-.8 4.7-1.4 8.5-1 9.5 1.1 11.1 6 11.1 6s2.1-.7 4.3-.2c2.1.5 2.8 2.6 2.8 2.6s.2-.5 1.4-.7c1.2-.2 1.7.2 1.7.2s0-2.1 1.9-2.8c1.9-.7 3.6.7 3.6.7s.7-2.9 3.1-4.1 4.7 0 4.7 0 1.2-.5 2.4 0 1.7 1.4 1.7 1.4h1.4c.7 0 1.2.7 1.2.7s.8-1.8 4-2.2c3.5-.4 5.3 2.4 6.2 4.4.4-.4 1-.7 1.8-.9 2.8-.7 4 .7 4 .7s1.7-5 11.1-6c9.5-1.1 12.3 3.9 12.3 3.9s1.2-4.8 5.7-5.7c4.5-.9 6.8 1.8 6.8 1.8s.6-.6 1.5-.9c.9-.2 1.9-.2 1.9-.2s5.2-6.4 12.6-3.3c7.3 3.1 4.7 9 4.7 9s1.9-.9 4 0 2.8 2.4 2.8 2.4 1.9-1.2 4.5-1.2 4.3 1.2 4.3 1.2.2-1 1.4-1.7 2.1-.7 2.1-.7-.5-3.1 2.1-5.5 5.7-1.4 5.7-1.4 1.5-2.3 4.2-1.1c2.7 1.2 1.7 5.2 1.7 5.2s.3-.1 1.3.5c.5.4.8.8.9 1.1.5-1.4 2.4-5.8 8.4-4 7.1 2.1 3.5 8.9 3.5 8.9s.8-.4 2 0 1.1 1.1 1.1 1.1 1.1-1.1 2.3-1.1 2.1.5 2.1.5 1.9-3.6 6.2-1.2 1.9 6.4 1.9 6.4 2.6-2.4 7.4 0c3.4 1.7 3.9 4.9 3.9 4.9s3.3-6.9 10.4-7.9 11.5 2.6 11.5 2.6.8 0 1.2.2c.4.2.9.9.9.9s4.4-3.1 8.3.2c1.9 1.7 1.5 5 1.5 5s.3-1.1 1.6-1.4c1.3-.3 2.3.2 2.3.2s-.1-1.2.5-1.9 1.9-.9 1.9-.9-4.7-9.3 4.4-13.4c5.6-2.5 9.2.9 9.2.9s5-6.2 15.9-6.2 16.1 8.1 16.1 8.1.7-.2 1.6-.4V0H0z\"\/>\n<\/svg>\n\t\t<\/div>\n\t\t\t\t\t<div class=\"elementor-container elementor-column-gap-default\">\n\t\t\t\t\t<div class=\"elementor-column elementor-col-100 elementor-top-column elementor-element elementor-element-8a1b137\" data-id=\"8a1b137\" data-element_type=\"column\" data-e-type=\"column\">\n\t\t\t<div class=\"elementor-widget-wrap elementor-element-populated\">\n\t\t\t\t\t\t<div class=\"elementor-element elementor-element-0bcc592 elementor-widget elementor-widget-tablepress-table\" data-id=\"0bcc592\" data-element_type=\"widget\" data-e-type=\"widget\" data-widget_type=\"tablepress-table.default\">\n\t\t\t\t\t\n<table id=\"tablepress-4\" class=\"tablepress tablepress-id-4\">\n<thead>\n<tr class=\"row-1\">\n\t<th class=\"column-1\">Datum<\/th><th class=\"column-2\">Ereignis<\/th>\n<\/tr>\n<\/thead>\n<tbody class=\"row-striping row-hover\">\n<tr class=\"row-2\">\n\t<td class=\"column-1\">25. Juli<\/td><td class=\"column-2\">Sommerfest f\u00fcr Mitarbeiter, Mitglieder und Freunde<\/td>\n<\/tr>\n<tr class=\"row-3\">\n\t<td class=\"column-1\">6. August<\/td><td class=\"column-2\">Donnerstags-Fr\u00fchst\u00fcck<\/td>\n<\/tr>\n<tr class=\"row-4\">\n\t<td class=\"column-1\">22.+23. August<\/td><td class=\"column-2\">Das Backhaus zu Gast beim Kreuzviertelfest<\/td>\n<\/tr>\n<tr class=\"row-5\">\n\t<td class=\"column-1\">3. September<\/td><td class=\"column-2\">Donnerstags-Fr\u00fchst\u00fcck<\/td>\n<\/tr>\n<tr class=\"row-6\">\n\t<td class=\"column-1\">9. September<\/td><td class=\"column-2\">Ausflug der Mitarbeiter<\/td>\n<\/tr>\n<tr class=\"row-7\">\n\t<td class=\"column-1\">23. September<\/td><td class=\"column-2\">Med.Caf\u00e9<\/td>\n<\/tr>\n<tr class=\"row-8\">\n\t<td class=\"column-1\">1. Oktober<\/td><td class=\"column-2\">Donnerstags-Fr\u00fchst\u00fcck<\/td>\n<\/tr>\n<tr class=\"row-9\">\n\t<td class=\"column-1\">5. November<\/td><td class=\"column-2\">Donnerstags-Fr\u00fchst\u00fcck<\/td>\n<\/tr>\n<tr class=\"row-10\">\n\t<td class=\"column-1\">8. November<\/td><td class=\"column-2\">Markt der sch\u00f6nen Dinge im Backhaus<\/td>\n<\/tr>\n<tr class=\"row-11\">\n\t<td class=\"column-1\">25. November<\/td><td class=\"column-2\">Med.Caf\u00e9<\/td>\n<\/tr>\n<tr class=\"row-12\">\n\t<td class=\"column-1\">3. Dezember<\/td><td class=\"column-2\">Donnerstags-Fr\u00fchst\u00fcck<\/td>\n<\/tr>\n<tr class=\"row-13\">\n\t<td class=\"column-1\">9. Dezember<\/td><td class=\"column-2\">Adventsfeier f\u00fcr Mitarbeiter und Mitglieder<\/td>\n<\/tr>\n<tr class=\"row-14\">\n\t<td class=\"column-1\">24. Dezember<\/td><td class=\"column-2\">Weihnachtsfeier f\u00fcr Mitarbeiter, Freunde und Nachbarn, die den Heiligen Abend nicht gern allein verbringen m\u00f6chten<\/td>\n<\/tr>\n<tr class=\"row-15\">\n\t<td class=\"column-1\">21. Dezember \u2013 3. Januar 2027<\/td><td class=\"column-2\">Weihnachtsferien, das Backhaus bleibt geschlossen<\/td>\n<\/tr>\n<tr class=\"row-16\">\n\t<td class=\"column-1\"><\/td><td class=\"column-2\"><\/td>\n<\/tr>\n<\/tbody>\n<\/table>\n<!-- #tablepress-4 from cache -->\t\t\t\t<\/div>\n\t\t\t\t\t<\/div>\n\t\t<\/div>\n\t\t\t\t\t<\/div>\n\t\t<\/section>\n\t\t\t\t<\/div>\n\t\t","protected":false},"excerpt":{"rendered":"<p>Auf dieser Seite finden Sie einen \u00dcberblick der \u00f6ffentlichen Veranstaltungen, die im Alten Backhaus stattfinden. Details wie z.B. Themen der Vortr\u00e4ge beim Donnerstags-Fr\u00fchst\u00fcck oder Anfangszeiten erfahren Sie per Aushang im Alten Backhaus oder auf separaten Seiten auf dieser Website. Bitte beachten Sie, dass f\u00fcr die Donnerstags-Fr\u00fchst\u00fccke und das Med.Caf\u00e9 stets eine vorherige Anmeldung erforderlich ist.&hellip;&nbsp;<\/p>\n<div class=\"read-more-wrapper\"><a href=\"https:\/\/muenster.org\/altes-backhaus\/__trashed\" class=\"button button-primary\" rel=\"bookmark\">Mehr lesen &raquo;<span class=\"screen-reader-text\">Termine<\/span><\/a><\/div>\n","protected":false},"author":49,"featured_media":0,"parent":0,"menu_order":0,"comment_status":"closed","ping_status":"closed","template":"","meta":{"neve_meta_sidebar":"","neve_meta_container":"","neve_meta_enable_content_width":"","neve_meta_content_width":0,"neve_meta_title_alignment":"","neve_meta_author_avatar":"","neve_post_elements_order":"","neve_meta_disable_header":"","neve_meta_disable_footer":"","neve_meta_disable_title":"","neve_meta_reading_time":"","cybocfi_hide_featured_image":"","footnotes":""},"class_list":["post-24902","page","type-page","status-publish","hentry"],"yoast_head":"<!-- This site is optimized with the Yoast SEO plugin v28.4 - https:\/\/yoast.com\/product\/yoast-seo-wordpress\/ -->\n<title>Termine - Altes Backhaus<\/title>\n<meta name=\"robots\" content=\"index, follow, max-snippet:-1, max-image-preview:large, max-video-preview:-1\" \/>\n<link rel=\"canonical\" href=\"https:\/\/muenster.org\/altes-backhaus\/__trashed\" \/>\n<meta name=\"twitter:label1\" content=\"Gesch\u00e4tzte Lesezeit\" \/>\n\t<meta name=\"twitter:data1\" content=\"1\u00a0Minute\" \/>\n<script type=\"application\/ld+json\" class=\"yoast-schema-graph\">{\"@context\":\"https:\\\/\\\/schema.org\",\"@graph\":[{\"@type\":\"WebPage\",\"@id\":\"https:\\\/\\\/muenster.org\\\/altes-backhaus\\\/__trashed\",\"url\":\"https:\\\/\\\/muenster.org\\\/altes-backhaus\\\/__trashed\",\"name\":\"Termine - Altes Backhaus\",\"isPartOf\":{\"@id\":\"https:\\\/\\\/muenster.org\\\/altes-backhaus\\\/#website\"},\"primaryImageOfPage\":{\"@id\":\"https:\\\/\\\/muenster.org\\\/altes-backhaus\\\/__trashed#primaryimage\"},\"image\":{\"@id\":\"https:\\\/\\\/muenster.org\\\/altes-backhaus\\\/__trashed#primaryimage\"},\"thumbnailUrl\":\"https:\\\/\\\/muenster.org\\\/altes-backhaus\\\/wp-content\\\/uploads\\\/2026\\\/01\\\/2026-150x150.jpg\",\"datePublished\":\"2026-06-09T14:59:19+00:00\",\"dateModified\":\"2026-08-21T05:34:54+00:00\",\"breadcrumb\":{\"@id\":\"https:\\\/\\\/muenster.org\\\/altes-backhaus\\\/__trashed#breadcrumb\"},\"inLanguage\":\"de\",\"potentialAction\":[{\"@type\":\"ReadAction\",\"target\":[\"https:\\\/\\\/muenster.org\\\/altes-backhaus\\\/__trashed\"]}]},{\"@type\":\"ImageObject\",\"inLanguage\":\"de\",\"@id\":\"https:\\\/\\\/muenster.org\\\/altes-backhaus\\\/__trashed#primaryimage\",\"url\":\"https:\\\/\\\/muenster.org\\\/altes-backhaus\\\/wp-content\\\/uploads\\\/2026\\\/01\\\/2026.jpg\",\"contentUrl\":\"https:\\\/\\\/muenster.org\\\/altes-backhaus\\\/wp-content\\\/uploads\\\/2026\\\/01\\\/2026.jpg\",\"width\":504,\"height\":504},{\"@type\":\"BreadcrumbList\",\"@id\":\"https:\\\/\\\/muenster.org\\\/altes-backhaus\\\/__trashed#breadcrumb\",\"itemListElement\":[{\"@type\":\"ListItem\",\"position\":1,\"name\":\"Home\",\"item\":\"https:\\\/\\\/muenster.org\\\/altes-backhaus\\\/\"},{\"@type\":\"ListItem\",\"position\":2,\"name\":\"Termine\"}]},{\"@type\":\"WebSite\",\"@id\":\"https:\\\/\\\/muenster.org\\\/altes-backhaus\\\/#website\",\"url\":\"https:\\\/\\\/muenster.org\\\/altes-backhaus\\\/\",\"name\":\"Altes Backhaus\",\"description\":\"Die Begegnungs- und Bildungsst\u00e4tte im Kreuzviertel\",\"publisher\":{\"@id\":\"https:\\\/\\\/muenster.org\\\/altes-backhaus\\\/#organization\"},\"potentialAction\":[{\"@type\":\"SearchAction\",\"target\":{\"@type\":\"EntryPoint\",\"urlTemplate\":\"https:\\\/\\\/muenster.org\\\/altes-backhaus\\\/?s={search_term_string}\"},\"query-input\":{\"@type\":\"PropertyValueSpecification\",\"valueRequired\":true,\"valueName\":\"search_term_string\"}}],\"inLanguage\":\"de\"},{\"@type\":\"Organization\",\"@id\":\"https:\\\/\\\/muenster.org\\\/altes-backhaus\\\/#organization\",\"name\":\"Altes Backhaus\",\"url\":\"https:\\\/\\\/muenster.org\\\/altes-backhaus\\\/\",\"logo\":{\"@type\":\"ImageObject\",\"inLanguage\":\"de\",\"@id\":\"https:\\\/\\\/muenster.org\\\/altes-backhaus\\\/#\\\/schema\\\/logo\\\/image\\\/\",\"url\":\"https:\\\/\\\/muenster.org\\\/altes-backhaus\\\/wp-content\\\/uploads\\\/2020\\\/05\\\/cropped-logo.jpg\",\"contentUrl\":\"https:\\\/\\\/muenster.org\\\/altes-backhaus\\\/wp-content\\\/uploads\\\/2020\\\/05\\\/cropped-logo.jpg\",\"width\":287,\"height\":95,\"caption\":\"Altes Backhaus\"},\"image\":{\"@id\":\"https:\\\/\\\/muenster.org\\\/altes-backhaus\\\/#\\\/schema\\\/logo\\\/image\\\/\"}}]}<\/script>\n<!-- \/ Yoast SEO plugin. -->","yoast_head_json":{"title":"Termine - Altes Backhaus","robots":{"index":"index","follow":"follow","max-snippet":"max-snippet:-1","max-image-preview":"max-image-preview:large","max-video-preview":"max-video-preview:-1"},"canonical":"https:\/\/muenster.org\/altes-backhaus\/__trashed","twitter_misc":{"Gesch\u00e4tzte Lesezeit":"1\u00a0Minute"},"schema":{"@context":"https:\/\/schema.org","@graph":[{"@type":"WebPage","@id":"https:\/\/muenster.org\/altes-backhaus\/__trashed","url":"https:\/\/muenster.org\/altes-backhaus\/__trashed","name":"Termine - Altes Backhaus","isPartOf":{"@id":"https:\/\/muenster.org\/altes-backhaus\/#website"},"primaryImageOfPage":{"@id":"https:\/\/muenster.org\/altes-backhaus\/__trashed#primaryimage"},"image":{"@id":"https:\/\/muenster.org\/altes-backhaus\/__trashed#primaryimage"},"thumbnailUrl":"https:\/\/muenster.org\/altes-backhaus\/wp-content\/uploads\/2026\/01\/2026-150x150.jpg","datePublished":"2026-06-09T14:59:19+00:00","dateModified":"2026-08-21T05:34:54+00:00","breadcrumb":{"@id":"https:\/\/muenster.org\/altes-backhaus\/__trashed#breadcrumb"},"inLanguage":"de","potentialAction":[{"@type":"ReadAction","target":["https:\/\/muenster.org\/altes-backhaus\/__trashed"]}]},{"@type":"ImageObject","inLanguage":"de","@id":"https:\/\/muenster.org\/altes-backhaus\/__trashed#primaryimage","url":"https:\/\/muenster.org\/altes-backhaus\/wp-content\/uploads\/2026\/01\/2026.jpg","contentUrl":"https:\/\/muenster.org\/altes-backhaus\/wp-content\/uploads\/2026\/01\/2026.jpg","width":504,"height":504},{"@type":"BreadcrumbList","@id":"https:\/\/muenster.org\/altes-backhaus\/__trashed#breadcrumb","itemListElement":[{"@type":"ListItem","position":1,"name":"Home","item":"https:\/\/muenster.org\/altes-backhaus\/"},{"@type":"ListItem","position":2,"name":"Termine"}]},{"@type":"WebSite","@id":"https:\/\/muenster.org\/altes-backhaus\/#website","url":"https:\/\/muenster.org\/altes-backhaus\/","name":"Altes Backhaus","description":"Die Begegnungs- und Bildungsst\u00e4tte im Kreuzviertel","publisher":{"@id":"https:\/\/muenster.org\/altes-backhaus\/#organization"},"potentialAction":[{"@type":"SearchAction","target":{"@type":"EntryPoint","urlTemplate":"https:\/\/muenster.org\/altes-backhaus\/?s={search_term_string}"},"query-input":{"@type":"PropertyValueSpecification","valueRequired":true,"valueName":"search_term_string"}}],"inLanguage":"de"},{"@type":"Organization","@id":"https:\/\/muenster.org\/altes-backhaus\/#organization","name":"Altes Backhaus","url":"https:\/\/muenster.org\/altes-backhaus\/","logo":{"@type":"ImageObject","inLanguage":"de","@id":"https:\/\/muenster.org\/altes-backhaus\/#\/schema\/logo\/image\/","url":"https:\/\/muenster.org\/altes-backhaus\/wp-content\/uploads\/2020\/05\/cropped-logo.jpg","contentUrl":"https:\/\/muenster.org\/altes-backhaus\/wp-content\/uploads\/2020\/05\/cropped-logo.jpg","width":287,"height":95,"caption":"Altes Backhaus"},"image":{"@id":"https:\/\/muenster.org\/altes-backhaus\/#\/schema\/logo\/image\/"}}]}},"amp_enabled":true,"rttpg_featured_image_url":null,"rttpg_author":{"display_name":"Brigitte Sickmann","author_link":"https:\/\/muenster.org\/altes-backhaus\/author\/brigitte-sickmann"},"rttpg_comment":0,"rttpg_category":null,"rttpg_excerpt":"Auf dieser Seite finden Sie einen \u00dcberblick der \u00f6ffentlichen Veranstaltungen, die im Alten Backhaus stattfinden. Details wie z.B. Themen der Vortr\u00e4ge beim Donnerstags-Fr\u00fchst\u00fcck oder Anfangszeiten erfahren Sie per Aushang im Alten Backhaus oder auf separaten Seiten auf dieser Website. Bitte beachten Sie, dass f\u00fcr die Donnerstags-Fr\u00fchst\u00fccke und das Med.Caf\u00e9 stets eine vorherige Anmeldung erforderlich ist.&hellip;&nbsp;Mehr&hellip;","_links":{"self":[{"href":"https:\/\/muenster.org\/altes-backhaus\/wp-json\/wp\/v2\/pages\/24902","targetHints":{"allow":["GET"]}}],"collection":[{"href":"https:\/\/muenster.org\/altes-backhaus\/wp-json\/wp\/v2\/pages"}],"about":[{"href":"https:\/\/muenster.org\/altes-backhaus\/wp-json\/wp\/v2\/types\/page"}],"author":[{"embeddable":true,"href":"https:\/\/muenster.org\/altes-backhaus\/wp-json\/wp\/v2\/users\/49"}],"replies":[{"embeddable":true,"href":"https:\/\/muenster.org\/altes-backhaus\/wp-json\/wp\/v2\/comments?post=24902"}],"version-history":[{"count":19,"href":"https:\/\/muenster.org\/altes-backhaus\/wp-json\/wp\/v2\/pages\/24902\/revisions"}],"predecessor-version":[{"id":25268,"href":"https:\/\/muenster.org\/altes-backhaus\/wp-json\/wp\/v2\/pages\/24902\/revisions\/25268"}],"wp:attachment":[{"href":"https:\/\/muenster.org\/altes-backhaus\/wp-json\/wp\/v2\/media?parent=24902"}],"curies":[{"name":"wp","href":"https:\/\/api.w.org\/{rel}","templated":true}]}}