{"id":134,"date":"2020-04-01T14:26:09","date_gmt":"2020-04-01T12:26:09","guid":{"rendered":"http:\/\/muenster.org\/overbergschule\/?page_id=134"},"modified":"2025-11-06T15:05:13","modified_gmt":"2025-11-06T14:05:13","slug":"elternseieten","status":"publish","type":"page","link":"https:\/\/muenster.org\/overbergschule\/elternseieten\/","title":{"rendered":"Elternseiten"},"content":{"rendered":"<p>[et_pb_section fb_built=&#8220;1&#8243; admin_label=&#8220;News&#8220; _builder_version=&#8220;4.16&#8243; background_color=&#8220;#e9eff3&#8243; custom_padding=&#8220;54px|0px|54px|0px|false|false&#8220; global_colors_info=&#8220;{}&#8220;][et_pb_row admin_label=&#8220;Title Row&#8220; _builder_version=&#8220;4.16&#8243; global_colors_info=&#8220;{}&#8220;][et_pb_column type=&#8220;4_4&#8243; _builder_version=&#8220;4.16&#8243; custom_padding=&#8220;|||&#8220; global_colors_info=&#8220;{}&#8220; custom_padding__hover=&#8220;|||&#8220;][et_pb_blurb title=&#8220;ELTERNSEITEN&#8220; _builder_version=&#8220;4.16&#8243; header_font=&#8220;Rubik|700||on|||||&#8220; header_text_color=&#8220;#ff7355&#8243; header_font_size=&#8220;20px&#8220; header_letter_spacing=&#8220;5px&#8220; header_line_height=&#8220;1.5em&#8220; text_orientation=&#8220;center&#8220; custom_margin=&#8220;||0px|&#8220; locked=&#8220;off&#8220; global_colors_info=&#8220;{}&#8220;][\/et_pb_blurb][et_pb_text _builder_version=&#8220;4.16&#8243; text_font=&#8220;Rubik|500|||||||&#8220; text_font_size=&#8220;16px&#8220; text_line_height=&#8220;2em&#8220; header_font=&#8220;||||||||&#8220; header_2_font=&#8220;Rubik|700|||||||&#8220; header_2_font_size=&#8220;40px&#8220; header_2_line_height=&#8220;1.4em&#8220; header_5_font=&#8220;Rubik|700||on|||||&#8220; header_5_text_color=&#8220;#2b76df&#8220; header_5_letter_spacing=&#8220;5px&#8220; header_5_line_height=&#8220;1.5em&#8220; text_orientation=&#8220;center&#8220; max_width=&#8220;600px&#8220; module_alignment=&#8220;center&#8220; text_line_height_last_edited=&#8220;off|desktop&#8220; global_colors_info=&#8220;{}&#8220;]<\/p>\n<h2>Informationen f\u00fcr\u00a0 Eltern und Erziehungsberechtigte<\/h2>\n<p style=\"text-align: justify;\">F\u00fcr Sie,\u00a0 liebe Eltern und Erziehungsberechtigte, hier finden Sie allgemeine Informationen zur Schule,\u00a0 sowie schlie\u00dflich auch Hinweise auf\u00a0 Internet- Seiten, um Ihnen das Suchen zu erleichtern und das Finden zu erm\u00f6glichen.<\/p>\n<p>[\/et_pb_text][et_pb_toggle title=&#8220;Stadtteilschule&#8220; _builder_version=&#8220;4.27.4&#8243; body_font=&#8220;Rubik||||||||&#8220; hover_enabled=&#8220;0&#8243; global_colors_info=&#8220;{}&#8220; sticky_enabled=&#8220;0&#8243;]<\/p>\n<p>Die Overbergschule ist eine Stadtteilschule, in der alle Kinder willkommen sind und die als inklusive Grundschule auch Kinder mit Migrationshintergrund ohne ausreichende Deutschkenntnisse oder Kinder mit verschiede\u00adnen Einschr\u00e4nkungen oder Behinderungen begleitet und individuell f\u00f6rdert. Die Overbergschule wird von Kindern unterschiedlicher Konfessionen oder auch ohne Konfession besucht.<\/p>\n<p>Unsere Grundschule liegt im Ost- und Hansaviertel der Stadt und geh\u00f6rte bis Sommer 2025 als katholische Grundschule zum Kirchort Herz-Jesu. Seit dem Schuljahr 2025\/2026 sind wir eine Gemeinschaftsgrundschule. Unsere Grundschule wird seit August 2016 jahrgangs\u00fcbergreifend gef\u00fchrt mit zurzeit 195 Kindern in acht Klassen (jeweils vier jahrgangs\u00fcbergreifende Eingangsklassen 1\/2\u00a0 und vier jahrgangs\u00fcbergreifende Aufbauklassen 3\/4). Schon seit 1989 wird an unserer Schule Betreuung nach dem Unterricht angeboten, seit 2003 als Offene Ganztags\u00adschule (OGT). Mittlerweile besuchen 188 Kinder die Offene Ganztagsbetreuung bis 16:00 bzw. freitags 15:00 und einige Kinder die\u00a0 Bismittagsbetreuung bis 13:30 Uhr.<\/p>\n<p>[\/et_pb_toggle][et_pb_toggle title=&#8220;P\u00e4dagogisches Leitbild&#8220; _builder_version=&#8220;4.16&#8243; body_font=&#8220;Rubik||||||||&#8220; global_colors_info=&#8220;{}&#8220;]<\/p>\n<p>Unsere Schule soll ein Haus des Lebens und Lernens im Stadtviertel sein, in dem sich alle am Schulleben beteiligten Menschen im Unterrichtsvormittag und Betreuungsnachmittag willkommen und wohl f\u00fchlen. Unser Grundschule versteht sich als ein Raum, in dem Sch\u00fclerInnen der verschiedenen Na\u00adtionen, Spra\u00adchen, Hautfarben, Begabungen, Kulturen und Religionen miteinan\u00adder und von\u00adeinander lernen k\u00f6nnen und das Schulleben bereichern. Respektvollen Umgang miteinander und gegenseitige Wertsch\u00e4tzung begreifen wir als Grundlage unserer Arbeit.<\/p>\n<p>Wir wollen mit unserer Erziehung dazu beitragen, dass Ihre Kinder als selbstbewusste, selbstst\u00e4ndige, verantwortliche und soziale Menschen heranwachsen. Dazu geh\u00f6rt im ganzheitlichen Sinne eine Erziehung zu gesunder und verantwortungsvoller Lebensweise: ausgewogene Ern\u00e4hrung, Freude an der Bewegung sowie an musischen und k\u00fcnstlerischen Aktivit\u00e4ten, respektvoller Umgang mit Ressourcen (z.B. Umwelt, Materialien, Zeit), Partizipation (Mit\u00adwir\u00adkung und Teilhabe an Entscheidungsprozessen), Erhaltung und St\u00e4rkung der psychischen und sozialen Gesundheit und Sicherheitserziehung.<\/p>\n<p>Als Grundschule mit Kinder unterschiedlichster Konfessionen und ohne Konfession sind wir\u00a0 auf dem Weg, uns weiterhin als gute gesunde Schule zu entwickeln, in der Erziehungs- und Bildungsqualit\u00e4t gleicherma\u00ad\u00dfen nachhaltig und wirksam gesteigert werden. Dies wollen wir gemeinsam mit unseren Sch\u00fclerInnen, unseren Eltern, dem Schulteam und einem Netzwerk von unterschiedlichen Professionen und Kooperationspartnern erreichen.<\/p>\n<p>[\/et_pb_toggle][et_pb_toggle title=&#8220;Umgang mit Vielfalt&#8220; _builder_version=&#8220;4.16&#8243; body_font=&#8220;Rubik||||||||&#8220; global_colors_info=&#8220;{}&#8220;]<\/p>\n<p>\u00a0Unser Umgang mit Vielfalt<\/p>\n<p>\u00a0An unserer Schule ist jede*r willkommen! &#8211; Jedes Kind, jeder Mensch ist besonders. Gerade durch unsere Verschiedenheiten lebt unsere Grundschule.<\/p>\n<ul>\n<li>Kinder kommen aus vielf\u00e4ltigen Familien (Familientraditionen, -konstellationen).<\/li>\n<li>Kinder haben vielf\u00e4ltige Kulturen (Sprache, Religion, soziale Kultur).<\/li>\n<li>Kinder k\u00f6nnen und wollen Unterschiedliches leisten.<\/li>\n<li>Kinder lernen ihre pers\u00f6nlichen Interessen mit denen der Gemeinschaft abzuw\u00e4gen.<\/li>\n<li>Kinder haben unterschiedliche Unterst\u00fctzungsbedarfe.<\/li>\n<\/ul>\n<p>Wir begegnen der Heterogenit\u00e4t\/Vielfalt mit individualisierten und gemeinschaftsf\u00f6rdernden Strukturen. Die Kinder lernen hier von Beginn an mit anderen umzugehen und sie als Bereicherung zu begreifen sowie sich in ihrer Vielfalt zu respektieren. Gleichzeitig unterst\u00fctzen die Kinder sich gegenseitig und lernen, Hilfe von anderen anzunehmen. In unseren Rolle als P\u00e4dagogInnen der unterschiedlichen Professionen begleiten wir Ihre Kinder in diesen Lernprozessen.<\/p>\n<p>&nbsp;<\/p>\n<p>[\/et_pb_toggle][et_pb_toggle title=&#8220;Jahrgangs\u00fcbergreifendes Lernen (J\u00dcL)&#8220; _builder_version=&#8220;4.16&#8243; body_font=&#8220;Rubik||||||||&#8220; global_colors_info=&#8220;{}&#8220;]<\/p>\n<p>Besondere Vielfalt entsteht durch<strong> jahrgangs\u00fcbergreifendes Lernen.<\/strong> Die Lerngruppen 1\/2 und 3\/4 werden jahrgangsgemischt gef\u00fchrt, als Eingangsklassen und als Aufbauklassen. Sowohl beim Schulanfang als auch beim \u00dcbergang in die Stufe 3\/4 werden die Kinder gest\u00e4rkt, da erfahrene Kinder den neuen Kindern bei der Eingew\u00f6hnung helfen.\u00a0<\/p>\n<p><strong> Jahrgangs\u00fcbergreifendes Lernen<\/strong> bietet allen Kindern gr\u00f6\u00dfere Chancen die Regeln, Rituale und Lerninhalte voneinander zu lernen, denn das verst\u00e4ndliche Erkl\u00e4ren eines Inhalts stellt einen Lernzuwachs besonderer Qualit\u00e4t dar. In der Jahrgangsmischung bieten sich vielf\u00e4ltige M\u00f6glichkeiten, Spiel- und Lernfreunde zu finden: z.B. schnell lernende Kinder finden Partner*innen in den \u00e4lteren Kindern.\u00a0<\/p>\n<p>Unsere Erfahrungen zeigen, dass<\/p>\n<ul>\n<li>die Ver\u00e4nderungen der Sozialstruktur im Lerngruppenverbund den toleranten Umgang miteinander f\u00f6rdert. Jedes Kind erf\u00e4hrt es,\u00a0 `mal zu den j\u00fcngeren und `mal zu den \u00e4lteren Kindern zu\u00a0 geh\u00f6ren.<\/li>\n<li>die Chance der individuellen Verweildauer (langsam lernende Kinder k\u00f6nnen drei Jahre in der Eingangsstufe bleiben, schnell lernende Kinder k\u00f6nnen schon nach einem Jahr in die Lerngruppe 3\/4 wechseln)\u00a0 zu einer Ver\u00e4nderung des Unterrichts f\u00fchrt (Notwendigkeit der inneren Differenzierung!)<\/li>\n<li>Kinder lernen durch den Wechsel aus der Eingangsstufe in die Aufbaustufe zweimal, neu in eine Lerngruppe zu kommen oder andere Kinder neu aufzunehmen. Hier erwerben sie Kompetenzen nicht nur f\u00fcr die weiterf\u00fchrenden Schulen sondern f\u00fcr alle Lebensphasen, in denen wir uns auf neue Gruppen und Verh\u00e4ltnisse einstellen m\u00fcssen.<\/li>\n<li>Kinder lernen schon fr\u00fch einen Blick auf weiterf\u00fchrende Inhalte zu erhalten. Im Sinne eines Spiralcurriculums begegnen sie mehrfach den Unterrichtsinhalten und vertiefen und festigen diese.<\/li>\n<\/ul>\n<p>[\/et_pb_toggle][et_pb_toggle title=&#8220;Lernen und Leisten&#8220; _builder_version=&#8220;4.16&#8243; body_font=&#8220;Rubik||||||||&#8220; global_colors_info=&#8220;{}&#8220;]<\/p>\n<p>\u201eDie Leistungen aller Kinder entwickeln und w\u00fcrdigen\u201c \u2013 so unser p\u00e4dagogischer Anspruch, (wie er seit Jahren vom Grundschulverband formuliert wird (Bd. 118, S.35ff.) Dieses p\u00e4dagogisch-inklusive Leistungsverst\u00e4ndnis l\u00e4sst sich mit vier Aspekten kennzeichnen:<\/p>\n<ul>\n<li>\u00a0Leistungen der Kinder wahrnehmen<\/li>\n<li>Leistungen der Kinder w\u00fcrdigen<\/li>\n<li>Kinder individuell f\u00f6rdern<\/li>\n<li>Lernwege \u00f6ffnen (d.h. der Unterricht versucht sich an den Lernwegen der Kinder zu orientieren)<\/li>\n<\/ul>\n<p>Wir nehmen diesen p\u00e4dagogischen Anspruch an der Overbergschule ernst und wissen um die Unterscheidung und auch um den zurzeit noch nicht aufl\u00f6sbaren Widerspruch (von F\u00f6rder- und Ausleseauftrag) der zwei Funktionen der Leistungsbewertung (auch) im Grundschulbereich:<\/p>\n<ol>\n<li>Die <strong>Entwicklungsfunktion<\/strong> (kontinuierlich) zielt auf die bestm\u00f6gliche Bildungsentwicklung der Kinder, also die Ber\u00fccksichtigung der individuellen Entwicklungsm\u00f6glichkeiten<\/li>\n<li>Die <strong>Steuerungsfunktion<\/strong> (nur zu bestimmten Zeitpunkten) zielt auf die innerschulische und nachschulische Auslese, damit sind Entscheidungen \u00fcber Versetzungen, Nichtversetzungen, \u00fcber Schullaufbahnentscheidungen und Abschluss-Niveaus verbunden.<\/li>\n<\/ol>\n<p>Wichtig ist, dass kein Kind \u201ehinter sich selbst\u201c zur\u00fcckbleibt und am Ende ein jedes so viel geschafft hat, wie man bei optimaler F\u00f6rderung durch die Schule von ihm erwarten durfte. (Bd. 119, S.12,)<\/p>\n<p>Eine inklusive Leistungskultur erfordert die Ber\u00fccksichtigung der individuellen Lernentwicklung des Kindes im Blick auf gemeinsame Ziele und nicht die Orientierung am vermeintlichen Leistungsdurchschnitt (Bd. 150, S. 19)<\/p>\n<p>An der Overbergschule werden seit 2013 kompetenzorientierte Rasterzeugnisse als halbj\u00e4hrliche R\u00fcckmeldung entwickelt und genutzt. In den ersten beiden Schuljahren der Schuleingangsstufe und im ersten Halbjahr des dritten Schuljahres sind diese Rasterzeugnisse notenfrei. Ab dem zweiten Halbjahr des dritten Schuljahres wird das kompetenzorientierte Rasterzeugnis mit Noten kombiniert, ab dem vierten Schuljahr gibt es ausschlie\u00dflich Notenzeugnisse. Im inklusiven Kontext erhalten Kinder im zieldifferenten Lernen von Beginn an Berichtszeugnisse.<\/p>\n<p>(<a href=\"https:\/\/muenster.org\/overbergschule\/wp-content\/uploads\/2023\/10\/Leistungskonzept_2020_12.pdf\" target=\"_blank\" rel=\"noopener noreferrer\">vgl. unser schuleigenes Leistungskonzept<\/a>)<\/p>\n<p>[\/et_pb_toggle][et_pb_toggle title=&#8220; Erziehung gemeinsam &#8220; _builder_version=&#8220;4.16&#8243; body_font=&#8220;Rubik||||||||&#8220; global_colors_info=&#8220;{}&#8220;]<\/p>\n<p style=\"text-align: justify;\">Bildung und Erziehung als gemeinsame Aufgabe von Elternhaus und Schule<\/p>\n<p style=\"text-align: justify;\">Wir gehen von einem Zusammenwirken von Elternhaus und Schule aus. Erziehung ist nicht teilbar, sondern gelingt nur gemeinsam. Daher suchen wir\u00a0 das Gespr\u00e4ch auf\u00a0 Augenh\u00f6he, welches von gegenseitigem Respekt und Offenheit getragen ist. Neben den festen Zeitpunkten (Elternabende, besondere Info-Abende, Sprechtage) k\u00f6nnen bei Bedarf schnell Termine f\u00fcr aktuelle Gespr\u00e4che vereinbart werden.<\/p>\n<p style=\"text-align: justify;\"> Eltern und Schulteam haben schon 2010 gemeinsam \u00fcberlegt, was von Eltern in jedem Fall erwartet werden darf:<br \/> o Ihr Kind kommt regelm\u00e4\u00dfig, p\u00fcnktlich, ausgeschlafen und mit den n\u00f6tigen Materialien zur Schule<br \/> o F\u00fcr ein gesundes Fr\u00fchst\u00fcck ist gesorgt<br \/> o Als Eltern und Erziehungsberechtigte\u00a0 zeigen Sie\u00a0 Interesse an Schule und Lernzeit-\/Hausaufgaben<br \/> o Als Eltern und Erzhiehungsberechtigte akzeptieren Sie die Schulregeln und unterst\u00fctzen deren Einhaltung<br \/> o Als Eltern suchen Sie den Kontakt und Austausch mit den Lehrkr\u00e4ften<br \/> o Die Teilnahme an Elternabenden ist selbstverst\u00e4ndlich<\/p>\n<p style=\"text-align: justify;\">Wir, die Overbergschule (unser Schulteam) erziehen Ihre Kinder zu:<\/p>\n<ul>\n<li style=\"text-align: justify;\">Selbstst\u00e4ndigkeit<\/li>\n<li style=\"text-align: justify;\">Toleranz<\/li>\n<li style=\"text-align: justify;\">Anstrengungsbereitschaft<\/li>\n<li style=\"text-align: justify;\">Ehrlichkeit<\/li>\n<li style=\"text-align: justify;\">H\u00f6flichkeit<\/li>\n<li style=\"text-align: justify;\">R\u00fccksichtsnahme<\/li>\n<li style=\"text-align: justify;\">Hilfsbereitschaft<\/li>\n<\/ul>\n<p>Wir unterst\u00fctzen und begleiten Ihre Kinder im Unterricht bei der Entwicklung der F\u00e4higkeiten durch<\/p>\n<ul>\n<li>sorgf\u00e4ltigen Umgang mit Lernzeit<\/li>\n<li>fachlich fundierte Unterrichtsangebote<\/li>\n<li>differenzierte Unterrichtsinhalte und &#8211; zug\u00e4nge<\/li>\n<\/ul>\n<p>[\/et_pb_toggle][et_pb_toggle title=&#8220;Schutzkonzept der Overbergschule&#8220; _builder_version=&#8220;4.16&#8243; body_font=&#8220;Rubik||||||||&#8220; global_colors_info=&#8220;{}&#8220;]<\/p>\n<p><em>&#8222;Unsere Schule ist ein Ort, an dem die uns anvertrauten Kinder und Jugendlichen sich optimal entwickeln sollen und k\u00f6nnen. Es ist unser Bildungsauftrag, Kinder und Jugendliche vor Gefahren zu sch\u00fctzen und f\u00fcr Ihr Wohlbefinden zu sorgen. Kinderschutz ergibt sich aus dem Erziehungsauftrag der Schule. Dazu sind alle P\u00e4dagogen rechtlich verpflichtet (Schulgesetz NRW, \u00a742 Abs.6). An unserer Schule wird jede Form von Ausgrenzung und Gewalt gegen\u00fcber Sch\u00fclerinnen und Sch\u00fclern geahndet \u2013 auch sexuelle Gewalt. Um diesem Ziel n\u00e4her zu kommen, orientieren wir uns im Schulalltag neben unserer Schulordnung an einem Schutzkonzept zur Pr\u00e4vention und Intervention bei sexueller Gewalt. Unsere Schule soll kein Tatort werden. Wir wollen ein Kompetenzort sein, an dem jeder Hilfe und Unterst\u00fctzung findet.&#8220;<\/em><\/p>\n<p>Das Schulteam der Overbergschule macht sich im aktuellen Schuljahr 2023\/2024 auf den Weg ein <a href=\"https:\/\/www.schulentwicklung.nrw.de\/q\/erziehung-und-praevention\/handlungsfelder\/kinderschutz\/index.html\" target=\"_blank\" rel=\"noopener noreferrer\">schuleigenes Schutzkonzept<\/a> zu entwickeln. Die ersten Fortbildungsmodule gemeinsam mit anderen Grundschulen sind bereits besucht. Nun werden wir in der Steuergruppe das weitere Vorgehen beraten, im Schulteam erste Arbeiten beginnen und schlie\u00dflich mit Kindern und Ihnen als Eltern und Erziehungsberechtigten in einen transparenten Entwicklungsprozess gehen.<\/p>\n<p>Schlie\u00dflich wird unser Schutzkonzept folgende Inhalte enthalten:<\/p>\n<ul>\n<li>Leitbild<\/li>\n<li>Verhaltenskodex f\u00fcr alle an Schule Beteiligten<\/li>\n<li>Risikoanalyse (was und wo ist alles zu beachten?)<\/li>\n<li>Interventionsplan (was tun wenn..)<\/li>\n<li>Ansprechstellen<\/li>\n<li>Hilfen, Definitionen, Formulare<\/li>\n<li>Quellenverzeichnis<\/li>\n<\/ul>\n<p>[\/et_pb_toggle][et_pb_toggle title=&#8220;Schulanmeldung &#8220; _builder_version=&#8220;4.27.0&#8243; body_font=&#8220;Rubik||||||||&#8220; global_colors_info=&#8220;{}&#8220;]<\/p>\n<p><strong>Anfang November<\/strong> findet in M\u00fcnster die Anmeldung der Kinder statt, die im darauffolgenden Jahr eingeschult werden. Regeleinschulungs-Kinder sind alle Kinder, die bis zum 30.09 im Einschulungsjahr 6 Jahre alt werden.<br \/>Die Stadt M\u00fcnster schickt Ihnen als Eltern rechtzeitig vorab alle wichtigen Unterlagen zu, u.a. auch die Termine der Info-Veranstaltungen aller Grundschulen.<br \/>Zum <a href=\"https:\/\/muenster.org\/overbergschule\/wp-content\/uploads\/2021\/10\/Flyer_2021.pdf\" target=\"_blank\" rel=\"noopener noreferrer\" title=\"Raumplan der Schule\"><strong>Kennenlernen unserer Schule<\/strong><\/a> bieten wir im Vorfeld an vgl. im Terminplan:<br \/>o einen Info-Abend \u201eWie lernt mein Kind an der Overbergschule?\u201c sowie<br \/>o den Tag der offenen T\u00fcr<br \/>F\u00fcr die <strong>Anmeldung in der Schulanmeldewoche<\/strong> empfehlen wir vorab einen Termin im Sekretariat auszumachen.<br \/>Zur Schulanmeldung m\u00fcssen mitgebracht werden<br \/>o das Familien-Stammbuch bzw. die Geburtsurkunde<br \/>o der ausgef\u00fcllte und vollst\u00e4ndig unterschriebene Anmeldebogen<br \/>o und nat\u00fcrlich Ihr Kind, welches wir gerne kennen lernen m\u00f6chten<br \/>Anmeldung hei\u00dft noch nicht Aufnahme! &#8211; F\u00fcr jede Grundschule M\u00fcnsters ist genau festgelegt, wie viele Kinder neu angemeldet werden d\u00fcrfen. Die Overbergschule nimmt zweiz\u00fcgig in vier jahrgangsgemischte Klassen auf. Im Falle einer Ablehnung wird mit Hilfe des Schultr\u00e4gers eine andere Schule gesucht.<br \/><strong>Aufnahmeentscheidung<\/strong>: Wegen der Ablehnungen einzelner Schulen in M\u00fcnster d\u00fcrfen wir die offizielle, schriftliche Zusage zumeist erst im Januar\/Februar zusenden.<\/p>\n<p><strong>Schulbesuchstag<\/strong><br \/>o Ende Mai\/Anfang Juni laden wir Ihr Kind zu einem Schulbesuchstag in seiner zuk\u00fcnftigen Eingangsklasse ein.<br \/><strong>Der erste Elternabend<\/strong><br \/>o Etwa im Juni findet ein erster Elternabend f\u00fcr Sie als Eltern der neuen Schulanf\u00e4ngerInnen statt. Eine Einladung wird rechtzeitig verschickt.<\/p>\n<p><strong>Sommerferien:<\/strong> Kinder erhalten einen Brief der Klassenlehrerin<br \/><strong>Einschulungstag ist immer der zweite Tag nach Schulbeginn, vgl. je aktuell auf dem Terminplaner<br \/><\/strong><\/p>\n<p>[\/et_pb_toggle][et_pb_toggle title=&#8220;Schulgeb\u00e4ude und Gel\u00e4nde&#8220; _builder_version=&#8220;4.27.0&#8243; body_font=&#8220;Rubik||||||||&#8220; global_colors_info=&#8220;{}&#8220;]<\/p>\n<p><strong>Aktuell<\/strong>:<\/p>\n<p>Wir sind gut aufgestellt in unserem alten und modernen Geb\u00e4ude. Hier k\u00f6nnen Sie die <a href=\"https:\/\/muenster.org\/overbergschule\/wp-content\/uploads\/2021\/10\/Flyer_2021.pdf\" target=\"_blank\" rel=\"noopener noreferrer\">Raumpl\u00e4ne unserer Schule<\/a> einsehen.<\/p>\n<p>Das ist unsere Grundschule:<\/p>\n<ul>\n<li>acht Klassenr\u00e4ume und 7 Gruppenr\u00e4ume,<\/li>\n<li>ein Musik- und Bewegungsraum, ein Werkraum und ein Spielekeller<\/li>\n<li>eine gro\u00dfe Turnhalle<\/li>\n<li>ein Schulgarten<\/li>\n<li>unser <a href=\"https:\/\/dein360gradrundgang.de\/2024\/overbergschule-munster\" target=\"_blank\" rel=\"noopener\">Schulgel\u00e4nde<\/a> mit gutem Baumbestand und vielen Spielm\u00f6glichkeiten<\/li>\n<li>seit dem Fr\u00fchjahr 2022 gibt es <a href=\"https:\/\/muenster.org\/overbergschule\/wp-content\/uploads\/2021\/10\/Entwurf-Overbergschule-Sanierung-2021.pdf\" target=\"_blank\" rel=\"noopener noreferrer\">ein frisches Schulgel\u00e4nde<\/a><\/li>\n<\/ul>\n<p><strong>Und fr\u00fcher?<\/strong> &#8211; Die Overbergschule gibt es schon seit 1890. Sie wurde gemeinsam damal mit der\u00a0 Herz-Jesu-Kirche gebaut. Im 2. Weltkrieg wurde das damalige Geb\u00e4ude stark besch\u00e4digt, so dass es 1954 zu einem Neubau kam, damals ganz modern, mit gro\u00dfer Wendeltreppe (heute unter Denkmalschutz) und hohen Glasfl\u00e4chen, Klassenr\u00e4umen im Souterrain und versetzten Ebenen im Geb\u00e4ude.<strong><br \/><\/strong><\/p>\n<p>[\/et_pb_toggle][et_pb_toggle title=&#8220;Unterrichtszeiten&#8220; _builder_version=&#8220;4.27.4&#8243; body_font=&#8220;Rubik||||||||&#8220; global_colors_info=&#8220;{}&#8220;]<\/p>\n<p><strong>Zeitlicher Ablauf eines Unterrichtstages<\/strong><\/p>\n<p>&nbsp;<\/p>\n<p>(ab 7:00 Uhr Fr\u00fchbetreuung m\u00f6glich)<\/p>\n<p><strong>07:55 &#8211; 08:00<\/strong> Unterrichtsbeginn<\/p>\n<p><strong>08.00 &#8211; 08:10<\/strong> Offener Anfang (klassenintern)<\/p>\n<p><strong>08:10 &#8211; 08:50<\/strong> erste Stunde<\/p>\n<p><strong>08:50 &#8211; 09:35<\/strong> zweite Stunde (in der Regel als p\u00e4dagogische Einheit mit der ersten Stunde)<\/p>\n<p style=\"padding-left: 60px;\"><strong>09:35 &#8211; 09:55<\/strong> Pause auf dem Schulgel\u00e4nde<\/p>\n<p style=\"padding-left: 60px;\"><strong>09:55 &#8211; 10:05<\/strong> Fr\u00fchst\u00fcckspause in den Klassen<\/p>\n<p><strong>10:05 &#8211; 10:50<\/strong> dritte Stunde<\/p>\n<p><strong>10:50 &#8211; 11:35<\/strong> vierte Stunde<\/p>\n<p style=\"padding-left: 60px;\"><strong>11:35 &#8211; 11:50<\/strong> Pause auf dem Schulgel\u00e4nde<\/p>\n<p><strong>11:50 &#8211; 12:35<\/strong> f\u00fcnfte Stunde<\/p>\n<p><strong>12:35 &#8211; 13:15<\/strong> sechste Stunde<\/p>\n<p>Ab dem Ende der zweiten Pause &#8222;\u00fcbernimmt&#8220; das <a href=\"https:\/\/muenster.org\/overbergschule\/ganztag\/\" target=\"_blank\" rel=\"noopener noreferrer\">Team des Offenen Ganztags<\/a>, je nach Stundenplan Ihres Kindes.<\/p>\n<p>&nbsp;<\/p>\n<p>&nbsp;<\/p>\n<p>[\/et_pb_toggle][et_pb_toggle title=&#8220;Mitwirkung\/Elternvertretung &#8220; _builder_version=&#8220;4.16&#8243; body_font=&#8220;Rubik||||||||&#8220; global_colors_info=&#8220;{}&#8220;]<\/p>\n<p>F\u00fcr die Mitwirkung gibt es diese gesetztlich vorgeschriebenen Gremien:<\/p>\n<p><strong>Klassenpflegschaft: <\/strong><em>Die Klassenpflegschaft ist die Versammlung aller Eltern einer Klasse. Sie tagt in der Regel zweimal im Jahr, zum Beginn des Schuljahres bzw. des zweiten Halbjahres. Die Eltern w\u00e4hlen eine(n) Klassenpflegschaftsvorsitzende(n) sowie eine(n) VertreterIn. <\/em><em>F\u00fcr Elternangelegenheiten ist die\/der Vorsitzende erster Ansprechpartner f\u00fcr die Eltern der Klasse sowie die Klassenleitung und u.a. f\u00fcr die Organisation der Elternmitarbeit zust\u00e4ndig. <\/em><em>Gleichzeitig sind die beiden gew\u00e4hlten VertreterInnen der Klasse mit ihrer Wahl auch Mitglieder der sog. &#8222;Schulpflegschaft&#8220;.<\/em><\/p>\n<p><strong>Schulpflegschaft:<\/strong> <em>Die Schulpflegschaft ist das oberste Elterngremium in der Schule. Sie findet zweimal im Jahr statt. Hier sollen die Interessen aller Erziehungsberechtigten bez\u00fcglich der Bildungs- und Erziehungsarbeit an der Schule vertreten werden.<\/em><br \/> <em> F\u00fcr die Schulleitung wiederum ist die Schulpflegschaft ein Gremium, um ihre Informationen \u00fcber die Schulpflegschaftsmitglieder an die Elternschaft weiterzugeben.<\/em><\/p>\n<p><strong>Schulkonferenz:<\/strong> <em>Die Schulkonferenz ist das oberste gemeinsame Mitwirkungsorgan der Lehrkr\u00e4fte und der ElternvertreterInnen an unserer Schule. Alle Entscheidungen, die f\u00fcr die Schule wichtig sind, werden in der Schulkonferenz getroffen. Die Schulkonferenz hat 6 Mitglieder, 3 aus der Lehrerschaft und 3 Erziehungsberechtigte, und sie tagt zweimal im Jahr.<\/em><\/p>\n<p><em><\/em><\/p>\n<p>Offizielle Informationen zur Elternmitwirkung finden sich auf der <a href=\"https:\/\/www.schulministerium.nrw.de\/\" target=\"_blank\" rel=\"noopener noreferrer\">Homepage des Schulminsteriums NRW<\/a><\/p>\n<p>Dort findet sich auch die <a href=\"https:\/\/www.schulministerium.nrw\/system\/files\/media\/document\/file\/ABC%20der%20Elternmitwirkung%20Stand%2019.10.2019.pdf\" target=\"_blank\" rel=\"noopener noreferrer\">Brosch\u00fcre &#8222;Das ABC der Elternmitwirkung&#8220;<\/a> sowie weitere Hinweise, Berichte und Tipps.<\/p>\n<p>&nbsp;<\/p>\n<p>Schulintern w\u00e4hlt jede Klasse zwei <strong>KlassensprecherInnen<\/strong>. Beide bilden gemeinsam den sogenannten <strong>Sch\u00fclerrat<\/strong>. Monatlich trifft sich der sogenannte Sch\u00fclerrat um Anliegen der Sch\u00fclerinnen und Sch\u00fcler mit der Schulleitung zu beraten! &#8211; Das Protokoll des Sch\u00fclerrat liegt jeweils allen Klassen vor.<\/p>\n<p>[\/et_pb_toggle][et_pb_toggle title=&#8220;Krankheiten\/Unf\u00e4lle &#8220; _builder_version=&#8220;4.27.4&#8243; body_font=&#8220;Rubik||||||||&#8220; hover_enabled=&#8220;0&#8243; global_colors_info=&#8220;{}&#8220; sticky_enabled=&#8220;0&#8243;]<\/p>\n<p style=\"text-align: justify;\"><strong>Was mache ich, wenn mein Kind krank ist oder einen Unfall auf dem Schulweg hatte? Dazu finden Sie hier wichtige Hinweise. Bitte fragen Sie im Zweifel immer im Sekretariat nach oder sagen dort Bescheid, und wenn das Sekretariat nicht besetzt ist, dann sprechen Sie auf den Anrufbeantworter.<\/strong><\/p>\n<p style=\"text-align: justify;\"><strong>Krankmeldungen<\/strong> bitte bis 8:00 dem Sekretariat mitteilen- pers\u00f6nlich, \u00fcber Dritte oder telefonisch! &#8211; Sie k\u00f6nnen auch auf dem Antwortbeantworter eine Nachricht hinterlassen &#8211; Tel.: 0251 9862-3440<\/p>\n<p style=\"text-align: justify;\"><strong>L\u00e4use<\/strong> &#8211; L\u00e4use sind unangenehm, aber nichts Au\u00dfergew\u00f6hnliches in Einrichtungen mit vielen Kindern. Wenn L\u00e4use bei Ihrem Kind entdeckt werden:<\/p>\n<p style=\"text-align: justify; padding-left: 30px;\">1. Meldung im Sekretariat &#8211; Telefon: 0251 9862-3440<\/p>\n<p style=\"text-align: justify; padding-left: 30px;\">2. Passendes Mittel aus der Apotheke richtig anwenden!<\/p>\n<p style=\"text-align: justify; padding-left: 30px;\">3. Kind darf danach wieder direkt in die Schule!<\/p>\n<p style=\"text-align: justify; padding-left: 30px;\">4. Wichtig: die vorgeschriebene Wiederholung der Mittel-Anwendung nicht vergessen!<\/p>\n<p style=\"text-align: justify;\">Nach einer L\u00e4usemeldung geben wir allen Kindern der Klasse einen Info-Zettel mit, damit dann zu Hause die Haare nach L\u00e4usehinweisen abgesucht werden k\u00f6nnen.<\/p>\n<p style=\"text-align: justify;\"><strong>\u00c4rztliches Attes<\/strong>t: Im Krankheitsfall m\u00fcssen Atteste nat\u00fcrlich nicht jedes Mal vorgelegt werden. Bestehen allerdings begr\u00fcndete Zweifel hinsichtlich der gesundheitlichen Gr\u00fcnde, kann die Schule von den Eltern ein \u00e4rztliches Attest, in besonderen F\u00e4llen sogar ein schul\u00e4rztliches oder amts\u00e4rztliches Gutachten verlangen (Schulgesetz \u00a7 43). Die Schulen entscheiden in eigener Verantwortung, ob die Eltern ein Attest vorlegen m\u00fcssen. Bei uns verlangen wir ein Attest bei Krankmeldungen unmittelbar vor oder nach den Ferien.<\/p>\n<p style=\"text-align: justify;\">Um <strong>Unf\u00e4lle w\u00e4hrend der Schulzeit<\/strong> zu vermeiden besprechen wir immer wieder mit den Kindern die Sicherheits- und Verhaltensregeln.<\/p>\n<p style=\"text-align: justify;\"><strong>Unfallmeldung: <\/strong>Jedes Schulkind ist unfallversichert: auf dem direkten Schulweg sowie w\u00e4hrend der gesamten Schulzeit. Hatte Ihr Kind also in diesen Zeiten einen Unfall und wird dann \u00e4rztlich behandelt, m\u00fcssen wir eine Unfallmeldung schreiben. Bitte nehmen Sie dann R\u00fccksprache mit dem Sekretariat auf.<\/p>\n<p style=\"text-align: justify;\">Im <strong>Sportunterricht m\u00fcssen wir zus\u00e4tzliche Vorsichtsma\u00dfnahmen beachten<\/strong>:<\/p>\n<ul>\n<li style=\"text-align: justify;\"><strong>Haare<\/strong> m\u00fcssen zusammengebunden werden. Geben Sie also ihrem Kind ggf. ein Haargummi mit!<\/li>\n<li style=\"text-align: justify;\"><strong>Brillen<\/strong> &#8211; Kinder, die beim Sporttreiben eine Brille ben\u00f6tigen, m\u00fcssen Kontaktlinsen oder eine sporttaugliche Brille tragen. Die Brille muss aus einem flexiblen Gestell und Kunststoffgl\u00e4sern bestehen und ist gegen Herunterfallen zu sichern. &#8211; Verf\u00fcgen Kinder nicht \u00fcber eine geeignete Brille, m\u00fcssen die Lehrkr\u00e4fte die sportpraktische T\u00e4tigkeit entsprechend einschr\u00e4nken.<\/li>\n<li style=\"text-align: justify;\"><strong>Uhren + Schmuck<\/strong> m\u00fcssen generell abgelegt werden\u00a0 &#8211; also vor dem Sportunterricht. Dazu z\u00e4hlen auch sog. \u201aFreundschaftsb\u00e4nder\u2018. F\u00fcr Ohrstecker gilt eine Ausnahme nur dann,<br \/>&#8211; wenn diese vor dem Schulbeginn am Morgen mit Pflaster\/Tape abgeklebt wurden und<br \/>&#8211; wenn keine Inhalte mit engem K\u00f6rperkontakt auf dem Programm stehen (z.B. Ringen + K\u00e4mpfen; Akrobatik).<br \/>Die Kinder k\u00f6nnen den abgelegten Schmuck, Brillen etc. an einen sicheren Ort legen (z.B. Etui in der Klasse, Tisch in der Lehrerumkleide, Lehrerspind in der Schwimmhalle). Sie sind aber auch f\u00fcr die eigenst\u00e4ndige Abholung zust\u00e4ndig. Eine Haftung kann generell nicht \u00fcbernommen werden.<br \/>Die Lehrkr\u00e4fte sind von mir angewiesen, keine Ohrringe etc. nach dem Sport wieder anzustecken.<\/li>\n<\/ul>\n<p>[\/et_pb_toggle][et_pb_toggle title=&#8220;Schulmaterialien&#8220; _builder_version=&#8220;4.16&#8243; body_font=&#8220;Rubik||||||||&#8220; global_colors_info=&#8220;{}&#8220;]<\/p>\n<p>Zum Ende des Schuljahres erhalten unsere Schulkinder Material-Listen f\u00fcr das kommende Schuljahr. Die verraten, welche Materialien im kommenden Schuljahr wichtig sind. Alle \u00fcberz\u00e4hligen Hefte sammelt die KlassenlehrerIn ein und verwahrt sie in der Klasse.<\/p>\n<p>Wichtig:<\/p>\n<p>Erst einmal werden alle \u201aalten\u2018 Materialien aufgebraucht!<br \/> Neue Materialien immer mit Namen versehen!<\/p>\n<p>[\/et_pb_toggle][et_pb_toggle title=&#8220;Ferienbetreuung&#8220; _builder_version=&#8220;4.16&#8243; body_font=&#8220;Rubik||||||||&#8220; global_colors_info=&#8220;{}&#8220;]<\/p>\n<p>Die Stadt M\u00fcnster bietet gemeinsam mit den Tr\u00e4gern der freien Jugendhilfe OGS-Ferienangebote in den Oster-, Sommer- und Herbstferien an. Wenn Sie Ihr Kind f\u00fcr die Offene Ganztagsschule (OGS) angemeldet haben und einen g\u00fcltigen OGS-Vertrag haben, kann Ihr Kind an diesen OGS-Ferienangeboten teilnehmen. <\/p>\n<p>Das jeweilige Angebot der Schule k\u00f6nnen Sie <a href=\"https:\/\/www.unser-ferienprogramm.de\/muenster\/index.php\" target=\"_blank\" rel=\"noopener noreferrer\">auf der Onlineplattform<\/a> einsehen und im jeweils angegebenen Zeitraum buchen. Bitte beachten Sie, dass Sie nur das Angebot der Schule Ihres Kindes buchen k\u00f6nnen, bitte achten Sie auf entsprechende Hinweise und Aush\u00e4nge in der Schule!).<\/p>\n<p>[\/et_pb_toggle][et_pb_toggle title=&#8220;Internet-Seiten\/Internet-Nutzung&#8220; _builder_version=&#8220;4.16&#8243; body_font=&#8220;Rubik||||||||&#8220; global_colors_info=&#8220;{}&#8220;]<\/p>\n<p><a href=\"https:\/\/muenster.org\/overbergschule\/wp-content\/uploads\/2021\/10\/Informationen.Internet.pdf\" target=\"_blank\" rel=\"noopener noreferrer\" title=\"Internet-Nutzung\">Informationen zur Internet-Nutzung<\/a> an der Grundschule: Der Schultr\u00e4ger informiert \u00fcber die Nutzung des Internets an st\u00e4dtischen Grundschulen und gibt Handlungsempfehlungen dazu.<\/p>\n<p><a href=\"http:\/\/www.surfen-ohne-risiko.net\/\">Surfen ohne Risiko<\/a>\u00a0 ist ein Angebot des Bundesinnenministeriums f\u00fcr Familie, Senioren, Frauen und Jugend und gibt grundlegende Hinweise zu &#8222;Surfen&#8220;, &#8222;Chatten&#8220; und &#8222;Spiele&#8220; in der Familie. Gemeinsam k\u00f6nnen hier auch Netzregeln aufgestellt oder ein Familienquiz gespielt werden.<\/p>\n<p><a href=\"http:\/\/www.fragfinn.de\" target=\"_blank\" rel=\"noopener noreferrer\">fragFinn <\/a>ist nicht nur eine tolle Kindersuchmaschine, sondern bietet auch einen Bereich f\u00fcr P\u00e4dagogInnen, der angef\u00fcllt ist mit hilfreichen Links, Hintergrundinformationen zur Funktionsweisen und vielf\u00e4ltigen Materialvorschl\u00e4gen.<\/p>\n<p>Das <a href=\"http:\/\/www.muenster.de\/buergernetz.html\">B\u00fcrgernetz der Stadt M\u00fcnster<\/a>.<\/p>\n<p><a href=\"http:\/\/nimas.org\/\">NIMAs.<\/a> Verein zur Ausbildungsf\u00f6rderung, insbesondere f\u00fcr Kinder und Jugendliche aus wirtschaftlich schwachen Familien, f\u00fcr Kinder aus Familien mit Migrationshintergrund sowie f\u00fcr Kinder und Jugendliche aus Fl\u00fcchtlingsfamilien.<\/p>\n<p><a href=\"http:\/\/www.sicher-durch-muenster.de\/\">Verkehrspr\u00e4ventionstipps f\u00fcr M\u00fcnster<\/a><\/p>\n<p>Das <a href=\"https:\/\/www.schulministerium.nrw\/\" target=\"_blank\" rel=\"noopener noreferrer\">Bildungsportal vom Schulministerium in NRW<\/a>. Hier finden Sie eine Vielzahl von Informationen rund um unser Schulsystem, einschlie\u00dflich der weiterf\u00fchrenden Schulen, der aktuellen Diskussionen rund um Inklusion und Gemeinschaftsschule sowie Fragen der Erziehung etc.. Die umfangreiche Seite h\u00e4lt viele downloads zu interessanten Themen bereit und bietet dar\u00fcber hinaus wichtige Links zu weiteren Informationsquellen an.<\/p>\n<p><a href=\"http:\/\/www.sankt-mauritz.com\/herz-jesu\"><\/a><a href=\"https:\/\/www.sankt-mauritz.com\/pfarrei\/kirchen-kapellen-friedhoefe\/herz-jesu-kirche\" target=\"_blank\" rel=\"noopener noreferrer\">Homepage der Pfarrei Mauritz\/Kirchort Herz Jesu.<\/a> Auf der Homepage unserer \u00a0 Pfarrgemeinde finden Sie eine Vielzahl von Hinweisen u.a. auch zum Gemeindeleben.<\/p>\n<p><a href=\"http:\/\/www.lieder-archiv.de\/\">Alojado-Lieder-Archiv<\/a>. Mit diesem Liederarchiv kann eigentlich nichts mehr schief gehen. \u00a0 Einfach aufrufen, sein Lied suchen und gleich mit Singen beginnen.<\/p>\n<p><a href=\"http:\/\/www.ganztagsschulen.org\/\">Ganztagsschulen<\/a>. Die Startseite des Ministeriums f\u00fcr Bildung und Forschung. Hier k\u00f6nnen \u00a0 Sie sich bei der Entwicklung und dem Diskussionsstand der Ganztagsschulen in NRW und in Deutschland auf dem neuesten Stand halten, auch f\u00fcr die weiterf\u00fchrenden Schulen.<\/p>\n<p>Die Internetpr\u00e4senz der <a href=\"http:\/\/www.rechtschreibwerkstatt.de\/\">Rechtschreibwerkstatt<\/a>. Hier k\u00f6nnen Sie sich \u00fcber die Inhalte der Rechtschreibwerkstatt informieren, die auch an unserer Schule verwendet werden.<\/p>\n<p>Ein <a href=\"http:\/\/pikas.dzlm.de\/\">Elternratgeber f\u00fcr Mathematik<\/a>, angeboten auf der homepage des PIK AS Projektes der Universit\u00e4t Dortmund. Ein Kooperationsprojekt zur Weiterentwicklung desMathematikunterrichtes an der Primarstufe.<\/p>\n<p><a href=\"http:\/\/www.inihochbegabtems.de\/\">Hochbegabte Kinder und Jugendliche in M\u00fcnster.<\/a><\/p>\n<p><a href=\"http:\/\/www.bug-nrw.de\/\">Landesprogramm Bildung und Gesundheit.<\/a> Die Overberggrundschule ist seit 2013 aktives Mitglied. Das Landesprogramm unterst\u00fctzt Schulen bei ihrem Vorhaben, sich zu guten gesunden Schulen zu entwickeln.<\/p>\n<p>[\/et_pb_toggle][\/et_pb_column][\/et_pb_row][\/et_pb_section][et_pb_section fb_built=&#8220;1&#8243; background_color_gradient_stops_1=&#8220;#2b87da 0%|#c7cbd4 100%&#8220; background_color_gradient_end_1=&#8220;#c7cbd4&#8243; admin_label=&#8220;Principle Quote&#8220; _builder_version=&#8220;4.16&#8243; custom_padding=&#8220;0|0px|0|0px|false|false&#8220; locked=&#8220;off&#8220; global_colors_info=&#8220;{}&#8220;][et_pb_row _builder_version=&#8220;4.16&#8243; global_colors_info=&#8220;{}&#8220;][et_pb_column type=&#8220;4_4&#8243; _builder_version=&#8220;4.16&#8243; global_colors_info=&#8220;{}&#8220;][\/et_pb_column][\/et_pb_row][\/et_pb_section][et_pb_section fb_built=&#8220;1&#8243; admin_label=&#8220;Facilities&#8220; _builder_version=&#8220;4.16&#8243; use_background_color_gradient=&#8220;on&#8220; background_color_gradient_stops=&#8220;rgba(233,239,243,0) 0%|#e9eff3 100%&#8220; background_color_gradient_start=&#8220;rgba(233,239,243,0)&#8220; background_color_gradient_end=&#8220;#e9eff3&#8243; background_enable_image=&#8220;off&#8220; parallax=&#8220;on&#8220; custom_padding=&#8220;54px|0px|100px|0px|false|false&#8220; global_colors_info=&#8220;{}&#8220;][et_pb_row column_structure=&#8220;1_2,1_2&#8243; admin_label=&#8220;Facilities Row&#8220; _builder_version=&#8220;4.16&#8243; global_colors_info=&#8220;{}&#8220;][et_pb_column type=&#8220;1_2&#8243; _builder_version=&#8220;4.16&#8243; custom_padding=&#8220;|||&#8220; global_colors_info=&#8220;{}&#8220; custom_padding__hover=&#8220;|||&#8220;][et_pb_text _builder_version=&#8220;4.16&#8243; _dynamic_attributes=&#8220;link_option_url&#8220; text_font=&#8220;Rubik|500|||||||&#8220; text_font_size=&#8220;16px&#8220; text_line_height=&#8220;2em&#8220; header_font=&#8220;||||||||&#8220; header_2_font=&#8220;Rubik|700|||||||&#8220; header_2_font_size=&#8220;40px&#8220; header_2_line_height=&#8220;1.4em&#8220; header_5_font=&#8220;Rubik|700||on|||||&#8220; header_5_text_color=&#8220;#ff7355&#8243; header_5_letter_spacing=&#8220;5px&#8220; header_5_line_height=&#8220;1.5em&#8220; max_width=&#8220;700px&#8220; module_alignment=&#8220;center&#8220; custom_margin=&#8220;|||&#8220; custom_margin_tablet=&#8220;0px|||&#8220; custom_margin_last_edited=&#8220;off|desktop&#8220; link_option_url=&#8220;@ET-DC@eyJkeW5hbWljIjp0cnVlLCJjb250ZW50IjoicG9zdF9saW5rX3VybF9hdHRhY2htZW50Iiwic2V0dGluZ3MiOnsicG9zdF9pZCI6IjI4NTYifX0=@&#8220; text_line_height_last_edited=&#8220;off|desktop&#8220; header_2_font_size_tablet=&#8220;&#8220; header_2_font_size_phone=&#8220;30px&#8220; header_2_font_size_last_edited=&#8220;on|phone&#8220; global_colors_info=&#8220;{}&#8220;]<\/p>\n<h5>Elternengargement<\/h5>\n<h2>Unser F\u00f6rderverein<\/h2>\n<p style=\"text-align: justify;\">Ohne einen F\u00f6rderverein und seine aktiven und passiven Unterst\u00fctzerInnen (Eltern und Freunde der Schule) ist vieles in Schule heute nicht mehr m\u00f6glich.<br \/> F\u00fcr Fragen, Anregungen, W\u00fcnsche oder Kritik steht Ihnen der F\u00f6rderverein unter folgender Anschrift zur Verf\u00fcgung:<\/p>\n<p style=\"text-align: justify;\">F\u00f6rderverein der Overbergschule M\u00fcnster e. V.<br \/> Margareten Str. 6<br \/> 48145 M\u00fcnster<br \/> E-Mail: <a href=\"mailto:foerderverein.ovs@gmx.de\" target=\"_blank\" rel=\"noopener noreferrer\">foerderverein.ovs@gmx.de<\/a><\/p>\n<p>[\/et_pb_text][et_pb_button button_url=&#8220;@ET-DC@eyJkeW5hbWljIjp0cnVlLCJjb250ZW50IjoicG9zdF9saW5rX3VybF9hdHRhY2htZW50Iiwic2V0dGluZ3MiOnsicG9zdF9pZCI6IjI4NTkifX0=@&#8220; button_text=&#8220;Flyer&#8220; _builder_version=&#8220;4.16&#8243; _dynamic_attributes=&#8220;button_url&#8220; global_colors_info=&#8220;{}&#8220;][\/et_pb_button][et_pb_button button_url=&#8220;@ET-DC@eyJkeW5hbWljIjp0cnVlLCJjb250ZW50IjoicG9zdF9saW5rX3VybF9hdHRhY2htZW50Iiwic2V0dGluZ3MiOnsicG9zdF9pZCI6IjI4NTYifX0=@&#8220; button_text=&#8220;Antrag auf Mitgliedschaft&#8220; _builder_version=&#8220;4.16&#8243; _dynamic_attributes=&#8220;button_url&#8220; global_colors_info=&#8220;{}&#8220;][\/et_pb_button][\/et_pb_column][et_pb_column type=&#8220;1_2&#8243; _builder_version=&#8220;4.16&#8243; custom_padding=&#8220;30px|||&#8220; global_colors_info=&#8220;{}&#8220; custom_padding__hover=&#8220;|||&#8220;][et_pb_accordion open_toggle_background_color=&#8220;#ff7355&#8243; admin_label=&#8220;Facilities Accordion&#8220; _builder_version=&#8220;4.16&#8243; toggle_font=&#8220;Rubik|700|||||||&#8220; toggle_line_height=&#8220;1.4em&#8220; body_font=&#8220;|500|||||||&#8220; body_text_color=&#8220;#ffffff&#8220; body_line_height=&#8220;2em&#8220; background_color=&#8220;#ffffff&#8220; custom_padding=&#8220;|||&#8220; body_line_height_last_edited=&#8220;off|desktop&#8220; global_colors_info=&#8220;{}&#8220;][et_pb_accordion_item title=&#8220;Wie kann ich  mich engagieren?&#8220; open=&#8220;on&#8220; open_toggle_text_color=&#8220;#ffffff&#8220; open_toggle_background_color=&#8220;#ff7355&#8243; closed_toggle_text_color=&#8220;#ffffff&#8220; closed_toggle_background_color=&#8220;#4c5c67&#8243; _builder_version=&#8220;4.16&#8243; body_text_color=&#8220;#ffffff&#8220; custom_margin=&#8220;||20px|&#8220; custom_padding=&#8220;|||&#8220; border_radii=&#8220;on|8px|8px|8px|8px&#8220; border_width_all=&#8220;0px&#8220; global_colors_info=&#8220;{}&#8220; toggle_text_color=&#8220;#ffffff&#8220;]<\/p>\n<p style=\"text-align: left;\"><span>Nat\u00fcrlich freut sich der F\u00f6rderverein \u00fcber freiwillige HelferInnen und Spenden, gerne auch zweckgebunden, und stellt selbstverst\u00e4ndlich eine Spendenquittung aus.<\/span><span>\u00a0<\/span><span>\u00dcber die Aktivit\u00e4ten und den Kassenstand des F\u00f6rdervereins wird j\u00e4hrlich Rechenschaft abgelegt. Hierzu werden auch Vorstandsmitglieder gew\u00e4hlt, die sich um die entsprechenden Belange k\u00fcmmern.<\/span><span>\u00a0<\/span><span>Zudem suchen wir noch Sponsoren, um Vorhaben an der Overbergschule zu realisieren.<\/span><span>\u00a0<\/span><span>Zurzeit wird ein neuer Flyer vorbereitet.<\/span><\/p>\n<p style=\"text-align: left;\"><span>Wir treffen uns offiziell etwa 2x im Jahr. Inoffiziell, d.h. als kurzes Treffen f\u00fcr Beratungen, auch schon einmal zwischendurch. <\/span><\/p>\n<p>[\/et_pb_accordion_item][et_pb_accordion_item title=&#8220;Mitglied werden&#8220; open_toggle_text_color=&#8220;#ffffff&#8220; open_toggle_background_color=&#8220;#ff7355&#8243; closed_toggle_text_color=&#8220;#ffffff&#8220; closed_toggle_background_color=&#8220;#4c5c67&#8243; _builder_version=&#8220;4.16&#8243; custom_margin=&#8220;||20px|&#8220; custom_padding=&#8220;|||&#8220; border_radii=&#8220;on|8px|8px|8px|8px&#8220; border_width_all=&#8220;0px&#8220; global_colors_info=&#8220;{}&#8220; open=&#8220;off&#8220;]<\/p>\n<p style=\"text-align: left;\">Jede und jeder ist uns als Mitglied willkommen\u00a0und zu den regelm\u00e4\u00dfig stattfindenden Sitzungen, die rechtzeitig bekannt gegeben werden, herzlich eingeladen.\u00a0<span>Die H\u00f6he des Mitgliedsbeitrages ist nach oben hin offen.\u00a0<\/span>Die Mitgliederversammlung hat sich auf einen Mindestbeitrag von \u20ac 12 pro Jahr verst\u00e4ndigt.\u00a0Der Mitgliedsbeitrag wird entweder per Einzugserm\u00e4chtigung abgebucht oder per \u00dcberweisung entrichtet.<\/p>\n<p>[\/et_pb_accordion_item][et_pb_accordion_item title=&#8220;Wie und wo unterst\u00fctzt der F\u00f6rderverein?&#8220; open_toggle_text_color=&#8220;#ffffff&#8220; open_toggle_background_color=&#8220;#ff7355&#8243; closed_toggle_text_color=&#8220;#ffffff&#8220; closed_toggle_background_color=&#8220;#4c5c67&#8243; _builder_version=&#8220;4.16&#8243; custom_margin=&#8220;||20px|&#8220; custom_padding=&#8220;|||&#8220; border_radii=&#8220;on|8px|8px|8px|8px&#8220; border_width_all=&#8220;0px&#8220; global_colors_info=&#8220;{}&#8220; open=&#8220;off&#8220;]<\/p>\n<p style=\"text-align: left;\"><span>Der F\u00f6rderverein an der Overbergschule ist seit dem 29.6.1988 im Vereinsregister des Amtsgerichts M\u00fcnster registriert. Er\u00a0<\/span><span>unterst\u00fctzt die schulischen Aktivit\u00e4ten in vielf\u00e4ltiger Weise.<\/span><span>\u00a0<\/span><span>Dank der Mitgliedsbeitr\u00e4ge durch z. T. einmalige Spenden und durch Gelder, die dem F\u00f6rderverein durch erfolgreiche Teilnahme an schulbezogenen Wettbewerben (Fette \u2013 Reifen Rennen) oder durch Flohmarkterl\u00f6se zugingen, konnten in den letzten Jahren viele Anschaffungen get\u00e4tigt oder Projekte unterst\u00fctzt werden.<\/span><\/p>\n<ul>\n<li class=\"western\" style=\"text-align: left;\"><span>Anschaffung von Spielger\u00e4ten (Tischtennisplatte, Kletterwand, Spielwagenspiele\u2026.)<\/span><\/li>\n<li class=\"western\" style=\"text-align: left;\"><span>Ausstattung Sch\u00fclerb\u00fccherei<\/span><\/li>\n<li class=\"western\" style=\"text-align: left;\"><span>Finanzielle Unterst\u00fctzung von F\u00f6rderangeboten<\/span><\/li>\n<li class=\"western\" style=\"text-align: left;\"><span>Mischfinanzierung von Klassenmobilar gemeinsam mit dem Schultr\u00e4ger und dem Schuletat<\/span><\/li>\n<li style=\"text-align: left;\"><span>Anschub und Unterst\u00fctzung f\u00fcr die Digitalisierung an der Schule<\/span><\/li>\n<\/ul>\n<p>[\/et_pb_accordion_item][\/et_pb_accordion][\/et_pb_column][\/et_pb_row][\/et_pb_section][et_pb_section fb_built=&#8220;1&#8243; _builder_version=&#8220;4.16&#8243; global_colors_info=&#8220;{}&#8220;][et_pb_row admin_label=&#8220;Facilities Row&#8220; _builder_version=&#8220;4.16&#8243; global_colors_info=&#8220;{}&#8220;][et_pb_column type=&#8220;4_4&#8243; _builder_version=&#8220;4.16&#8243; custom_padding=&#8220;|||&#8220; global_colors_info=&#8220;{}&#8220; custom_padding__hover=&#8220;|||&#8220;][et_pb_text _builder_version=&#8220;4.16&#8243; text_font=&#8220;Rubik|500|||||||&#8220; text_font_size=&#8220;16px&#8220; text_line_height=&#8220;2em&#8220; header_font=&#8220;||||||||&#8220; header_2_font=&#8220;Rubik|700|||||||&#8220; header_2_font_size=&#8220;40px&#8220; header_2_line_height=&#8220;1.4em&#8220; header_5_font=&#8220;Rubik|700||on|||||&#8220; header_5_text_color=&#8220;#2b76df&#8220; header_5_letter_spacing=&#8220;5px&#8220; header_5_line_height=&#8220;1.5em&#8220; max_width=&#8220;700px&#8220; module_alignment=&#8220;center&#8220; custom_margin=&#8220;|||&#8220; custom_margin_tablet=&#8220;0px|||&#8220; custom_margin_last_edited=&#8220;off|desktop&#8220; text_line_height_last_edited=&#8220;off|desktop&#8220; header_2_font_size_tablet=&#8220;&#8220; header_2_font_size_phone=&#8220;30px&#8220; header_2_font_size_last_edited=&#8220;on|phone&#8220; global_colors_info=&#8220;{}&#8220;]<\/p>\n<h2>Empfohlene Internetseiten<\/h2>\n<p>[\/et_pb_text][et_pb_accordion open_toggle_background_color=&#8220;#00a5ce&#8220; admin_label=&#8220;Facilities Accordion&#8220; _builder_version=&#8220;4.16&#8243; toggle_font=&#8220;Rubik|700|||||||&#8220; toggle_line_height=&#8220;1.4em&#8220; body_font=&#8220;|500|||||||&#8220; body_text_color=&#8220;#ffffff&#8220; body_line_height=&#8220;2em&#8220; width=&#8220;100%&#8220; custom_padding=&#8220;|||&#8220; body_line_height_last_edited=&#8220;off|desktop&#8220; global_colors_info=&#8220;{}&#8220;][et_pb_accordion_item title=&#8220;Sicherer Umgang mit dem Internet&#8220; open=&#8220;on&#8220; open_toggle_text_color=&#8220;#000000&#8243; open_toggle_background_color=&#8220;#f4f4f4&#8243; closed_toggle_text_color=&#8220;#ffffff&#8220; closed_toggle_background_color=&#8220;#4c5c67&#8243; _builder_version=&#8220;4.16&#8243; body_text_color=&#8220;#000000&#8243; custom_margin=&#8220;||20px|&#8220; custom_padding=&#8220;|||&#8220; border_radii=&#8220;on|8px|8px|8px|8px&#8220; border_width_all=&#8220;0px&#8220; global_colors_info=&#8220;{}&#8220; toggle_text_color=&#8220;#000000&#8243;]<\/p>\n<p><a href=\"http:\/\/www.surfen-ohne-risiko.net\/\">Surfen ohne Risiko<\/a><span>\u00a0ist ein Angebot des Bundesinnenministeriums f\u00fcr Familie, Senioren, Frauen und Jugend und gibt grundlegende Hinweise zu \u201eSurfen\u201c, \u201eChatten\u201c und \u201eSpiele\u201c in der Familie. Gemeinsam k\u00f6nnen hier auch Netzregeln aufgestellt oder ein Familienquiz gespielt werden.<\/span><\/p>\n<p>[\/et_pb_accordion_item][et_pb_accordion_item title=&#8220;Bildung und Erziehung&#8220; open_toggle_text_color=&#8220;#000000&#8243; open_toggle_background_color=&#8220;#f4f4f4&#8243; closed_toggle_text_color=&#8220;#ffffff&#8220; closed_toggle_background_color=&#8220;#4c5c67&#8243; _builder_version=&#8220;4.16&#8243; body_text_color=&#8220;#000000&#8243; custom_margin=&#8220;||20px|&#8220; custom_padding=&#8220;|||&#8220; border_radii=&#8220;on|8px|8px|8px|8px&#8220; border_width_all=&#8220;0px&#8220; global_colors_info=&#8220;{}&#8220; toggle_text_color=&#8220;#000000&#8243; open=&#8220;off&#8220;]<\/p>\n<p><a href=\"http:\/\/nimas.org\/\">NIMAs<\/a><span>. Verein zur Ausbildungsf\u00f6rderung, insbesondere f\u00fcr Kinder und Jugendliche aus wirtschaftlich schwachen Familien, f\u00fcr Kinder aus Familien mit Migrationshintergrund sowie f\u00fcr Kinder und Jugendliche aus Fl\u00fcchtlingsfamilien.<\/span><\/p>\n<p><span>Das\u00a0<a href=\"http:\/\/www.schulministerium.nrw.de\/docs\/bp\/index.html\">Bildungsportal vom Schulministerium in NRW<\/a>. Hier finden Sie eine Vielzahl von Informationen rund um unser Schulsystem, einschlie\u00dflich der weiterf\u00fchrenden Schulen, der aktuellen Diskussionen rund um Inklusion und Gemeinschaftsschule sowie Fragen der Erziehung etc.. Die umfangreiche Seite h\u00e4lt viele downloads zu interessanten Themen bereit und bietet dar\u00fcber hinaus wichtige Links zu weiteren Informationsquellen an.<\/span><\/p>\n<p><span><a href=\"http:\/\/www.ganztagsschulen.org\/\">Ganztagsschulen. Die Startseite des Ministeriums f\u00fcr Bildung und Forschung<\/a>. Hier k\u00f6nnen \u00a0 Sie sich bei der Entwicklung und dem Diskussionsstand der Ganztagsschulen in NRW und in Deutschland auf dem neuesten Stand halten, auch f\u00fcr die weiterf\u00fchrenden Schulen.<\/span><\/p>\n<p><span><a href=\"http:\/\/www.inihochbegabtems.de\/\">Hochbegabte Kinder und Jugendliche\u00a0<\/a>in M\u00fcnster.<\/span><\/p>\n<p><span><a href=\"http:\/\/www.bug-nrw.de\/\">Landesprogramm Bildung und Gesundheit<\/a>. Das Landesprogramm unterst\u00fctzt Schulen bei ihrem Vorhaben, sich zu guten gesunden Schulen zu entwickeln.<\/span><\/p>\n<p>[\/et_pb_accordion_item][et_pb_accordion_item title=&#8220;Tipps und Links&#8220; open_toggle_text_color=&#8220;#000000&#8243; open_toggle_background_color=&#8220;#f4f4f4&#8243; closed_toggle_text_color=&#8220;#ffffff&#8220; closed_toggle_background_color=&#8220;#4c5c67&#8243; _builder_version=&#8220;4.16&#8243; body_text_color=&#8220;#000000&#8243; custom_margin=&#8220;||20px|&#8220; custom_padding=&#8220;|||&#8220; border_radii=&#8220;on|8px|8px|8px|8px&#8220; border_width_all=&#8220;0px&#8220; global_colors_info=&#8220;{}&#8220; toggle_text_color=&#8220;#000000&#8243; open=&#8220;off&#8220;]<\/p>\n<p><span>Das\u00a0<\/span><a href=\"http:\/\/www.muenster.de\/buergernetz.html\">B\u00fcrgernetz der Stadt M\u00fcnster<\/a><span>.<\/span><\/p>\n<p><span><a href=\"http:\/\/www.sicher-durch-muenster.de\/\">Verkehrspr\u00e4ventionstipps f\u00fcr M\u00fcnster<\/a><\/span><\/p>\n<p><span><a href=\"http:\/\/www.sankt-mauritz.com\/herz-jesu\">Homepage der Pfarrei Mauritz\/Filialgebiet Herz Jesu<\/a>. Auf der Homepage unserer \u00a0 Pfarrgemeinde finden Sie eine Vielzahl von Hinweisen u.a. auch zum Gemeindeleben.<\/span><\/p>\n<p><span><a href=\"http:\/\/www.lieder-archiv.de\/\">Alojado-Lieder-Archiv<\/a>. Mit diesem Liederarchiv kann eigentlich nichts mehr schief gehen. \u00a0 Einfach aufrufen, sein Lied suchen und gleich mit Singen beginnen.<\/span><\/p>\n<p><span>Der Puppenspieler und Bauchredner\u00a0<a href=\"http:\/\/de.wikipedia.org\/wiki\/Sascha_Grammel\">Sascha Grammel\u00a0<\/a>ist einen Besuch wert! \u2013 Lachen tut gut! \u2013 \u201eHetz\u2018 mich nicht\u201c<\/span><\/p>\n<p>[\/et_pb_accordion_item][\/et_pb_accordion][\/et_pb_column][\/et_pb_row][\/et_pb_section][et_pb_section fb_built=&#8220;1&#8243; admin_label=&#8220;Footer&#8220; _builder_version=&#8220;4.16&#8243; background_color=&#8220;rgba(214,214,214,0.6)&#8220; use_background_color_gradient=&#8220;on&#8220; background_color_gradient_stops=&#8220;rgba(255,255,255,0) 0%|rgba(41,196,169,0) 100%&#8220; background_color_gradient_start=&#8220;rgba(255,255,255,0)&#8220; background_color_gradient_end=&#8220;rgba(41,196,169,0)&#8220; background_enable_image=&#8220;off&#8220; parallax=&#8220;on&#8220; custom_margin=&#8220;|||&#8220; custom_padding=&#8220;|||&#8220; global_colors_info=&#8220;{}&#8220;][et_pb_row column_structure=&#8220;1_2,1_2&#8243; use_custom_gutter=&#8220;on&#8220; gutter_width=&#8220;2&#8243; make_equal=&#8220;on&#8220; _builder_version=&#8220;4.16&#8243; custom_padding=&#8220;|||&#8220; animation_style=&#8220;fade&#8220; border_radii=&#8220;on|10px|10px|10px|10px&#8220; global_colors_info=&#8220;{}&#8220;][et_pb_column type=&#8220;1_2&#8243; _builder_version=&#8220;4.16&#8243; custom_padding=&#8220;|||&#8220; global_colors_info=&#8220;{}&#8220; custom_padding__hover=&#8220;|||&#8220;][et_pb_cta title=&#8220;Kontakt &#8220; button_url=&#8220;#top&#8220; _builder_version=&#8220;4.16&#8243; header_font=&#8220;Rubik|700|||||||&#8220; header_font_size=&#8220;40px&#8220; header_line_height=&#8220;1.7em&#8220; body_font=&#8220;Rubik||||||||&#8220; body_line_height=&#8220;2em&#8220; background_color=&#8220;#ffffff&#8220; custom_button=&#8220;on&#8220; button_text_size=&#8220;16px&#8220; button_text_color=&#8220;#ffffff&#8220; button_bg_color=&#8220;#7f5aff&#8220; button_border_width=&#8220;10px&#8220; button_border_color=&#8220;rgba(65,65,144,0)&#8220; button_border_radius=&#8220;70px&#8220; button_font=&#8220;Rubik|700|||||||&#8220; button_use_icon=&#8220;off&#8220; text_orientation=&#8220;left&#8220; background_layout=&#8220;light&#8220; max_width_last_edited=&#8220;off|desktop&#8220; module_alignment=&#8220;right&#8220; custom_margin=&#8220;|||&#8220; custom_padding=&#8220;64px|60px|64px|60px|true&#8220; header_font_size_tablet=&#8220;&#8220; header_font_size_phone=&#8220;30px&#8220; header_font_size_last_edited=&#8220;on|phone&#8220; body_line_height_last_edited=&#8220;off|desktop&#8220; border_radii=&#8220;on|10px|10px|10px|10px&#8220; button_text_color_hover=&#8220;#ffffff&#8220; button_border_radius_hover=&#8220;70px&#8220; button_bg_color_hover=&#8220;#9577ff&#8220; global_colors_info=&#8220;{}&#8220; button_text_size__hover_enabled=&#8220;off&#8220; button_one_text_size__hover_enabled=&#8220;off&#8220; button_two_text_size__hover_enabled=&#8220;off&#8220; button_text_color__hover_enabled=&#8220;on&#8220; button_text_color__hover=&#8220;#ffffff&#8220; button_one_text_color__hover_enabled=&#8220;off&#8220; button_two_text_color__hover_enabled=&#8220;off&#8220; button_border_width__hover_enabled=&#8220;off&#8220; button_one_border_width__hover_enabled=&#8220;off&#8220; button_two_border_width__hover_enabled=&#8220;off&#8220; button_border_color__hover_enabled=&#8220;off&#8220; button_one_border_color__hover_enabled=&#8220;off&#8220; button_two_border_color__hover_enabled=&#8220;off&#8220; button_border_radius__hover_enabled=&#8220;on&#8220; button_border_radius__hover=&#8220;70px&#8220; button_one_border_radius__hover_enabled=&#8220;off&#8220; button_two_border_radius__hover_enabled=&#8220;off&#8220; button_letter_spacing__hover_enabled=&#8220;off&#8220; button_one_letter_spacing__hover_enabled=&#8220;off&#8220; button_two_letter_spacing__hover_enabled=&#8220;off&#8220; button_bg_color__hover_enabled=&#8220;on&#8220; button_bg_color__hover=&#8220;#9577ff&#8220; button_one_bg_color__hover_enabled=&#8220;off&#8220; button_two_bg_color__hover_enabled=&#8220;off&#8220;]<\/p>\n<p><strong>Verwaltung<\/strong><br \/> <strong>Adresse:<\/strong> Margaretenstra\u00dfe 6, 48145 M\u00fcnster<br \/> <strong>Telefon:<\/strong> 025164234<br \/> <strong>E-Mail:<\/strong> <a href=\"mailto:overbergschule@stadt-muenster.de\">overbergschule@stadt-muenster.de<\/a><br \/> <strong>Schulleitung:<\/strong> Georg Sistemich<br \/> <strong>Sekretariats-\u00d6ffnungszeiten:<\/strong><br \/> Montag bis Donnerstag: 7:45-12:30<\/p>\n<p>[\/et_pb_cta][\/et_pb_column][et_pb_column type=&#8220;1_2&#8243; _builder_version=&#8220;4.16&#8243; custom_padding=&#8220;|||&#8220; global_colors_info=&#8220;{}&#8220; custom_padding__hover=&#8220;|||&#8220;][et_pb_cta title=&#8220;B\u00fcro Offener Ganztag&#8220; button_url=&#8220;#top&#8220; _builder_version=&#8220;4.16&#8243; header_font=&#8220;Rubik|700|||||||&#8220; header_font_size=&#8220;40px&#8220; header_line_height=&#8220;1.5em&#8220; body_font=&#8220;Rubik||||||||&#8220; body_line_height=&#8220;2em&#8220; background_color=&#8220;#ffffff&#8220; custom_button=&#8220;on&#8220; button_text_size=&#8220;16px&#8220; button_text_color=&#8220;#ffffff&#8220; button_bg_color=&#8220;#7f5aff&#8220; button_border_width=&#8220;10px&#8220; button_border_color=&#8220;rgba(65,65,144,0)&#8220; button_border_radius=&#8220;70px&#8220; button_font=&#8220;Rubik|700|||||||&#8220; button_use_icon=&#8220;off&#8220; text_orientation=&#8220;left&#8220; background_layout=&#8220;light&#8220; max_width_last_edited=&#8220;off|desktop&#8220; module_alignment=&#8220;right&#8220; custom_margin=&#8220;|||&#8220; custom_padding=&#8220;64px|60px|64px|60px|true&#8220; header_font_size_tablet=&#8220;&#8220; header_font_size_phone=&#8220;30px&#8220; header_font_size_last_edited=&#8220;on|phone&#8220; body_line_height_last_edited=&#8220;off|desktop&#8220; border_radii=&#8220;on|10px|10px|10px|10px&#8220; button_text_color_hover=&#8220;#ffffff&#8220; button_border_radius_hover=&#8220;70px&#8220; button_bg_color_hover=&#8220;#9577ff&#8220; global_colors_info=&#8220;{}&#8220; button_text_size__hover_enabled=&#8220;off&#8220; button_one_text_size__hover_enabled=&#8220;off&#8220; button_two_text_size__hover_enabled=&#8220;off&#8220; button_text_color__hover_enabled=&#8220;on&#8220; button_text_color__hover=&#8220;#ffffff&#8220; button_one_text_color__hover_enabled=&#8220;off&#8220; button_two_text_color__hover_enabled=&#8220;off&#8220; button_border_width__hover_enabled=&#8220;off&#8220; button_one_border_width__hover_enabled=&#8220;off&#8220; button_two_border_width__hover_enabled=&#8220;off&#8220; button_border_color__hover_enabled=&#8220;off&#8220; button_one_border_color__hover_enabled=&#8220;off&#8220; button_two_border_color__hover_enabled=&#8220;off&#8220; button_border_radius__hover_enabled=&#8220;on&#8220; button_border_radius__hover=&#8220;70px&#8220; button_one_border_radius__hover_enabled=&#8220;off&#8220; button_two_border_radius__hover_enabled=&#8220;off&#8220; button_letter_spacing__hover_enabled=&#8220;off&#8220; button_one_letter_spacing__hover_enabled=&#8220;off&#8220; button_two_letter_spacing__hover_enabled=&#8220;off&#8220; button_bg_color__hover_enabled=&#8220;on&#8220; button_bg_color__hover=&#8220;#9577ff&#8220; button_one_bg_color__hover_enabled=&#8220;off&#8220; button_two_bg_color__hover_enabled=&#8220;off&#8220;]<span class=\"w8qArf\"><strong>Adresse:<\/strong> Margaretenstra\u00dfe 6, 48145 M\u00fcnster<br \/>\n<strong>Telefon:<\/strong> 0251666988<br \/>\n<strong>E-Mail:<\/strong><a href=\"mailto:erlebach@stadt-muenster.de\"> erlebach@stadt-muenster.de<\/a><br \/>\n<strong>OGT-Koordination:<\/strong> Jenny Erlebach<\/span><br \/>\n&nbsp;[\/et_pb_cta][\/et_pb_column][\/et_pb_row][\/et_pb_section]<\/p>\n","protected":false},"excerpt":{"rendered":"<p>Informationen f\u00fcr\u00a0 Eltern und Erziehungsberechtigte F\u00fcr Sie,\u00a0 liebe Eltern und Erziehungsberechtigte, hier finden Sie allgemeine Informationen zur Schule,\u00a0 sowie schlie\u00dflich auch Hinweise auf\u00a0 Internet- Seiten, um Ihnen das Suchen zu erleichtern und das Finden zu erm\u00f6glichen.Die Overbergschule ist eine Stadtteilschule, in der alle Kinder willkommen sind und die als inklusive Grundschule auch Kinder mit Migrationshintergrund [&hellip;]<\/p>\n","protected":false},"author":2,"featured_media":0,"parent":0,"menu_order":0,"comment_status":"closed","ping_status":"closed","template":"","meta":{"_et_pb_use_builder":"on","_et_pb_old_content":"","_et_gb_content_width":"","_mc_calendar":[],"footnotes":""},"class_list":["post-134","page","type-page","status-publish","hentry"],"_links":{"self":[{"href":"https:\/\/muenster.org\/overbergschule\/wp-json\/wp\/v2\/pages\/134","targetHints":{"allow":["GET"]}}],"collection":[{"href":"https:\/\/muenster.org\/overbergschule\/wp-json\/wp\/v2\/pages"}],"about":[{"href":"https:\/\/muenster.org\/overbergschule\/wp-json\/wp\/v2\/types\/page"}],"author":[{"embeddable":true,"href":"https:\/\/muenster.org\/overbergschule\/wp-json\/wp\/v2\/users\/2"}],"replies":[{"embeddable":true,"href":"https:\/\/muenster.org\/overbergschule\/wp-json\/wp\/v2\/comments?post=134"}],"version-history":[{"count":84,"href":"https:\/\/muenster.org\/overbergschule\/wp-json\/wp\/v2\/pages\/134\/revisions"}],"predecessor-version":[{"id":4110,"href":"https:\/\/muenster.org\/overbergschule\/wp-json\/wp\/v2\/pages\/134\/revisions\/4110"}],"wp:attachment":[{"href":"https:\/\/muenster.org\/overbergschule\/wp-json\/wp\/v2\/media?parent=134"}],"curies":[{"name":"wp","href":"https:\/\/api.w.org\/{rel}","templated":true}]}}