{"id":178,"date":"2020-04-01T15:51:03","date_gmt":"2020-04-01T13:51:03","guid":{"rendered":"http:\/\/muenster.org\/overbergschule\/?page_id=178"},"modified":"2026-03-25T13:30:05","modified_gmt":"2026-03-25T12:30:05","slug":"ganztag","status":"publish","type":"page","link":"https:\/\/muenster.org\/overbergschule\/ganztag\/","title":{"rendered":"GANZTAG"},"content":{"rendered":"<p>[et_pb_section fb_built=&#8220;1&#8243; fullwidth=&#8220;on&#8220; admin_label=&#8220;Header Section&#8220; _builder_version=&#8220;4.16&#8243; background_enable_image=&#8220;off&#8220; parallax=&#8220;on&#8220; top_divider_color=&#8220;rgba(255,250,242,0.9)&#8220; top_divider_height=&#8220;30%&#8220; global_colors_info=&#8220;{}&#8220;][et_pb_fullwidth_header title=&#8220;Herzlich Willkommen&#8220; subhead=&#8220;im Offenen Ganztag der Overbergschule &#8220; text_orientation=&#8220;center&#8220; button_one_text=&#8220;Erfahren Sie mehr&#8220; button_one_url=&#8220;#infos-ogs&#8220; _builder_version=&#8220;4.16&#8243; title_level=&#8220;h2&#8243; title_font=&#8220;Rubik|700||on|||||&#8220; title_text_color=&#8220;#ff7355&#8243; title_font_size=&#8220;16px&#8220; title_letter_spacing=&#8220;5px&#8220; title_line_height=&#8220;2em&#8220; content_font=&#8220;Rubik||||||||&#8220; content_font_size=&#8220;18px&#8220; content_line_height=&#8220;2em&#8220; subhead_font=&#8220;Rubik|700|||||||&#8220; subhead_text_color=&#8220;rgba(0,0,0,0.8)&#8220; subhead_font_size=&#8220;50px&#8220; subhead_line_height=&#8220;1.4em&#8220; background_color=&#8220;rgba(255,250,242,0.9)&#8220; background_image=&#8220;https:\/\/muenster.org\/overbergschule\/wp-content\/uploads\/2020\/05\/home-overberg.jpg&#8220; background_size=&#8220;contain&#8220; background_position=&#8220;bottom_center&#8220; custom_button_one=&#8220;on&#8220; button_one_text_size=&#8220;16px&#8220; button_one_text_color=&#8220;#ffffff&#8220; button_one_bg_color=&#8220;#ff7355&#8243; button_one_border_width=&#8220;15px&#8220; button_one_border_color=&#8220;rgba(210,159,104,0)&#8220; button_one_border_radius=&#8220;100px&#8220; button_one_letter_spacing=&#8220;0px&#8220; button_one_font=&#8220;Rubik|700|||||||&#8220; button_one_use_icon=&#8220;off&#8220; custom_button_two=&#8220;on&#8220; button_two_text_size=&#8220;16px&#8220; button_two_text_color=&#8220;#ffffff&#8220; button_two_bg_color=&#8220;rgba(0,0,0,0.6)&#8220; button_two_border_width=&#8220;15px&#8220; button_two_border_color=&#8220;rgba(210,159,104,0)&#8220; button_two_border_radius=&#8220;100px&#8220; button_two_letter_spacing=&#8220;0px&#8220; button_two_font=&#8220;Rubik|700|||||||&#8220; button_two_use_icon=&#8220;off&#8220; background_layout=&#8220;light&#8220; custom_margin=&#8220;|||&#8220; custom_padding=&#8220;6vw||30vw|||&#8220; animation_style=&#8220;slide&#8220; animation_direction=&#8220;bottom&#8220; animation_intensity_slide=&#8220;1%&#8220; content_font_size_tablet=&#8220;&#8220; content_font_size_phone=&#8220;16px&#8220; content_font_size_last_edited=&#8220;on|phone&#8220; subhead_font_size_tablet=&#8220;&#8220; subhead_font_size_phone=&#8220;30px&#8220; subhead_font_size_last_edited=&#8220;on|phone&#8220; box_shadow_style=&#8220;preset6&#8243; box_shadow_vertical=&#8220;-10px&#8220; box_shadow_color=&#8220;rgba(0,0,0,0.2)&#8220; button_one_border_radius_hover=&#8220;100px&#8220; button_two_border_radius_hover=&#8220;100px&#8220; button_one_bg_color_hover=&#8220;#ff8a70&#8243; button_two_bg_color_hover=&#8220;#ff8a70&#8243; global_colors_info=&#8220;{}&#8220; button_one_text_size__hover_enabled=&#8220;off&#8220; button_two_text_size__hover_enabled=&#8220;off&#8220; button_one_text_color__hover_enabled=&#8220;off&#8220; button_two_text_color__hover_enabled=&#8220;off&#8220; button_one_border_width__hover_enabled=&#8220;off&#8220; button_two_border_width__hover_enabled=&#8220;off&#8220; button_one_border_color__hover_enabled=&#8220;off&#8220; button_two_border_color__hover_enabled=&#8220;off&#8220; button_one_border_radius__hover_enabled=&#8220;on&#8220; button_one_border_radius__hover=&#8220;100px&#8220; button_two_border_radius__hover_enabled=&#8220;on&#8220; button_two_border_radius__hover=&#8220;100px&#8220; button_one_letter_spacing__hover_enabled=&#8220;off&#8220; button_two_letter_spacing__hover_enabled=&#8220;off&#8220; button_one_bg_color__hover_enabled=&#8220;on&#8220; button_one_bg_color__hover=&#8220;#ff8a70&#8243; button_two_bg_color__hover_enabled=&#8220;on&#8220; button_two_bg_color__hover=&#8220;#ff8a70&#8243; background__hover_enabled=&#8220;on|desktop&#8220;]<\/p>\n<p>\u00a0T\u00e4glich hei\u00dfen wir Ihre Kinder bei uns im direkten Anschluss<br \/>an den Unterricht willkommen. Dort werden sie in sieben Gruppen von unserem Team<br \/>Montag bis Donnerstag bis 15:00 und sp\u00e4testens bis 16:00 Uhr begleitet und gef\u00f6rdert.<\/p>\n<p>&nbsp;<\/p>\n<p>Freitags hat der Offene Ganztag bis 15 Uhr ge\u00f6ffnet.<\/p>\n<p>Wir schaffen f\u00fcr Ihr Kind mit vielen tollen Angeboten einen Ausgleich zum Schulalltag. Dies erfolgt<br \/>innerhalb der Qualit\u00e4tsstandards der Offenen Ganztagsschule.<\/p>\n<p>[\/et_pb_fullwidth_header][\/et_pb_section][et_pb_section fb_built=&#8220;1&#8243; custom_padding_last_edited=&#8220;off|desktop&#8220; background_color_gradient_stops_1=&#8220;#2b87da 0%|#c7cbd4 100%&#8220; background_color_gradient_end_1=&#8220;#c7cbd4&#8243; admin_label=&#8220;Two CTA Section&#8220; _builder_version=&#8220;4.16&#8243; custom_padding=&#8220;0px||0px||true&#8220; custom_padding_tablet=&#8220;20px||10px|&#8220; global_colors_info=&#8220;{}&#8220;][et_pb_row column_structure=&#8220;1_2,1_2&#8243; use_custom_gutter=&#8220;on&#8220; gutter_width=&#8220;1&#8243; make_equal=&#8220;on&#8220; padding_top_bottom_link_1=&#8220;true&#8220; padding_top_bottom_link_2=&#8220;true&#8220; admin_label=&#8220;Two CTA Row&#8220; module_class=&#8220; et_pb_row_fullwidth&#8220; _builder_version=&#8220;4.16&#8243; width=&#8220;100%&#8220; width_tablet=&#8220;100%&#8220; width_phone=&#8220;&#8220; width_last_edited=&#8220;on|desktop&#8220; max_width=&#8220;100%&#8220; max_width_tablet=&#8220;100%&#8220; max_width_phone=&#8220;&#8220; max_width_last_edited=&#8220;on|desktop&#8220; custom_padding=&#8220;0px|0px|0px|0px&#8220; make_fullwidth=&#8220;on&#8220; global_colors_info=&#8220;{}&#8220;][et_pb_column type=&#8220;1_2&#8243; _builder_version=&#8220;4.16&#8243; use_background_color_gradient=&#8220;on&#8220; background_color_gradient_direction=&#8220;90deg&#8220; background_color_gradient_stops=&#8220;rgba(227,232,242,0.72) 0%|#e3e8f2 60%&#8220; background_color_gradient_overlays_image=&#8220;on&#8220; background_color_gradient_start=&#8220;rgba(227,232,242,0.72)&#8220; background_color_gradient_end=&#8220;#e3e8f2&#8243; background_color_gradient_end_position=&#8220;60%&#8220; background_enable_image=&#8220;off&#8220; custom_padding=&#8220;120px|80px|120px|10%&#8220; custom_padding_tablet=&#8220;|10%||10%||true&#8220; custom_padding_phone=&#8220;&#8220; custom_padding_last_edited=&#8220;on|tablet&#8220; global_colors_info=&#8220;{}&#8220; padding_tablet=&#8220;|10%||10%||true&#8220; padding_last_edited=&#8220;on|tablet&#8220; custom_padding__hover=&#8220;|||&#8220; padding_phone=&#8220;|10%||10%||true&#8220;][et_pb_cta title=&#8220;Das OGT Team&#8220; button_url=&#8220;#top&#8220; admin_label=&#8220;School CTA&#8220; _builder_version=&#8220;4.27.6&#8243; header_font=&#8220;Rubik|700|||||||&#8220; header_font_size=&#8220;40px&#8220; header_letter_spacing=&#8220;1px&#8220; header_line_height=&#8220;1.5em&#8220; body_font=&#8220;Rubik|500|||||||&#8220; body_font_size=&#8220;16px&#8220; body_line_height=&#8220;2em&#8220; use_background_color=&#8220;off&#8220; custom_button=&#8220;on&#8220; button_text_size=&#8220;16px&#8220; button_text_color=&#8220;#ffffff&#8220; button_bg_color=&#8220;rgba(0,0,0,0.6)&#8220; button_border_width=&#8220;10px&#8220; button_border_color=&#8220;rgba(65,65,144,0)&#8220; button_border_radius=&#8220;70px&#8220; button_font=&#8220;Rubik|700|||||||&#8220; button_use_icon=&#8220;off&#8220; text_orientation=&#8220;left&#8220; background_layout=&#8220;light&#8220; max_width=&#8220;600px&#8220; max_width_last_edited=&#8220;off|desktop&#8220; custom_margin=&#8220;|||&#8220; custom_padding=&#8220;|||&#8220; header_font_size_tablet=&#8220;&#8220; header_font_size_phone=&#8220;30px&#8220; header_font_size_last_edited=&#8220;on|phone&#8220; button_text_color_hover=&#8220;#c7ccd4&#8243; button_border_radius_hover=&#8220;70px&#8220; button_bg_color_hover=&#8220;#ffffff&#8220; global_colors_info=&#8220;{}&#8220; button_text_size__hover_enabled=&#8220;off&#8220; button_one_text_size__hover_enabled=&#8220;off&#8220; button_two_text_size__hover_enabled=&#8220;off&#8220; button_text_color__hover_enabled=&#8220;on&#8220; button_text_color__hover=&#8220;#c7ccd4&#8243; button_one_text_color__hover_enabled=&#8220;off&#8220; button_two_text_color__hover_enabled=&#8220;off&#8220; button_border_width__hover_enabled=&#8220;off&#8220; button_one_border_width__hover_enabled=&#8220;off&#8220; button_two_border_width__hover_enabled=&#8220;off&#8220; button_border_color__hover_enabled=&#8220;off&#8220; button_one_border_color__hover_enabled=&#8220;off&#8220; button_two_border_color__hover_enabled=&#8220;off&#8220; button_border_radius__hover_enabled=&#8220;on&#8220; button_border_radius__hover=&#8220;70px&#8220; button_one_border_radius__hover_enabled=&#8220;off&#8220; button_two_border_radius__hover_enabled=&#8220;off&#8220; button_letter_spacing__hover_enabled=&#8220;off&#8220; button_one_letter_spacing__hover_enabled=&#8220;off&#8220; button_two_letter_spacing__hover_enabled=&#8220;off&#8220; button_bg_color__hover_enabled=&#8220;on&#8220; button_bg_color__hover=&#8220;#ffffff&#8220; button_one_bg_color__hover_enabled=&#8220;off&#8220; button_two_bg_color__hover_enabled=&#8220;off&#8220;]<\/p>\n<p>&nbsp;<\/p>\n<p><span style=\"color: #000000;\">Unser Team setzt sich aus Fachkr\u00e4ften mit vielf\u00e4ltigen Kompetenzen zusammen, die Ihr Kind liebevoll und professionell begleiten: Eine erfahrene Koordinatorin sorgt f\u00fcr Struktur und Koordination, sieben engagierte Gruppenleitungen \/ Erzieher:innen sowie f\u00fcnf Unterst\u00fctzungskr\u00e4fte gestalten den Alltag Ihrer Kinder mit viel Herz und p\u00e4dagogischem Fachwissen. Zus\u00e4tzlich bereichert eine Heilp\u00e4dagogin das Team mit ihrer spezialisierten Expertise. Ab September 2025 wird unser Team durch einen Bundesfreiwilligen weiter unterst\u00fctzt, der tatkr\u00e4ftig zum p\u00e4dagogischen Alltag beitr\u00e4gt.<\/span><\/p>\n<p><span style=\"color: #000000;\">Die Gruppenleitungen erhalten dar\u00fcber hinaus Unterst\u00fctzung von Teilzeit- und Honorarkr\u00e4ften, wodurch wir eine individuelle und gezielte Betreuung sicherstellen k\u00f6nnen. So wird Ihr Kind den Tag \u00fcber von einem multiprofessionellen Team begleitet, gef\u00f6rdert und in seiner pers\u00f6nlichen Entwicklung optimal unterst\u00fctzt.<\/span><\/p>\n<hr \/>\n<p>&nbsp;<\/p>\n<p>[\/et_pb_cta][\/et_pb_column][et_pb_column type=&#8220;1_2&#8243; _builder_version=&#8220;4.16&#8243; use_background_color_gradient=&#8220;on&#8220; background_color_gradient_direction=&#8220;90deg&#8220; background_color_gradient_stops=&#8220;rgba(227,232,242,0.72) 0%|#e3e8f2 60%&#8220; background_color_gradient_overlays_image=&#8220;on&#8220; background_color_gradient_start=&#8220;rgba(227,232,242,0.72)&#8220; background_color_gradient_end=&#8220;#e3e8f2&#8243; background_color_gradient_end_position=&#8220;60%&#8220; background_enable_image=&#8220;off&#8220; custom_padding=&#8220;120px|80px|120px|10%&#8220; custom_padding_tablet=&#8220;|10%||10%||true&#8220; custom_padding_phone=&#8220;&#8220; custom_padding_last_edited=&#8220;on|tablet&#8220; global_colors_info=&#8220;{}&#8220; padding_tablet=&#8220;|10%||10%||true&#8220; padding_last_edited=&#8220;on|tablet&#8220; custom_padding__hover=&#8220;|||&#8220; padding_phone=&#8220;|10%||10%||true&#8220;][et_pb_cta title=&#8220;Unsere Ziele&#8220; button_url=&#8220;#top&#8220; admin_label=&#8220;School CTA&#8220; _builder_version=&#8220;4.16&#8243; header_font=&#8220;Rubik|700|||||||&#8220; header_font_size=&#8220;40px&#8220; header_letter_spacing=&#8220;1px&#8220; header_line_height=&#8220;1.5em&#8220; body_font=&#8220;Rubik|500|||||||&#8220; body_font_size=&#8220;16px&#8220; body_line_height=&#8220;2em&#8220; use_background_color=&#8220;off&#8220; custom_button=&#8220;on&#8220; button_text_size=&#8220;16px&#8220; button_text_color=&#8220;#ffffff&#8220; button_bg_color=&#8220;rgba(0,0,0,0.6)&#8220; button_border_width=&#8220;10px&#8220; button_border_color=&#8220;rgba(65,65,144,0)&#8220; button_border_radius=&#8220;70px&#8220; button_font=&#8220;Rubik|700|||||||&#8220; button_use_icon=&#8220;off&#8220; text_orientation=&#8220;left&#8220; background_layout=&#8220;light&#8220; max_width=&#8220;600px&#8220; max_width_last_edited=&#8220;off|desktop&#8220; custom_margin=&#8220;|||&#8220; custom_padding=&#8220;|||&#8220; header_font_size_tablet=&#8220;&#8220; header_font_size_phone=&#8220;30px&#8220; header_font_size_last_edited=&#8220;on|phone&#8220; button_text_color_hover=&#8220;#c7ccd4&#8243; button_border_radius_hover=&#8220;70px&#8220; button_bg_color_hover=&#8220;#ffffff&#8220; global_colors_info=&#8220;{}&#8220; button_text_size__hover_enabled=&#8220;off&#8220; button_one_text_size__hover_enabled=&#8220;off&#8220; button_two_text_size__hover_enabled=&#8220;off&#8220; button_text_color__hover_enabled=&#8220;on&#8220; button_text_color__hover=&#8220;#c7ccd4&#8243; button_one_text_color__hover_enabled=&#8220;off&#8220; button_two_text_color__hover_enabled=&#8220;off&#8220; button_border_width__hover_enabled=&#8220;off&#8220; button_one_border_width__hover_enabled=&#8220;off&#8220; button_two_border_width__hover_enabled=&#8220;off&#8220; button_border_color__hover_enabled=&#8220;off&#8220; button_one_border_color__hover_enabled=&#8220;off&#8220; button_two_border_color__hover_enabled=&#8220;off&#8220; button_border_radius__hover_enabled=&#8220;on&#8220; button_border_radius__hover=&#8220;70px&#8220; button_one_border_radius__hover_enabled=&#8220;off&#8220; button_two_border_radius__hover_enabled=&#8220;off&#8220; button_letter_spacing__hover_enabled=&#8220;off&#8220; button_one_letter_spacing__hover_enabled=&#8220;off&#8220; button_two_letter_spacing__hover_enabled=&#8220;off&#8220; button_bg_color__hover_enabled=&#8220;on&#8220; button_bg_color__hover=&#8220;#ffffff&#8220; button_one_bg_color__hover_enabled=&#8220;off&#8220; button_two_bg_color__hover_enabled=&#8220;off&#8220;]<\/p>\n<p>In Anlehnung an die Standards der Kinder-\u00a0 und Jugendhilfe werden folgende Ziele von uns verfolgt:<br \/> \u201eJeder junge Mensch hat ein Recht auf F\u00f6rderung seiner<br \/> Entwicklung und auf Erziehung zu einer eigenverantwortlichen und gemeinschaftsf\u00e4higen\u00a0Pers\u00f6nlichkeit.\u201c<\/p>\n<p>[\/et_pb_cta][\/et_pb_column][\/et_pb_row][\/et_pb_section][et_pb_section fb_built=&#8220;1&#8243; fullwidth=&#8220;on&#8220; _builder_version=&#8220;4.16&#8243; global_colors_info=&#8220;{}&#8220;][et_pb_fullwidth_slider _builder_version=&#8220;4.27.0&#8243; background_image=&#8220;https:\/\/muenster.org\/overbergschule\/wp-content\/uploads\/2026\/03\/Slider_Klettergeruest-scaled.jpg&#8220; custom_padding=&#8220;324px||324px||true|&#8220; hover_enabled=&#8220;0&#8243; global_colors_info=&#8220;{}&#8220; title_text=&#8220;Slider_Kletterger\u00fcst&#8220; sticky_enabled=&#8220;0&#8243;][et_pb_slide _builder_version=&#8220;4.27.0&#8243; background_color=&#8220;RGBA(255,255,255,0)&#8220; background_enable_color=&#8220;on&#8220; background_image=&#8220;https:\/\/muenster.org\/overbergschule\/wp-content\/uploads\/2024\/09\/IMG_Kinder-spielen2-scaled.jpg&#8220; background_enable_image=&#8220;on&#8220; background_position=&#8220;top_left&#8220; global_colors_info=&#8220;{}&#8220; sticky_transition=&#8220;on&#8220;][\/et_pb_slide][et_pb_slide _builder_version=&#8220;4.27.0&#8243; background_color=&#8220;RGBA(255,255,255,0)&#8220; background_enable_color=&#8220;on&#8220; background_image=&#8220;https:\/\/muenster.org\/overbergschule\/wp-content\/uploads\/2022\/08\/Kletterturm.jpg&#8220; background_enable_image=&#8220;on&#8220; background_position=&#8220;top_right&#8220; global_colors_info=&#8220;{}&#8220; sticky_transition=&#8220;on&#8220;][\/et_pb_slide][et_pb_slide _builder_version=&#8220;4.27.0&#8243; background_image=&#8220;https:\/\/muenster.org\/overbergschule\/wp-content\/uploads\/2022\/08\/Spielplatz_Slider2-scaled.jpg&#8220; background_enable_image=&#8220;on&#8220; global_colors_info=&#8220;{}&#8220; sticky_transition=&#8220;on&#8220;][\/et_pb_slide][et_pb_slide _builder_version=&#8220;4.27.0&#8243; background_image=&#8220;https:\/\/muenster.org\/overbergschule\/wp-content\/uploads\/2024\/09\/IMG_Kinder-spielen1-1-scaled.jpg&#8220; background_enable_image=&#8220;on&#8220; global_colors_info=&#8220;{}&#8220; sticky_transition=&#8220;on&#8220;][\/et_pb_slide][et_pb_slide _builder_version=&#8220;4.27.0&#8243; background_image=&#8220;https:\/\/muenster.org\/overbergschule\/wp-content\/uploads\/2023\/08\/tempImagepYTDqL-scaled.jpg&#8220; background_enable_image=&#8220;on&#8220; global_colors_info=&#8220;{}&#8220; sticky_transition=&#8220;on&#8220;][\/et_pb_slide][et_pb_slide _builder_version=&#8220;4.27.0&#8243; background_image=&#8220;https:\/\/muenster.org\/overbergschule\/wp-content\/uploads\/2020\/05\/20160611_120148.jpg&#8220; background_enable_image=&#8220;on&#8220; global_colors_info=&#8220;{}&#8220; sticky_transition=&#8220;on&#8220;][\/et_pb_slide][et_pb_slide _builder_version=&#8220;4.27.0&#8243; background_image=&#8220;https:\/\/muenster.org\/overbergschule\/wp-content\/uploads\/2023\/11\/C6172DAC-0D7D-4935-B308-D3A2CCE3805C-scaled.jpeg&#8220; background_enable_image=&#8220;on&#8220; global_colors_info=&#8220;{}&#8220; sticky_transition=&#8220;on&#8220;][\/et_pb_slide][et_pb_slide _builder_version=&#8220;4.27.0&#8243; background_image=&#8220;https:\/\/muenster.org\/overbergschule\/wp-content\/uploads\/2022\/12\/AB14FFCB-CED1-41AB-AE01-DC841C709828-scaled.jpeg&#8220; background_enable_image=&#8220;on&#8220; global_colors_info=&#8220;{}&#8220; sticky_transition=&#8220;on&#8220;][\/et_pb_slide][et_pb_slide _builder_version=&#8220;4.27.0&#8243; background_image=&#8220;https:\/\/muenster.org\/overbergschule\/wp-content\/uploads\/2022\/08\/Lesezeit.jpg&#8220; background_enable_image=&#8220;on&#8220; global_colors_info=&#8220;{}&#8220; sticky_transition=&#8220;on&#8220;][\/et_pb_slide][et_pb_slide _builder_version=&#8220;4.27.0&#8243; background_image=&#8220;https:\/\/muenster.org\/overbergschule\/wp-content\/uploads\/2024\/09\/IMG_Kind3-scaled.jpg&#8220; background_enable_image=&#8220;on&#8220; global_colors_info=&#8220;{}&#8220; sticky_transition=&#8220;on&#8220;][\/et_pb_slide][et_pb_slide _builder_version=&#8220;4.27.0&#8243; global_colors_info=&#8220;{}&#8220; sticky_transition=&#8220;on&#8220;][\/et_pb_slide][et_pb_slide _builder_version=&#8220;4.27.0&#8243; background_image=&#8220;https:\/\/muenster.org\/overbergschule\/wp-content\/uploads\/2020\/05\/Klassenraum.jpg&#8220; background_enable_image=&#8220;on&#8220; global_colors_info=&#8220;{}&#8220; sticky_transition=&#8220;on&#8220;][\/et_pb_slide][et_pb_slide _builder_version=&#8220;4.27.0&#8243; background_image=&#8220;https:\/\/muenster.org\/overbergschule\/wp-content\/uploads\/2021\/09\/20210818134201_IMG_4644.NEU13JPG-1-scaled.jpg&#8220; background_enable_image=&#8220;on&#8220; background_position=&#8220;bottom_center&#8220; global_colors_info=&#8220;{}&#8220; sticky_transition=&#8220;on&#8220;][\/et_pb_slide][et_pb_slide _builder_version=&#8220;4.27.0&#8243; background_image=&#8220;https:\/\/muenster.org\/overbergschule\/wp-content\/uploads\/2021\/09\/20210818102606_IMG_4634.NEU6JPG-1-scaled.jpg&#8220; background_enable_image=&#8220;on&#8220; background_position=&#8220;bottom_center&#8220; global_colors_info=&#8220;{}&#8220; sticky_transition=&#8220;on&#8220;][\/et_pb_slide][et_pb_slide _builder_version=&#8220;4.27.0&#8243; background_image=&#8220;https:\/\/muenster.org\/overbergschule\/wp-content\/uploads\/2021\/11\/S\u00e4ge_Werkag.jpg&#8220; background_enable_image=&#8220;on&#8220; background_position=&#8220;top_center&#8220; hover_enabled=&#8220;0&#8243; global_colors_info=&#8220;{}&#8220; sticky_transition=&#8220;on&#8220; sticky_enabled=&#8220;0&#8243;][\/et_pb_slide][\/et_pb_fullwidth_slider][\/et_pb_section][et_pb_section fb_built=&#8220;1&#8243; admin_label=&#8220;Facilities&#8220; module_id=&#8220;infos-ogs&#8220; _builder_version=&#8220;4.16&#8243; use_background_color_gradient=&#8220;on&#8220; background_color_gradient_stops=&#8220;rgba(233,239,243,0) 0%|#e9eff3 100%&#8220; background_color_gradient_start=&#8220;rgba(233,239,243,0)&#8220; background_color_gradient_end=&#8220;#e9eff3&#8243; background_enable_image=&#8220;off&#8220; parallax=&#8220;on&#8220; custom_padding=&#8220;54px|0px|100px|0px|false|false&#8220; global_colors_info=&#8220;{}&#8220;][et_pb_row admin_label=&#8220;Facilities Row&#8220; _builder_version=&#8220;4.16&#8243; global_colors_info=&#8220;{}&#8220;][et_pb_column type=&#8220;4_4&#8243; _builder_version=&#8220;4.16&#8243; custom_padding=&#8220;|||&#8220; global_colors_info=&#8220;{}&#8220; custom_padding__hover=&#8220;|||&#8220;][et_pb_text _builder_version=&#8220;4.16&#8243; text_font=&#8220;Rubik|500|||||||&#8220; text_font_size=&#8220;16px&#8220; text_line_height=&#8220;2em&#8220; header_font=&#8220;||||||||&#8220; header_2_font=&#8220;Rubik|700|||||||&#8220; header_2_font_size=&#8220;40px&#8220; header_2_line_height=&#8220;1.4em&#8220; header_5_font=&#8220;Rubik|700||on|||||&#8220; header_5_text_color=&#8220;#2b76df&#8220; header_5_letter_spacing=&#8220;5px&#8220; header_5_line_height=&#8220;1.5em&#8220; max_width=&#8220;972px&#8220; module_alignment=&#8220;center&#8220; custom_margin=&#8220;|21px||||&#8220; custom_margin_tablet=&#8220;0px|||&#8220; custom_margin_last_edited=&#8220;off|desktop&#8220; text_line_height_last_edited=&#8220;off|desktop&#8220; header_2_font_size_tablet=&#8220;&#8220; header_2_font_size_phone=&#8220;30px&#8220; header_2_font_size_last_edited=&#8220;on|phone&#8220; global_colors_info=&#8220;{}&#8220;]<\/p>\n<h2 style=\"text-align: center;\">Infos rund um den offenen Ganztag<\/h2>\n<p>[\/et_pb_text][\/et_pb_column][\/et_pb_row][\/et_pb_section][et_pb_section fb_built=&#8220;1&#8243; admin_label=&#8220;Footer&#8220; _builder_version=&#8220;4.16&#8243; background_color=&#8220;rgba(214,214,214,0.6)&#8220; use_background_color_gradient=&#8220;on&#8220; background_color_gradient_stops=&#8220;rgba(255,255,255,0) 0%|rgba(41,196,169,0) 100%&#8220; background_color_gradient_start=&#8220;rgba(255,255,255,0)&#8220; background_color_gradient_end=&#8220;rgba(41,196,169,0)&#8220; background_enable_image=&#8220;off&#8220; parallax=&#8220;on&#8220; custom_margin=&#8220;|||&#8220; custom_padding=&#8220;|||&#8220; global_colors_info=&#8220;{}&#8220;][et_pb_row column_structure=&#8220;1_2,1_2&#8243; use_custom_gutter=&#8220;on&#8220; gutter_width=&#8220;2&#8243; make_equal=&#8220;on&#8220; _builder_version=&#8220;4.27.6&#8243; custom_padding=&#8220;|||&#8220; animation_style=&#8220;fade&#8220; border_radii=&#8220;on|10px|10px|10px|10px&#8220; global_colors_info=&#8220;{}&#8220;][et_pb_column type=&#8220;1_2&#8243; _builder_version=&#8220;4.16&#8243; custom_padding=&#8220;|||&#8220; global_colors_info=&#8220;{}&#8220; custom_padding__hover=&#8220;|||&#8220;][et_pb_accordion open_toggle_text_color=&#8220;#ffffff&#8220; open_toggle_background_color=&#8220;#f4f4f4&#8243; closed_toggle_background_color=&#8220;#4c5c67&#8243; admin_label=&#8220;Facilities Accordion&#8220; _builder_version=&#8220;4.27.6&#8243; toggle_text_color=&#8220;#ffffff&#8220; toggle_font=&#8220;Rubik|700|||||||&#8220; toggle_line_height=&#8220;1.4em&#8220; body_font=&#8220;|500|||||||&#8220; body_text_color=&#8220;#ffffff&#8220; body_line_height=&#8220;2em&#8220; width=&#8220;100%&#8220; custom_padding=&#8220;|||&#8220; body_line_height_last_edited=&#8220;off|desktop&#8220; global_colors_info=&#8220;{}&#8220;][et_pb_accordion_item title=&#8220;Tagesablauf &#8220; open=&#8220;on&#8220; open_toggle_text_color=&#8220;#000000&#8243; open_toggle_background_color=&#8220;#f4f4f4&#8243; closed_toggle_text_color=&#8220;#ffffff&#8220; closed_toggle_background_color=&#8220;#4c5c67&#8243; _builder_version=&#8220;4.27.6&#8243; body_text_color=&#8220;#000000&#8243; custom_margin=&#8220;||20px|&#8220; custom_padding=&#8220;|||&#8220; border_radii=&#8220;on|8px|8px|8px|8px&#8220; border_width_all=&#8220;0px&#8220; global_colors_info=&#8220;{}&#8220; toggle_text_color=&#8220;#000000&#8243;]<\/p>\n<p><span style=\"color: #000000;\">Mit dem Ende der zweiten gro\u00dfen Pause begleiten wir Ihr Kind von einem festen Treffpunkt auf dem Schulhof in seine jeweilige Gruppe und beginnen dort gemeinsam den Tag.<\/span><\/p>\n<p><span style=\"color: #000000;\">Seit dem Schuljahr 2024 sind die Eingangsklassen festen Gruppen zugeordnet:<\/span><\/p>\n<ul>\n<li><span style=\"color: #000000;\">Die <strong>Blaue Gruppe<\/strong> ist Partnerklasse der Pinguine E1 (Blaue Pinguine).<\/span><\/li>\n<li><span style=\"color: #000000;\">Die <strong>Gelbe Gruppe<\/strong> geh\u00f6rt zur Schildkr\u00f6tenklasse E2 (Gelbe Schildkr\u00f6ten).<\/span><\/li>\n<li><span style=\"color: #000000;\">Die <strong>Lila Gruppe<\/strong> betreut die Ameisen E3.<\/span><\/li>\n<li><span style=\"color: #000000;\">Die <strong>Rote Gruppe<\/strong> kooperiert mit der Partnerklasse E4.<\/span><\/li>\n<li><span style=\"color: #000000;\">Die <strong>Orange Gruppe<\/strong> ist der A2 zugeordnet.<\/span><\/li>\n<li><span style=\"color: #000000;\">Die <strong>Gr\u00fcne Gruppe<\/strong> befindet sich seit dem Schuljahr 2024 im 2. Obergeschoss und betreut die Kinder der A1.<\/span><\/li>\n<li><span style=\"color: #000000;\">Die <strong>T\u00fcrkise Gruppe<\/strong> besteht seit August 2024 als siebte Gruppe und betreut Kinder aus der A3 und A4.<\/span><\/li>\n<\/ul>\n<p><span style=\"color: #000000;\">Ihr Kind wird angehalten, sich selbstst\u00e4ndig in die Anwesenheitsliste der jeweiligen Gruppe einzutragen und sich auch wieder abzumelden. Bitte unterst\u00fctzen Sie Ihr Kind dabei und achten Sie darauf, dass es sich ordnungsgem\u00e4\u00df bei den Mitarbeitenden der Bezugsgruppe abmeldet.<\/span><\/p>\n<p><span style=\"color: #000000;\">Anschlie\u00dfend beginnt die Freispielzeit. Die Kinder k\u00f6nnen im Au\u00dfenbereich spielen und frische Luft schnappen oder in der Gruppe malen, basteln, spielen oder bereits zu Mittag essen.<\/span><\/p>\n<p><span style=\"color: #000000;\">Das Mittagessen wird nach der zweiten gro\u00dfen Pause ausgegeben. Es wird von unserem Caterer Remu\u00df geliefert und von unserem K\u00fcchenteam an die Kinder verteilt.<\/span><\/p>\n<p>[\/et_pb_accordion_item][et_pb_accordion_item title=&#8220; Lernzeit &#8220; open_toggle_text_color=&#8220;#000000&#8243; open_toggle_background_color=&#8220;#f4f4f4&#8243; closed_toggle_text_color=&#8220;#ffffff&#8220; closed_toggle_background_color=&#8220;#4c5c67&#8243; _builder_version=&#8220;4.27.6&#8243; body_text_color=&#8220;#000000&#8243; custom_margin=&#8220;||20px|&#8220; custom_padding=&#8220;|||&#8220; border_radii=&#8220;on|8px|8px|8px|8px&#8220; border_width_all=&#8220;0px&#8220; global_colors_info=&#8220;{}&#8220; toggle_text_color=&#8220;#000000&#8243; open=&#8220;off&#8220;]<\/p>\n<p>&nbsp;<\/p>\n<hr \/>\n<p><span style=\"color: #000000;\">Die Lernzeitbetreuung findet montags, dienstags (Lesezeit), mittwochs und donnerstags in der Zeit von 12:30 Uhr bis 14:30 Uhr statt.<\/span><\/p>\n<p><span style=\"color: #000000;\">F\u00fcr die Eingangsklassen betr\u00e4gt die Lernzeit 30 Minuten, f\u00fcr die Aufbauklassen 45 Minuten.<\/span><\/p>\n<p><span style=\"color: #000000;\">Die Lernzeitbetreuung erfolgt im Klassenverband unter Aufsicht von Lehrkr\u00e4ften sowie weiterem p\u00e4dagogischem Personal. In dieser Zeit erh\u00e4lt Ihr Kind die M\u00f6glichkeit, in ruhiger Atmosph\u00e4re die Lerninhalte des Vormittags zu vertiefen und aufzuarbeiten.<\/span><\/p>\n<p>[\/et_pb_accordion_item][et_pb_accordion_item title=&#8220;Arbeitsgemeinschaften am Nachmittag&#8220; open_toggle_text_color=&#8220;#000000&#8243; open_toggle_background_color=&#8220;#f4f4f4&#8243; closed_toggle_text_color=&#8220;#ffffff&#8220; closed_toggle_background_color=&#8220;#4c5c67&#8243; _builder_version=&#8220;4.27.6&#8243; body_text_color=&#8220;#000000&#8243; custom_margin=&#8220;||20px|&#8220; custom_padding=&#8220;|||&#8220; border_radii=&#8220;on|8px|8px|8px|8px&#8220; border_width_all=&#8220;0px&#8220; global_colors_info=&#8220;{}&#8220; toggle_text_color=&#8220;#000000&#8243; open=&#8220;off&#8220;]<\/p>\n<p data-start=\"94\" data-end=\"379\"><span style=\"color: #000000;\">Um Ihr Kind am Nachmittag spielerisch und kreativ zu f\u00f6rdern, bieten wir ein vielf\u00e4ltiges Spektrum an AG-Angeboten an. Diese werden von engagierten Unterst\u00fctzungskr\u00e4ften, Teilzeitkr\u00e4ften, Honorarkr\u00e4ften sowie externen Kooperationspartnern im Rahmen des Offenen Ganztags durchgef\u00fchrt.<\/span><\/p>\n<p data-start=\"381\" data-end=\"492\"><span style=\"color: #000000;\">Direkt nach den Herbstferien \u2013 nach einer gelungenen Eingew\u00f6hnungsphase \u2013 starten unsere Arbeitsgemeinschaften.<\/span><\/p>\n<p data-start=\"494\" data-end=\"684\"><span style=\"color: #000000;\">Von Montag bis Freitag finden im Nachmittagsbereich abwechslungsreiche AG- und F\u00f6rderangebote statt, die die individuellen Interessen und F\u00e4higkeiten der Kinder st\u00e4rken und weiterentwickeln.<\/span><\/p>\n<p><span style=\"color: #000000;\">\u00a0<\/span><\/p>\n<p>[\/et_pb_accordion_item][et_pb_accordion_item title=&#8220; Die R\u00e4umlichkeiten&#8220; open_toggle_text_color=&#8220;#000000&#8243; open_toggle_background_color=&#8220;#f4f4f4&#8243; closed_toggle_text_color=&#8220;#ffffff&#8220; closed_toggle_background_color=&#8220;#4c5c67&#8243; _builder_version=&#8220;4.27.3&#8243; body_text_color=&#8220;#000000&#8243; custom_margin=&#8220;||20px|&#8220; custom_padding=&#8220;|||&#8220; border_radii=&#8220;on|8px|8px|8px|8px&#8220; border_width_all=&#8220;0px&#8220; global_colors_info=&#8220;{}&#8220; toggle_text_color=&#8220;#000000&#8243; open=&#8220;off&#8220;]<\/p>\n<p><span style=\"color: #000000;\">Der Offene Ganztag nutzt eine Vielzahl an R\u00e4umlichkeiten, um den Kindern die M\u00f6glichkeit zu bieten, sich auch in Absprache zur\u00fcckziehen zu k\u00f6nnen:<\/span><\/p>\n<ul>\n<li><span style=\"color: #000000;\">Die Overbergschule nutzt sechs Gruppenr\u00e4ume, multifunktional eingerichtet, f\u00fcr die Betreuung und auch f\u00fcr den Unterricht, die liebevoll mit Ihrem Kind gestaltet werden. In den Gruppen ist in der Regel ein Kreativbereich eingerichtet, ein Ruhebereich und eine Bauecke. Eine Hochebene, in der blauen Gruppe, wird gerne als Spielbereich von allen Kindern genutzt.<\/span><\/li>\n<li><span style=\"color: #000000;\">Speiseraum: Die K\u00fcche mit dem Speisebereich f\u00fcr das t\u00e4gliche gemeinsame Mittagessen und f\u00fcr hauswirtschaftliche Angebote ist im Erdgeschoss<\/span><\/li>\n<li><span style=\"color: #000000;\">Eine Sch\u00fclerb\u00fccherei (&#8222;B\u00fccherinsel&#8220;) befindet sich im ersten Obergeschoss f\u00fcr vielf\u00e4ltige Leseangebote sowie\u00a0als R\u00fcckzugsm\u00f6glichkeit.<\/span><\/li>\n<li><span style=\"color: #000000;\">Bewegungsraum: ein Bewegungsraum im 2. Obergeschoss mit Teppichboden und Spiegelwand kann f\u00fcr verschiedene Angebote genutzt werden.<\/span><\/li>\n<li><span style=\"color: #000000;\">Klassenr\u00e4ume. auch die Klassenr\u00e4ume k\u00f6nnen f\u00fcr AG Angebote genutzt werden, so dass eine Entzerrung der Gruppen stattfinden kann und R\u00fcckzugsm\u00f6glichkeiten geschaffen werden .<\/span><\/li>\n<li><span style=\"color: #000000;\">Werkraum: im Keller befindet sich ein Werkraum voll ausgestattet mit Werkb\u00e4nken\/Werkzeugen f\u00fcr die Werk- und Krativ -Angebote.<\/span><\/li>\n<li><span style=\"color: #000000;\">Verteilt \u00fcber das Schulgeb\u00e4ude sind R\u00fcckzugs- und Spielnischen eingerichtet, die in Absprache gerne von Ihrem Kind genutzt werden d\u00fcrfen.<\/span><\/li>\n<li><span style=\"color: #000000;\">Die Turnhalle ist t\u00e4glich f\u00fcr die Offene Ganztagsschule ge\u00f6ffnet und wird f\u00fcr unser vielf\u00e4ltiges Sportangebot fortw\u00e4hrend genutzt.<\/span><\/li>\n<li><span style=\"color: #000000;\">Das Schulgel\u00e4nde ist seit 2022 neugestaltet wordet und l\u00e4dt zum gemeinsamen Spielen, Klettern, G\u00e4rtnern und wohlf\u00fchlen ein .<\/span><\/li>\n<\/ul>\n<p>[\/et_pb_accordion_item][et_pb_accordion_item title=&#8220;Abholzeiten&#8220; open_toggle_text_color=&#8220;#000000&#8243; open_toggle_background_color=&#8220;#f4f4f4&#8243; closed_toggle_text_color=&#8220;#ffffff&#8220; closed_toggle_background_color=&#8220;#4c5c67&#8243; _builder_version=&#8220;4.27.6&#8243; body_text_color=&#8220;#000000&#8243; custom_margin=&#8220;||20px|&#8220; custom_padding=&#8220;|||&#8220; border_radii=&#8220;on|8px|8px|8px|8px&#8220; border_width_all=&#8220;0px&#8220; global_colors_info=&#8220;{}&#8220; toggle_text_color=&#8220;#000000&#8243; open=&#8220;off&#8220;]<\/p>\n<h4><span style=\"color: #000000;\">Abholzeiten und Aufenthalt im Offenen Ganztag<\/span><\/h4>\n<p><span style=\"color: #000000;\">Damit sich die Kinder im Offenen Ganztag sicher, gesch\u00fctzt und in einer ruhigen Atmosph\u00e4re entfalten k\u00f6nnen, bitten wir alle Eltern, die folgenden Regelungen verbindlich zu beachten.<\/span><\/p>\n<h4><span style=\"color: #000000;\">\u00d6ffnungszeiten<\/span><\/h4>\n<ul>\n<li><span style=\"color: #000000;\"><strong>Fr\u00fchbetreuung:<\/strong> t\u00e4glich von 7:00 Uhr bis 7:45 Uhr<\/span><br \/><span style=\"color: #000000;\">(Begrenzung auf 10 Kinder \u2013 Anmeldung des Bedarfs im Sekretariat erforderlich)<\/span><\/li>\n<li><span style=\"color: #000000;\"><strong>Beginn der Ganztagsbetreuung:<\/strong> t\u00e4glich nach der 2. Pause um 11:50 Uhr<\/span><\/li>\n<li><span style=\"color: #000000;\"><strong>Betreuungsende:<\/strong><\/span>\n<ul>\n<li><span style=\"color: #000000;\">Montag bis Donnerstag: 15:00 Uhr oder 16:00 Uhr (je nach Anmeldung)<\/span><\/li>\n<li><span style=\"color: #000000;\">Freitag: 15:00 Uhr<\/span><\/li>\n<\/ul>\n<\/li>\n<\/ul>\n<h4><span style=\"color: #000000;\">Abholregelung<\/span><\/h4>\n<p><span style=\"color: #000000;\">Um den p\u00e4dagogischen Tagesablauf (Gruppenzeiten, Lernzeit, AG-Angebote) nicht zu st\u00f6ren, erfolgt die Abholung grunds\u00e4tzlich nur zu den festgelegten Zeiten um 15:00 Uhr oder 16:00 Uhr.<\/span><\/p>\n<p><span style=\"color: #000000;\">Eine fr\u00fchere Abholung ist ausschlie\u00dflich<\/span><\/p>\n<ul>\n<li><span style=\"color: #000000;\">bei einem dringenden Termin und<\/span><\/li>\n<li><span style=\"color: #000000;\">nach vorheriger Absprache mit der jeweiligen Gruppenleitung<\/span><\/li>\n<\/ul>\n<p><span style=\"color: #000000;\">m\u00f6glich.<\/span><\/p>\n<p><span style=\"color: #000000;\">Kinder, die alleine nach Hause gehen d\u00fcrfen, ben\u00f6tigen in diesen F\u00e4llen eine schriftliche Mitteilung mit Unterschrift der Erziehungsberechtigten.<\/span><\/p>\n<p><span style=\"color: #000000;\">Kinder, die nicht sp\u00e4testens bis 15:00 Uhr (freitags) bzw. 16:00 Uhr (Montag\u2013Donnerstag) abgeholt werden, sind nach diesen Zeiten nicht mehr durch das Ganztagsteam betreut. Eine Begleitung nach Hause ist aus versicherungsrechtlichen Gr\u00fcnden nicht m\u00f6glich.<\/span><\/p>\n<h4><span style=\"color: #000000;\">Aufenthalt im Geb\u00e4ude und auf dem Schulhof<\/span><\/h4>\n<p><span style=\"color: #000000;\">Wir bitten darum, Kinder z\u00fcgig abzuholen und sich nicht l\u00e4nger in den Gruppenr\u00e4umen oder auf dem Schulhof aufzuhalten.<\/span><\/p>\n<p><span style=\"color: #000000;\">Ein klar geregelter Rahmen tr\u00e4gt wesentlich dazu bei, dass die Kinder sich sicher f\u00fchlen und ihren Nachmittag ungest\u00f6rt in ihrer Gruppe verbringen k\u00f6nnen.<\/span><\/p>\n<h5><span style=\"color: #000000;\"><strong>Eingew\u00f6hnungszeit<\/strong><\/span><\/h5>\n<h5><span style=\"color: #000000;\"><strong>Den neuen Kindern wird bis zu den Herbstferien eine Eingew\u00f6hnungszeit erm\u00f6glicht. Bei Bedarf sprechen Sie bitte die jeweilige Gruppenleitung an, wenn vor\u00fcbergehend flexible Abholzeiten (z. B. vor oder nach der Lernzeit oder dem Mittagessen) notwendig sind.<\/strong><\/span><\/h5>\n<p><span style=\"color: #000000;\">Vielen Dank f\u00fcr Ihre Unterst\u00fctzung bei der Gestaltung eines ruhigen und verl\u00e4sslichen Ganztagsalltags.<\/span><\/p>\n<p>[\/et_pb_accordion_item][et_pb_accordion_item title=&#8220;Kooperationspartner \/ Honorart\u00e4tigkeit&#8220; open_toggle_text_color=&#8220;#000000&#8243; open_toggle_background_color=&#8220;#f4f4f4&#8243; closed_toggle_text_color=&#8220;#ffffff&#8220; closed_toggle_background_color=&#8220;#4c5c67&#8243; _builder_version=&#8220;4.27.6&#8243; body_text_color=&#8220;#000000&#8243; custom_margin=&#8220;||20px|&#8220; custom_padding=&#8220;|||&#8220; border_radii=&#8220;on|8px|8px|8px|8px&#8220; border_width_all=&#8220;0px&#8220; text_shadow_style=&#8220;preset2&#8243; global_colors_info=&#8220;{}&#8220; toggle_text_color=&#8220;#000000&#8243; open=&#8220;off&#8220;]<\/p>\n<p style=\"text-align: justify;\"><span style=\"color: #000000;\">Sind Sie interessiert an einer Kooperation mit uns? Bieten Sie eine besondere Arbeitsgemeinschaft an?<\/span><br \/><span style=\"color: #000000;\">Dann melden Sie sich gerne bei uns.<\/span><br \/><span style=\"color: #000000;\"><a href=\"mailto:Erlebach@stadt-muenster.de\" style=\"color: #000000;\">Erlebach@stadt-muenster.de<\/a><\/span><br \/><span style=\"color: #000000;\">oder 0251-98623242<\/span><\/p>\n<p>[\/et_pb_accordion_item][et_pb_accordion_item title=&#8220;Wir freuen uns auf Dich!  &#8220; open_toggle_text_color=&#8220;#000000&#8243; open_toggle_background_color=&#8220;#f4f4f4&#8243; closed_toggle_text_color=&#8220;#ffffff&#8220; closed_toggle_background_color=&#8220;#4c5c67&#8243; _builder_version=&#8220;4.27.6&#8243; body_text_color=&#8220;#000000&#8243; custom_margin=&#8220;||20px|&#8220; custom_padding=&#8220;|||&#8220; border_radii=&#8220;on|8px|8px|8px|8px&#8220; border_width_all=&#8220;0px&#8220; global_colors_info=&#8220;{}&#8220; toggle_text_color=&#8220;#000000&#8243; open=&#8220;off&#8220;]<\/p>\n<ul><\/ul>\n<p>&nbsp;<\/p>\n<h4><span style=\"color: #000000;\">Mitarbeitende, Kooperationen und Praktika<\/span><\/h4>\n<p><span style=\"color: #000000;\">Im Rahmen unseres Angebotes im <strong>Offenen Ganztag<\/strong>, der inzwischen zum freien Tr\u00e4ger <strong>SEHT e.V.<\/strong> \u00fcbergeleitet wurde, arbeiten wir mit:<\/span><\/p>\n<ul>\n<li><span style=\"color: #000000;\">Honorarkr\u00e4ften<\/span><\/li>\n<li><span style=\"color: #000000;\">Kooperationspartnern<\/span><\/li>\n<li><span style=\"color: #000000;\">NTKS (Niedrigteilzeitkr\u00e4ften)<\/span><\/li>\n<\/ul>\n<h4><span style=\"color: #000000;\">Praktikumsm\u00f6glichkeiten<\/span><\/h4>\n<p><span style=\"color: #000000;\">Wir bieten Praktikumspl\u00e4tze in folgenden Bereichen an:<\/span><\/p>\n<ul>\n<li><span style=\"color: #000000;\">Bundesfreiwilligendienst (BUFDI)<\/span><\/li>\n<li><span style=\"color: #000000;\">Freiwilliges Soziales Jahr (FSJ)<\/span><\/li>\n<li><span style=\"color: #000000;\">Oberstufenpraktikum im Rahmen der Erzieherausbildung<\/span><\/li>\n<li><span style=\"color: #000000;\">Unterstufenpraktikum im Rahmen der Erzieherausbildung<\/span><\/li>\n<li><span style=\"color: #000000;\">FOS-Praktikum (Fachoberschule)<\/span><\/li>\n<li><span style=\"color: #000000;\">Berufsfeldpraktikum<\/span><\/li>\n<\/ul>\n<p><span style=\"color: #000000;\">Unterj\u00e4hrig erm\u00f6glichen wir zus\u00e4tzlich Praktika f\u00fcr Unter- und Oberstufensch\u00fcler*innen der Erzieherausbildung.<\/span><\/p>\n<h4><span style=\"color: #000000;\">Bescheinigungen<\/span><\/h4>\n<p><span style=\"color: #000000;\">Alle Praktika werden nach Beendigung durch den neuen Tr\u00e4ger <strong>SEHT e.V.<\/strong> bescheinigt.<\/span><\/p>\n<h4><span style=\"color: #000000;\">Bewerbungen<\/span><\/h4>\n<p><span style=\"color: #000000;\">Schriftliche Bewerbungen richten Sie bitte an:<\/span><\/p>\n<p><span style=\"color: #000000;\">\u00a0<\/span><\/p>\n<p><span style=\"color: #000000;\"><a href=\"mailto\" style=\"color: #000000;\">erlebach@stadt-muenster.de\u00a0<\/a><\/span><\/p>\n<hr \/>\n<p><span style=\"color: #000000;\">\u00a0<\/span><\/p>\n<p>[\/et_pb_accordion_item][et_pb_accordion_item title=&#8220;Das Ganztags-ABC&#8220; open_toggle_text_color=&#8220;#000000&#8243; _builder_version=&#8220;4.27.6&#8243; body_text_color=&#8220;#000000&#8243; body_font_size=&#8220;15px&#8220; global_colors_info=&#8220;{}&#8220; toggle_text_color=&#8220;#000000&#8243; open=&#8220;off&#8220;]<\/p>\n<p><span style=\"color: #000000;\"><strong>A wie Anmeldung zum Offenen Ganztag:<\/strong> Bitte denken Sie daran, wenn Sie einen Platz im Offenen Ganztag in Anspruch nehmen m\u00f6chten, ihr Kind immer bis zur Frist,<strong> bis sp\u00e4testens 1.Oktober eines Jahres<\/strong> bei uns im Sekretariat anzumelden. Unterj\u00e4hrig nehmen wir keine Kinder auf.<\/span><br \/><span style=\"color: #000000;\"><strong>B wie BIS Mittag Betreuung:<\/strong> Ein Bis Mittag Kind bleibt bis 13:00\/ 13:15 Uhr nach der 6. Stunde. F\u00fcr diese Kinder gibt es keine Mittagsverpflegung , noch ein AG-Angebot.<\/span><br \/><span style=\"color: #000000;\"><strong>C wie Caterer:<\/strong> Unser Caterer ist die Firma Remu\u00df.<\/span><br \/><span style=\"color: #000000;\"><strong>D wie Durchwahl:<\/strong> So erreichen Sie uns im Notfall: Alle Gruppen sind mit einem Diensthandy ausgestattet. Die Telefonnummern entnehmen Sie bitte den Kontakten aus dem Reiter Team.<\/span><br \/><span style=\"color: #000000;\"><strong>E wie Elternarbeit:<\/strong> Wir legen gro\u00dfen Wert auf eine gute Elternarbeit. Elterngespr\u00e4che k\u00f6nnen Sie bei den Gruppenleitungen erfragen.<\/span><br \/><span style=\"color: #000000;\"><strong>F wie Ferienbetreuung:<\/strong> NEU!!! Das Ganztagsteam wird Sie rechtzeitig \u00fcber die Anmelde Zeiten und- Fristen sowie auch Stornisrungsfristen unterrichten. Bitte schauen Sie daher immer auf unsere Elternwand im Flur des OGT\u00b4s. Es wird eine Teilnahmegeb\u00fchr erhoben.<\/span><\/p>\n<hr \/>\n<h4><span style=\"color: #000000;\">Ferienbetreuung 2026 <\/span><\/h4>\n<h4><span style=\"color: #000000;\">MO-Do 8:00-16:00 Uhr FR8:00-15:00 Uhr<\/span><\/h4>\n<p><span style=\"color: #000000;\"><strong>Osterferien 2026<\/strong><\/span><\/p>\n<ul>\n<li style=\"list-style-type: none;\">\n<ol>\n<li><span style=\"color: #000000;\">Woche: 30.03. \u2013 02.04.2026<\/span><\/li>\n<\/ol>\n<ol start=\"2\">\n<li><span style=\"color: #000000;\">Woche: 06.04. \u2013 09.04.2026<\/span><br \/><span style=\"color: #000000;\"><em>(jeweils vier Tage, gesetzliche Feiertage ausgeschlossen)<\/em><\/span><\/li>\n<\/ol>\n<\/li>\n<\/ul>\n<p><span style=\"color: #000000;\"><strong>Sommerferien 2026<\/strong><\/span><\/p>\n<ul>\n<li style=\"list-style-type: none;\">\n<ol>\n<li><span style=\"color: #000000;\">Woche: 20.07. \u2013 24.07.2026<\/span><\/li>\n<\/ol>\n<ol start=\"2\">\n<li><span style=\"color: #000000;\">Woche: 27.07. \u2013 31.07.2026<\/span><\/li>\n<\/ol>\n<ol start=\"3\">\n<li><span style=\"color: #000000;\">Woche: 03.08. \u2013 07.08.2026<\/span><\/li>\n<\/ol>\n<\/li>\n<\/ul>\n<p><span style=\"color: #000000;\"><strong>Herbstferien 2026<\/strong><\/span><\/p>\n<ul>\n<li><span style=\"color: #000000;\">17.10. \u2013 31.10.2026 <\/span><\/li>\n<li><span style=\"color: #000000;\">An diesen Wochen bieten wir ganzt\u00e4gige Betreuung mit abwechslungsreichen Aktivit\u00e4ten &amp; Spiele f\u00fcr Kinder an.<\/span><\/li>\n<\/ul>\n<p><span style=\"color: #000000;\"><strong>G wie Gruppenstunde:<\/strong> Ein wichtiger Baustein in der Erziehung ist das soziale Lernen. Hierf\u00fcr haben wir immer freitags eine Gruppenstunde f\u00fcr jede Gruppe eingerichtet. Von 13:45 Uhr- ca.14:30 Uhr. Die Gruppenstunde bietet Raum, die Anliegen der Kinder wahrzunehmen, Regeln zu besprechen, Das Ganztagsleben partizipativ mitzugestalten oder Gruppenp\u00e4dagogische Angebote anzubieten.<\/span><br \/><span style=\"color: #000000;\"><strong>H wie Hausschuhe:<\/strong> Um Verletzungen und kalte F\u00fc\u00dfe zu verhindern geben Sie unbedingt Ihrem Kind Hausschuhe f\u00fcr den Nachmittag mit!<\/span><br \/><span style=\"color: #000000;\"><strong>I wie Integration:<\/strong> In unserem Selbstverst\u00e4ndnis ist die Integration ein wichtiger Baustein f\u00fcr den OGS Alltag.<\/span><br \/><span style=\"color: #000000;\"><strong>J wie Jugendhilfe:<\/strong> Der Tr\u00e4ger des Ganztags ist ab dem 1.Februar 2025\u00a0 SEHT e.V. Viele Mitarbeitende bleiben in Gestellung bei der Stadt M\u00fcnster (Amt f\u00fcr Kinder, Jugendliche und Familien)\u00a0 wir verfolgen das Leitbild der Jugendhilfe: \u201eJeder Mensch hat ein Recht auf F\u00f6rderung seiner Entwicklung und auf Erziehung zu einer Eigenverantwortlichen und gemeinschaftlichen Pers\u00f6nlichkeit.\u201c<\/span><br \/><span style=\"color: #000000;\"><strong>K wie Kreativit\u00e4t:<\/strong> F\u00fcr die Entwicklung Ihres Kindes ist es wichtig kreative Anreize zu schaffen. Hierf\u00fcr bieten wir verschiedene Angebote im Nachmittag an.<\/span><br \/><span style=\"color: #000000;\"><strong>L wie Lernzeit \/ Lesezeit:<\/strong> Die <strong data-start=\"4\" data-end=\"16\">Lernzeit<\/strong> findet f\u00fcr die <strong data-start=\"32\" data-end=\"62\">Eingangsklassen (E-Stufen)<\/strong> und die <strong data-start=\"71\" data-end=\"98\">Aufbaustufen (A-Stufen)<\/strong> am <strong data-start=\"102\" data-end=\"166\">Montag, Mittwoch und Donnerstag zwischen 12:30 und 14:30 Uhr<\/strong> statt.<br data-start=\"173\" data-end=\"176\" \/>Innerhalb dieses Zeitfensters arbeiten die <strong data-start=\"219\" data-end=\"242\">E-Stufen 30 Minuten<\/strong>, die <strong data-start=\"248\" data-end=\"271\">A-Stufen 45 Minuten<\/strong>.<\/span><br \/><span style=\"color: #000000;\"><strong>M wie Miteinander:<\/strong> Sehr gro\u00dfen Wert legen wir auf ein respektvolles Miteinander<\/span><br \/><span style=\"color: #000000;\"><strong>N wie Niedrigteilzeitkraft:<\/strong> Im Ganztag besch\u00e4ftigen wir mehrere Niedrigteilzeitkr\u00e4fte, die uns in der p\u00e4dagogischen Arbeit unterst\u00fctzen.<\/span><br \/><span style=\"color: #000000;\"><strong>O wie Offener Ganztag<\/strong><\/span><br \/><span style=\"color: #000000;\"><strong>P wie Personal:<\/strong> Wir legen gro\u00dfen Wert auf gut ausgebildetes Personal. Deshalb bilden wir gerne p\u00e4dagogische Fachkr\u00e4fte aus.<\/span><br \/><span style=\"color: #000000;\"><strong>Q wie Qualit\u00e4tsstandards OGT:<\/strong>In Anlehnung an die Qualit\u00e4tsstandards f\u00fchren wir mit bestem Wissen und Gewissen die Arbeit im Ganztag aus.<\/span><br \/><span style=\"color: #000000;\"><strong>R wie Randzeitenbetreuung:<\/strong> <strong data-start=\"53\" data-end=\"70\">Fr\u00fchbetreuung<\/strong><br data-start=\"70\" data-end=\"73\" \/>Wir bieten von Montag bis Freitag eine Fr\u00fchbetreuung ab 7:00 Uhr an.<br data-start=\"143\" data-end=\"146\" data-is-only-node=\"\" \/>Voraussetzung f\u00fcr die Teilnahme ist eine <strong data-start=\"189\" data-end=\"217\">Arbeitgeberbescheinigung<\/strong>, die den Betreuungsbedarf best\u00e4tigt.<br data-start=\"254\" data-end=\"257\" \/>Diese Bescheinigung muss <strong data-start=\"284\" data-end=\"314\">beim Schulleiter vorgelegt<\/strong> oder im <strong data-start=\"323\" data-end=\"350\">Sekretariat eingereicht<\/strong> werden.<\/span><\/p>\n<p><span style=\"color: #000000;\"><strong>S wie Sozialraum: <\/strong>Ihr Kind verbringt viel Zeit mit seinen Freunden bei uns in der offenen Ganztag. Hier bieten wir einen Schutzraum f\u00fcr Ihre Kind, so dass es sich wohlf\u00fchlt und bestm\u00f6glichst gef\u00f6rdert wird.<\/span><br \/><span style=\"color: #000000;\"><strong>T wie Team:<\/strong>Wir sind in einem multiprofessionellen Team f\u00fcr ihr Kind da. Das Team besteht aus ErzieherInnen, Sozialp\u00e4dagogInnen, und anderen Unterst\u00fctzungskr\u00e4ften. Au\u00dferdem sind wir eng vernetzt mit dem Vormitagsteam.<\/span><br \/><span style=\"color: #000000;\"><strong>U wie Unterst\u00fctzung: <\/strong><em>Wir begleiten und unterst\u00fctzen Ihr Kind in allen Belangen. Wenn Sie Fragen haben oder Hilfe ben\u00f6tigen \u2013 bei welchem Anliegen auch immer \u2013 sprechen Sie uns jederzeit gerne an.<\/em><\/span><\/p>\n<p><span style=\"color: #000000;\"><strong>V wie Vielf\u00e4ltigkeit:<\/strong> Bei uns kann jedes Kind seine Individualit\u00e4t leben. Wir f\u00f6rdern seine Talente und begleiten es, neugierig, selbstbewusst und vielf\u00e4ltig zu wachsen.<\/span><br \/><span style=\"color: #000000;\"><strong>W wie Wir Gef\u00fchl.<\/strong><\/span><br \/><span style=\"color: #000000;\"><strong>X<\/strong>\u2026<\/span><br \/><span style=\"color: #000000;\"><strong>Y<\/strong> \u2026<\/span><br \/><span style=\"color: #000000;\"><strong>Z wie Zeit:<\/strong> Wir nehmen uns Zeit f\u00fcr die Anliegen ihrer Kinder und Ihre Anliegen.<\/span><\/p>\n<p>[\/et_pb_accordion_item][et_pb_accordion_item title=&#8220;Downloads-Elternbriefe-Infos&#8220; _builder_version=&#8220;4.27.6&#8243; global_colors_info=&#8220;{}&#8220; open=&#8220;off&#8220;][\/et_pb_accordion_item][\/et_pb_accordion][et_pb_cta title=&#8220;Kontakt &#8220; button_url=&#8220;#top&#8220; _builder_version=&#8220;4.27.4&#8243; header_font=&#8220;Rubik|700|||||||&#8220; header_font_size=&#8220;40px&#8220; header_line_height=&#8220;1.7em&#8220; body_font=&#8220;Rubik||||||||&#8220; body_line_height=&#8220;2em&#8220; background_color=&#8220;#ffffff&#8220; custom_button=&#8220;on&#8220; button_text_size=&#8220;16px&#8220; button_text_color=&#8220;#ffffff&#8220; button_bg_color=&#8220;#7f5aff&#8220; button_border_width=&#8220;10px&#8220; button_border_color=&#8220;rgba(65,65,144,0)&#8220; button_border_radius=&#8220;70px&#8220; button_font=&#8220;Rubik|700|||||||&#8220; button_use_icon=&#8220;off&#8220; text_orientation=&#8220;left&#8220; background_layout=&#8220;light&#8220; max_width_last_edited=&#8220;off|desktop&#8220; module_alignment=&#8220;right&#8220; custom_margin=&#8220;|||&#8220; custom_padding=&#8220;64px|60px|64px|60px|true&#8220; header_font_size_tablet=&#8220;&#8220; header_font_size_phone=&#8220;30px&#8220; header_font_size_last_edited=&#8220;on|phone&#8220; body_line_height_last_edited=&#8220;off|desktop&#8220; border_radii=&#8220;on|10px|10px|10px|10px&#8220; button_text_color_hover=&#8220;#ffffff&#8220; button_border_radius_hover=&#8220;70px&#8220; button_bg_color_hover=&#8220;#9577ff&#8220; global_colors_info=&#8220;{}&#8220; button_text_size__hover_enabled=&#8220;off&#8220; button_one_text_size__hover_enabled=&#8220;off&#8220; button_two_text_size__hover_enabled=&#8220;off&#8220; button_text_color__hover_enabled=&#8220;on&#8220; button_text_color__hover=&#8220;#ffffff&#8220; button_one_text_color__hover_enabled=&#8220;off&#8220; button_two_text_color__hover_enabled=&#8220;off&#8220; button_border_width__hover_enabled=&#8220;off&#8220; button_one_border_width__hover_enabled=&#8220;off&#8220; button_two_border_width__hover_enabled=&#8220;off&#8220; button_border_color__hover_enabled=&#8220;off&#8220; button_one_border_color__hover_enabled=&#8220;off&#8220; button_two_border_color__hover_enabled=&#8220;off&#8220; button_border_radius__hover_enabled=&#8220;on&#8220; button_border_radius__hover=&#8220;70px&#8220; button_one_border_radius__hover_enabled=&#8220;off&#8220; button_two_border_radius__hover_enabled=&#8220;off&#8220; button_letter_spacing__hover_enabled=&#8220;off&#8220; button_one_letter_spacing__hover_enabled=&#8220;off&#8220; button_two_letter_spacing__hover_enabled=&#8220;off&#8220; button_bg_color__hover_enabled=&#8220;on&#8220; button_bg_color__hover=&#8220;#9577ff&#8220; button_one_bg_color__hover_enabled=&#8220;off&#8220; button_two_bg_color__hover_enabled=&#8220;off&#8220;]<\/p>\n<p><strong>Verwaltung<\/strong><br \/><strong>Adresse:<\/strong> Margaretenstra\u00dfe 6, 48145 M\u00fcnster<br \/><strong>Telefon:<\/strong> 0251-9862-3440 (neue 8-stellige Rufnummer ab 25.9.2024)<br \/><strong>E-Mail:<\/strong> <a href=\"mailto:overbergschule@stadt-muenster.de\">overbergschule@stadt-muenster.de<\/a><br \/><strong>Schulleitung:<\/strong> Sebastian Teichmann<br \/><strong>Sekretariats-\u00d6ffnungszeiten:<\/strong><br \/>Montag bis Donnerstag: 7:45-12:30<\/p>\n<p>[\/et_pb_cta][\/et_pb_column][et_pb_column type=&#8220;1_2&#8243; _builder_version=&#8220;4.16&#8243; custom_padding=&#8220;|||&#8220; global_colors_info=&#8220;{}&#8220; custom_padding__hover=&#8220;|||&#8220;][et_pb_cta title=&#8220;B\u00fcro Offener Ganztag&#8220; button_url=&#8220;#top&#8220; _builder_version=&#8220;4.16&#8243; header_font=&#8220;Rubik|700|||||||&#8220; header_font_size=&#8220;40px&#8220; header_line_height=&#8220;1.5em&#8220; body_font=&#8220;Rubik||||||||&#8220; body_line_height=&#8220;2em&#8220; background_color=&#8220;#ffffff&#8220; custom_button=&#8220;on&#8220; button_text_size=&#8220;16px&#8220; button_text_color=&#8220;#ffffff&#8220; button_bg_color=&#8220;#7f5aff&#8220; button_border_width=&#8220;10px&#8220; button_border_color=&#8220;rgba(65,65,144,0)&#8220; button_border_radius=&#8220;70px&#8220; button_font=&#8220;Rubik|700|||||||&#8220; button_use_icon=&#8220;off&#8220; text_orientation=&#8220;left&#8220; background_layout=&#8220;light&#8220; max_width_last_edited=&#8220;off|desktop&#8220; module_alignment=&#8220;right&#8220; custom_margin=&#8220;|||&#8220; custom_padding=&#8220;64px|60px|64px|60px|true&#8220; header_font_size_tablet=&#8220;&#8220; header_font_size_phone=&#8220;30px&#8220; header_font_size_last_edited=&#8220;on|phone&#8220; body_line_height_last_edited=&#8220;off|desktop&#8220; border_radii=&#8220;on|10px|10px|10px|10px&#8220; button_text_color_hover=&#8220;#ffffff&#8220; button_border_radius_hover=&#8220;70px&#8220; button_bg_color_hover=&#8220;#9577ff&#8220; global_colors_info=&#8220;{}&#8220; button_text_size__hover_enabled=&#8220;off&#8220; button_one_text_size__hover_enabled=&#8220;off&#8220; button_two_text_size__hover_enabled=&#8220;off&#8220; button_text_color__hover_enabled=&#8220;on&#8220; button_text_color__hover=&#8220;#ffffff&#8220; button_one_text_color__hover_enabled=&#8220;off&#8220; button_two_text_color__hover_enabled=&#8220;off&#8220; button_border_width__hover_enabled=&#8220;off&#8220; button_one_border_width__hover_enabled=&#8220;off&#8220; button_two_border_width__hover_enabled=&#8220;off&#8220; button_border_color__hover_enabled=&#8220;off&#8220; button_one_border_color__hover_enabled=&#8220;off&#8220; button_two_border_color__hover_enabled=&#8220;off&#8220; button_border_radius__hover_enabled=&#8220;on&#8220; button_border_radius__hover=&#8220;70px&#8220; button_one_border_radius__hover_enabled=&#8220;off&#8220; button_two_border_radius__hover_enabled=&#8220;off&#8220; button_letter_spacing__hover_enabled=&#8220;off&#8220; button_one_letter_spacing__hover_enabled=&#8220;off&#8220; button_two_letter_spacing__hover_enabled=&#8220;off&#8220; button_bg_color__hover_enabled=&#8220;on&#8220; button_bg_color__hover=&#8220;#9577ff&#8220; button_one_bg_color__hover_enabled=&#8220;off&#8220; button_two_bg_color__hover_enabled=&#8220;off&#8220;]<\/p>\n<p><span class=\"w8qArf\"><strong>Adresse:<\/strong> Margaretenstra\u00dfe 6, 48145 M\u00fcnster<br \/><strong>Telefon:<\/strong> 0251-98623242<br \/><strong>E-Mail:<\/strong><a href=\"mailto:erlebach@stadt-muenster.de\"> erlebach@stadt-muenster.de<\/a><br \/><strong>OGT-Koordination:<\/strong> Jenny Erlebach<\/span><br \/>\u00a0<\/p>\n<p>[\/et_pb_cta][\/et_pb_column][\/et_pb_row][\/et_pb_section]<\/p>\n","protected":false},"excerpt":{"rendered":"<p>\u00a0T\u00e4glich hei\u00dfen wir Ihre Kinder bei uns im direkten Anschlussan den Unterricht willkommen. Dort werden sie in sieben Gruppen von unserem TeamMontag bis Donnerstag bis 15:00 und sp\u00e4testens bis 16:00 Uhr begleitet und gef\u00f6rdert. &nbsp; Freitags hat der Offene Ganztag bis 15 Uhr ge\u00f6ffnet. Wir schaffen f\u00fcr Ihr Kind mit vielen tollen Angeboten einen Ausgleich [&hellip;]<\/p>\n","protected":false},"author":2,"featured_media":2110,"parent":0,"menu_order":0,"comment_status":"closed","ping_status":"closed","template":"","meta":{"_et_pb_use_builder":"on","_et_pb_old_content":"","_et_gb_content_width":"","_mc_calendar":[],"footnotes":""},"class_list":["post-178","page","type-page","status-publish","has-post-thumbnail","hentry"],"_links":{"self":[{"href":"https:\/\/muenster.org\/overbergschule\/wp-json\/wp\/v2\/pages\/178","targetHints":{"allow":["GET"]}}],"collection":[{"href":"https:\/\/muenster.org\/overbergschule\/wp-json\/wp\/v2\/pages"}],"about":[{"href":"https:\/\/muenster.org\/overbergschule\/wp-json\/wp\/v2\/types\/page"}],"author":[{"embeddable":true,"href":"https:\/\/muenster.org\/overbergschule\/wp-json\/wp\/v2\/users\/2"}],"replies":[{"embeddable":true,"href":"https:\/\/muenster.org\/overbergschule\/wp-json\/wp\/v2\/comments?post=178"}],"version-history":[{"count":149,"href":"https:\/\/muenster.org\/overbergschule\/wp-json\/wp\/v2\/pages\/178\/revisions"}],"predecessor-version":[{"id":4278,"href":"https:\/\/muenster.org\/overbergschule\/wp-json\/wp\/v2\/pages\/178\/revisions\/4278"}],"wp:featuredmedia":[{"embeddable":true,"href":"https:\/\/muenster.org\/overbergschule\/wp-json\/wp\/v2\/media\/2110"}],"wp:attachment":[{"href":"https:\/\/muenster.org\/overbergschule\/wp-json\/wp\/v2\/media?parent=178"}],"curies":[{"name":"wp","href":"https:\/\/api.w.org\/{rel}","templated":true}]}}