{"id":19,"date":"2020-03-30T18:57:04","date_gmt":"2020-03-30T16:57:04","guid":{"rendered":"http:\/\/muenster.org\/overbergschule\/?page_id=19"},"modified":"2026-03-23T15:27:17","modified_gmt":"2026-03-23T14:27:17","slug":"about","status":"publish","type":"page","link":"https:\/\/muenster.org\/overbergschule\/","title":{"rendered":"HOME"},"content":{"rendered":"<p>[et_pb_section fb_built=&#8220;1&#8243; fullwidth=&#8220;on&#8220; admin_label=&#8220;Header Section&#8220; _builder_version=&#8220;4.16&#8243; background_enable_image=&#8220;off&#8220; parallax=&#8220;on&#8220; top_divider_color=&#8220;rgba(255,255,255,0.6)&#8220; top_divider_height=&#8220;30%&#8220; global_colors_info=&#8220;{}&#8220;][et_pb_fullwidth_header title=&#8220;Grundschule im Ost- und Hansaviertel&#8220; subhead=&#8220;Willkommen in der Overbergschule &#8220; text_orientation=&#8220;center&#8220; button_one_text=&#8220;Aktuelle Beitr\u00e4ge&#8220; button_one_url=&#8220;https:\/\/muenster.org\/overbergschule\/blog\/&#8220; _builder_version=&#8220;4.27.6&#8243; title_level=&#8220;h2&#8243; title_font=&#8220;Rubik|700||on|||||&#8220; title_text_color=&#8220;#ff7355&#8243; title_font_size=&#8220;16px&#8220; title_letter_spacing=&#8220;5px&#8220; title_line_height=&#8220;2em&#8220; content_font=&#8220;Rubik||||||||&#8220; content_font_size=&#8220;18px&#8220; content_line_height=&#8220;2em&#8220; subhead_font=&#8220;Rubik|700|||||||&#8220; subhead_text_color=&#8220;rgba(0,0,0,0.8)&#8220; subhead_font_size=&#8220;50px&#8220; subhead_line_height=&#8220;1.4em&#8220; background_color=&#8220;rgba(255,250,242,0.9)&#8220; background_image=&#8220;https:\/\/muenster.org\/overbergschule\/wp-content\/uploads\/2020\/05\/home-overberg.jpg&#8220; background_size=&#8220;contain&#8220; background_position=&#8220;bottom_center&#8220; custom_button_one=&#8220;on&#8220; button_one_text_size=&#8220;16px&#8220; button_one_text_color=&#8220;#ffffff&#8220; button_one_bg_color=&#8220;#ff7355&#8243; button_one_border_width=&#8220;15px&#8220; button_one_border_color=&#8220;rgba(210,159,104,0)&#8220; button_one_border_radius=&#8220;100px&#8220; button_one_letter_spacing=&#8220;0px&#8220; button_one_font=&#8220;Rubik|700|||||||&#8220; button_one_use_icon=&#8220;off&#8220; custom_button_two=&#8220;on&#8220; button_two_text_size=&#8220;16px&#8220; button_two_text_color=&#8220;#ffffff&#8220; button_two_bg_color=&#8220;rgba(0,0,0,0.6)&#8220; button_two_border_width=&#8220;15px&#8220; button_two_border_color=&#8220;rgba(210,159,104,0)&#8220; button_two_border_radius=&#8220;100px&#8220; button_two_letter_spacing=&#8220;0px&#8220; button_two_font=&#8220;Rubik|700|||||||&#8220; button_two_use_icon=&#8220;off&#8220; background_layout=&#8220;light&#8220; custom_margin=&#8220;|||&#8220; custom_padding=&#8220;4vw||31vw|||&#8220; animation_style=&#8220;slide&#8220; animation_direction=&#8220;bottom&#8220; animation_intensity_slide=&#8220;1%&#8220; hover_enabled=&#8220;0&#8243; content_font_size_tablet=&#8220;&#8220; content_font_size_phone=&#8220;16px&#8220; content_font_size_last_edited=&#8220;on|phone&#8220; subhead_font_size_tablet=&#8220;&#8220; subhead_font_size_phone=&#8220;30px&#8220; subhead_font_size_last_edited=&#8220;on|phone&#8220; box_shadow_style=&#8220;preset6&#8243; box_shadow_vertical=&#8220;-10px&#8220; box_shadow_color=&#8220;rgba(0,0,0,0.2)&#8220; button_one_border_radius_hover=&#8220;100px&#8220; button_two_border_radius_hover=&#8220;100px&#8220; button_one_bg_color_hover=&#8220;#ff8a70&#8243; button_two_bg_color_hover=&#8220;#ff8a70&#8243; global_colors_info=&#8220;{}&#8220; button_one_text_size__hover_enabled=&#8220;off&#8220; button_two_text_size__hover_enabled=&#8220;off&#8220; button_one_text_color__hover_enabled=&#8220;off&#8220; button_two_text_color__hover_enabled=&#8220;off&#8220; button_one_border_width__hover_enabled=&#8220;off&#8220; button_two_border_width__hover_enabled=&#8220;off&#8220; button_one_border_color__hover_enabled=&#8220;off&#8220; button_two_border_color__hover_enabled=&#8220;off&#8220; button_one_border_radius__hover_enabled=&#8220;on&#8220; button_one_border_radius__hover=&#8220;100px&#8220; button_two_border_radius__hover_enabled=&#8220;on&#8220; button_two_border_radius__hover=&#8220;100px&#8220; button_one_letter_spacing__hover_enabled=&#8220;off&#8220; button_two_letter_spacing__hover_enabled=&#8220;off&#8220; button_one_bg_color__hover_enabled=&#8220;on&#8220; button_one_bg_color__hover=&#8220;#ff8a70&#8243; button_two_bg_color__hover_enabled=&#8220;on&#8220; button_two_bg_color__hover=&#8220;#ff8a70&#8243; sticky_enabled=&#8220;0&#8243;]<\/p>\n<p>&nbsp;<\/p>\n<p>Liebe Eltern und Erziehungsberechtigte, Kinder, ehemalige, Freunde und Interessierte an der Overbergschule,<\/p>\n<p>&nbsp;<\/p>\n<p>hier finden Sie unseren Internetauftritt.<br \/>Schauen Sie sich gerne um! Bei Fragen freuen wir uns \u00fcber einen <a href=\"https:\/\/muenster.org\/overbergschule\/kontakt\/\">Anruf oder eine Email<\/a>.<\/p>\n<p>F\u00fcr das Schulteam der Overbergschule<br \/>Ihr Sebastian Teichmann<\/p>\n<p>&nbsp;<\/p>\n<p>+++ Aktuelle Termine und Informationen+++<\/p>\n<p>26.03.2026 Sponsorenlauf der OVS!<\/p>\n<p>30.03. bis 10.04.2026 Osterferien<\/p>\n<p><a href=\"https:\/\/muenster.org\/overbergschule\/4193-2\/\">22.04.2026 Jetzt mal ehrlich?! Lesung und Gespr\u00e4ch mit Steffi Bohle und Carsten M\u00fcller<\/a><\/p>\n<p>28.04.2026 Schulinterne Lehrerfortbildung (unterrichtsfrei)<\/p>\n<p><span class=\"date-wrapper\"><span class=\"mc-start-date dtstart\" title=\"2025-10-07T19:00:00+02:00\" content=\"2025-10-07T19:00:00+02:00\">+++<\/span><\/span><\/p>\n<p>&nbsp;<\/p>\n<p>[\/et_pb_fullwidth_header][\/et_pb_section][et_pb_section fb_built=&#8220;1&#8243; custom_padding_last_edited=&#8220;off|desktop&#8220; background_color_gradient_stops_1=&#8220;#2b87da 0%|#c7cbd4 100%&#8220; background_color_gradient_end_1=&#8220;#c7cbd4&#8243; admin_label=&#8220;Two CTA Section&#8220; _builder_version=&#8220;4.16&#8243; custom_padding=&#8220;0px||0px||true&#8220; custom_padding_tablet=&#8220;20px||10px|&#8220; global_colors_info=&#8220;{}&#8220;][et_pb_row column_structure=&#8220;1_2,1_2&#8243; use_custom_gutter=&#8220;on&#8220; gutter_width=&#8220;1&#8243; make_equal=&#8220;on&#8220; padding_top_bottom_link_1=&#8220;true&#8220; padding_top_bottom_link_2=&#8220;true&#8220; admin_label=&#8220;Two CTA Row&#8220; module_class=&#8220; et_pb_row_fullwidth&#8220; _builder_version=&#8220;4.16&#8243; width=&#8220;100%&#8220; width_tablet=&#8220;100%&#8220; width_phone=&#8220;&#8220; width_last_edited=&#8220;on|desktop&#8220; max_width=&#8220;100%&#8220; max_width_tablet=&#8220;100%&#8220; max_width_phone=&#8220;&#8220; max_width_last_edited=&#8220;on|desktop&#8220; custom_padding=&#8220;0px|0px|0px|0px&#8220; make_fullwidth=&#8220;on&#8220; global_colors_info=&#8220;{}&#8220;][et_pb_column type=&#8220;1_2&#8243; _builder_version=&#8220;4.16&#8243; use_background_color_gradient=&#8220;on&#8220; background_color_gradient_direction=&#8220;90deg&#8220; background_color_gradient_stops=&#8220;rgba(227,232,242,0.72) 0%|#e3e8f2 60%&#8220; background_color_gradient_overlays_image=&#8220;on&#8220; background_color_gradient_start=&#8220;rgba(227,232,242,0.72)&#8220; background_color_gradient_end=&#8220;#e3e8f2&#8243; background_color_gradient_end_position=&#8220;60%&#8220; background_enable_image=&#8220;off&#8220; custom_padding=&#8220;120px|80px|120px|10%&#8220; custom_padding_tablet=&#8220;|10%||10%||true&#8220; custom_padding_phone=&#8220;&#8220; custom_padding_last_edited=&#8220;on|tablet&#8220; global_colors_info=&#8220;{}&#8220; padding_tablet=&#8220;|10%||10%||true&#8220; padding_last_edited=&#8220;on|tablet&#8220; custom_padding__hover=&#8220;|||&#8220; padding_phone=&#8220;|10%||10%||true&#8220;][et_pb_cta title=&#8220;Schulleben und Elterninformation&#8220; button_url=&#8220;#schulprogramm&#8220; button_text=&#8220;Erfahren Sie mehr&#8220; admin_label=&#8220;School CTA&#8220; _builder_version=&#8220;4.27.4&#8243; header_font=&#8220;Rubik|700|||||||&#8220; header_font_size=&#8220;40px&#8220; header_letter_spacing=&#8220;1px&#8220; header_line_height=&#8220;1.5em&#8220; body_font=&#8220;Rubik|500|||||||&#8220; body_font_size=&#8220;16px&#8220; body_line_height=&#8220;2em&#8220; use_background_color=&#8220;off&#8220; custom_button=&#8220;on&#8220; button_text_size=&#8220;16px&#8220; button_text_color=&#8220;#ffffff&#8220; button_bg_color=&#8220;rgba(0,0,0,0.6)&#8220; button_border_width=&#8220;10px&#8220; button_border_color=&#8220;rgba(65,65,144,0)&#8220; button_border_radius=&#8220;70px&#8220; button_font=&#8220;Rubik|700|||||||&#8220; button_use_icon=&#8220;off&#8220; text_orientation=&#8220;left&#8220; background_layout=&#8220;light&#8220; max_width=&#8220;600px&#8220; max_width_last_edited=&#8220;off|desktop&#8220; custom_margin=&#8220;|||&#8220; custom_padding=&#8220;|||&#8220; header_font_size_tablet=&#8220;&#8220; header_font_size_phone=&#8220;30px&#8220; header_font_size_last_edited=&#8220;on|phone&#8220; button_text_color_hover=&#8220;#c7ccd4&#8243; button_border_radius_hover=&#8220;70px&#8220; button_bg_color_hover=&#8220;#ffffff&#8220; global_colors_info=&#8220;{}&#8220; button_text_size__hover_enabled=&#8220;off&#8220; button_one_text_size__hover_enabled=&#8220;off&#8220; button_two_text_size__hover_enabled=&#8220;off&#8220; button_text_color__hover_enabled=&#8220;on&#8220; button_text_color__hover=&#8220;#c7ccd4&#8243; button_one_text_color__hover_enabled=&#8220;off&#8220; button_two_text_color__hover_enabled=&#8220;off&#8220; button_border_width__hover_enabled=&#8220;off&#8220; button_one_border_width__hover_enabled=&#8220;off&#8220; button_two_border_width__hover_enabled=&#8220;off&#8220; button_border_color__hover_enabled=&#8220;off&#8220; button_one_border_color__hover_enabled=&#8220;off&#8220; button_two_border_color__hover_enabled=&#8220;off&#8220; button_border_radius__hover_enabled=&#8220;on&#8220; button_border_radius__hover=&#8220;70px&#8220; button_one_border_radius__hover_enabled=&#8220;off&#8220; button_two_border_radius__hover_enabled=&#8220;off&#8220; button_letter_spacing__hover_enabled=&#8220;off&#8220; button_one_letter_spacing__hover_enabled=&#8220;off&#8220; button_two_letter_spacing__hover_enabled=&#8220;off&#8220; button_bg_color__hover_enabled=&#8220;on&#8220; button_bg_color__hover=&#8220;#ffffff&#8220; button_one_bg_color__hover_enabled=&#8220;off&#8220; button_two_bg_color__hover_enabled=&#8220;off&#8220;]<\/p>\n<p>M\u00fcnster, 27. Oktober 2025<\/p>\n<p data-start=\"250\" data-end=\"320\">Liebe Kinder, liebe Eltern und Erziehungsberechtigte, liebes Team,<\/p>\n<p data-start=\"322\" data-end=\"604\">nachdem wir den ersten Abschnitt nach den Sommerferien erfolgreich gemeistert haben, hatten sich nun alle die Herbstferien redlich verdient. Nach der Einschulung und den aufregenden ersten Tagen stand mit der Teilnahme am Kinderfriedensfest bereits ein besonderes Ereignis auf dem Programm.<\/p>\n<p data-start=\"606\" data-end=\"869\">W\u00e4hrend sich Kinder und Lehrkr\u00e4fte (wieder) an den Schulalltag gew\u00f6hnten, liefen im Hintergrund viele Dinge, die ebenfalls zum Schulleben dazugeh\u00f6ren: Klassenpflegschaften, Klassenfeste, Elternsprechtage, Lehrkr\u00e4ftekonferenzen, Elternpflegschaft und Schulkonferenz.<\/p>\n<p data-start=\"871\" data-end=\"994\">Allen Haupt- und Ehrenamtlichen m\u00f6chte ich an dieser Stelle meinen herzlichen Dank f\u00fcr ihr gro\u00dfes Engagement aussprechen.<\/p>\n<p data-start=\"996\" data-end=\"1311\">Nun geht es hoffentlich gut erholt in die n\u00e4chsten Wochen. Bereits in dieser Woche steht unser Tag der offenen T\u00fcr an. Anfang November folgt die Schulanmeldung f\u00fcr die zuk\u00fcnftigen Erstkl\u00e4ssler. Danach wird es in vielen Klassen kreativ \u2013 beim Basteltag und beim gemeinsamen Backen mit den Familien.<\/p>\n<p data-start=\"1313\" data-end=\"1480\">In der Adventszeit wollen wir uns wieder regelm\u00e4\u00dfig als Schulgemeinschaft zum gemeinsamen Singen treffen.<\/p>\n<p data-start=\"1313\" data-end=\"1480\">Auf all das und vieles mehr freue ich mich schon heute.<\/p>\n<p data-start=\"1482\" data-end=\"1551\">Mit herzlichen Gr\u00fc\u00dfen<br data-start=\"1503\" data-end=\"1506\" \/>Sebastian Teichmann<br data-start=\"1529\" data-end=\"1532\" \/>f\u00fcr das Schulteam<\/p>\n<p>&nbsp;<\/p>\n<p>[\/et_pb_cta][\/et_pb_column][et_pb_column type=&#8220;1_2&#8243; _builder_version=&#8220;4.16&#8243; use_background_color_gradient=&#8220;on&#8220; background_color_gradient_direction=&#8220;90deg&#8220; background_color_gradient_stops=&#8220;#ff7355 40%|#ff7355 100%&#8220; background_color_gradient_overlays_image=&#8220;on&#8220; background_color_gradient_start=&#8220;#ff7355&#8243; background_color_gradient_start_position=&#8220;40%&#8220; background_color_gradient_end=&#8220;#ff7355&#8243; background_enable_image=&#8220;off&#8220; custom_padding=&#8220;120px|10%|120px|80px&#8220; custom_padding_tablet=&#8220;|10%||10%||true&#8220; custom_padding_phone=&#8220;&#8220; custom_padding_last_edited=&#8220;on|tablet&#8220; global_colors_info=&#8220;{}&#8220; padding_tablet=&#8220;|10%||10%||true&#8220; padding_last_edited=&#8220;on|tablet&#8220; custom_padding__hover=&#8220;|||&#8220; padding_phone=&#8220;|10%||10%||true&#8220;][et_pb_cta title=&#8220;Der Offene Ganztag&#8220; button_url=&#8220;https:\/\/muenster.org\/overbergschule\/ganztag&#8220; button_text=&#8220;Erfahren Sie mehr&#8220; admin_label=&#8220;School CTA&#8220; _builder_version=&#8220;4.16&#8243; header_level=&#8220;h3&#8243; header_font=&#8220;Rubik|700|||||||&#8220; header_font_size=&#8220;46px&#8220; header_letter_spacing=&#8220;1px&#8220; header_line_height=&#8220;1.5em&#8220; body_font=&#8220;Rubik|500|||||||&#8220; body_font_size=&#8220;16px&#8220; body_line_height=&#8220;2em&#8220; use_background_color=&#8220;off&#8220; custom_button=&#8220;on&#8220; button_text_size=&#8220;16px&#8220; button_text_color=&#8220;#ffffff&#8220; button_bg_color=&#8220;#e02b20&#8243; button_border_width=&#8220;10px&#8220; button_border_color=&#8220;rgba(65,65,144,0)&#8220; button_border_radius=&#8220;70px&#8220; button_font=&#8220;Rubik|700|||||||&#8220; button_use_icon=&#8220;off&#8220; text_orientation=&#8220;left&#8220; max_width=&#8220;600px&#8220; max_width_last_edited=&#8220;off|desktop&#8220; module_alignment=&#8220;left&#8220; custom_margin=&#8220;|||&#8220; custom_padding=&#8220;|||&#8220; header_font_size_tablet=&#8220;&#8220; header_font_size_phone=&#8220;30px&#8220; header_font_size_last_edited=&#8220;on|phone&#8220; button_text_color_hover=&#8220;#e00b00&#8243; button_border_radius_hover=&#8220;70px&#8220; button_bg_color_hover=&#8220;#ffffff&#8220; global_colors_info=&#8220;{}&#8220; button_text_size__hover_enabled=&#8220;off&#8220; button_one_text_size__hover_enabled=&#8220;off&#8220; button_two_text_size__hover_enabled=&#8220;off&#8220; button_text_color__hover_enabled=&#8220;on&#8220; button_text_color__hover=&#8220;#e00b00&#8243; button_one_text_color__hover_enabled=&#8220;off&#8220; button_two_text_color__hover_enabled=&#8220;off&#8220; button_border_width__hover_enabled=&#8220;off&#8220; button_one_border_width__hover_enabled=&#8220;off&#8220; button_two_border_width__hover_enabled=&#8220;off&#8220; button_border_color__hover_enabled=&#8220;off&#8220; button_one_border_color__hover_enabled=&#8220;off&#8220; button_two_border_color__hover_enabled=&#8220;off&#8220; button_border_radius__hover_enabled=&#8220;on&#8220; button_border_radius__hover=&#8220;70px&#8220; button_one_border_radius__hover_enabled=&#8220;off&#8220; button_two_border_radius__hover_enabled=&#8220;off&#8220; button_letter_spacing__hover_enabled=&#8220;off&#8220; button_one_letter_spacing__hover_enabled=&#8220;off&#8220; button_two_letter_spacing__hover_enabled=&#8220;off&#8220; button_bg_color__hover_enabled=&#8220;on&#8220; button_bg_color__hover=&#8220;#ffffff&#8220; button_one_bg_color__hover_enabled=&#8220;off&#8220; button_two_bg_color__hover_enabled=&#8220;off&#8220;]<\/p>\n<p style=\"text-align: left;\">Kaum ist der Unterricht zu Ende \u201e\u00fcbernimmt\u201c das Team des Offenen Ganztags (OGT) mit einem eigenen Rhythmus bis\u00a0in den Nachmittag unsere Kinder. Seit 2003 gibt es in NRW\u00a0die Offene Ganztagsschule, die Overbergschule war unter\u00a0den ersten OGT-Schulen in M\u00fcnster. Als Schule in der Innenstadt gelegen, gab es von Beginn an eine hohe Nachfrage nach einer Betreuung nach dem Unterricht. &#8211; Dazu wurden ehemalige Klassenr\u00e4ume umgestaltet, ein Speiseraum, Betreuungsr\u00e4ume und neue Funktionsr\u00e4ume wie ein Bewegungsraum, ein Schulgarten und ein Werkraum geschaffen. Unterricht und Freizeit unter einem Dach.\u00a0Es ist ein komplexes Geschehen, das wir mit einem eigenen Reiter auf unserer Homepage vorstellen wollen:\u00a0Essenszeiten, Lernzeit, Spielzeit, Arbeitsgemeinschaften, Freispiel, Sozialkompetenztrainings, Gruppenstunde!<\/p>\n<p>[\/et_pb_cta][\/et_pb_column][\/et_pb_row][\/et_pb_section][et_pb_section fb_built=&#8220;1&#8243; admin_label=&#8220;News&#8220; _builder_version=&#8220;4.16&#8243; background_color=&#8220;#e9eff3&#8243; custom_padding=&#8220;54px|0px|54px|0px|false|false&#8220; global_colors_info=&#8220;{}&#8220;][et_pb_row admin_label=&#8220;Title Row&#8220; _builder_version=&#8220;4.16&#8243; global_colors_info=&#8220;{}&#8220;][et_pb_column type=&#8220;4_4&#8243; _builder_version=&#8220;4.16&#8243; custom_padding=&#8220;|||&#8220; global_colors_info=&#8220;{}&#8220; custom_padding__hover=&#8220;|||&#8220;][et_pb_blurb use_icon=&#8220;on&#8220; font_icon=&#8220;&#x69;||divi||400&#8243; image_icon_width=&#8220;32px&#8220; _builder_version=&#8220;4.16&#8243; header_font=&#8220;Cabin Sketch|700||on|||||&#8220; header_text_color=&#8220;#2b76df&#8220; header_font_size=&#8220;20px&#8220; header_letter_spacing=&#8220;5px&#8220; header_line_height=&#8220;1.5em&#8220; text_orientation=&#8220;center&#8220; custom_margin=&#8220;||0px|&#8220; icon_font_size=&#8220;32px&#8220; locked=&#8220;off&#8220; global_colors_info=&#8220;{}&#8220;][\/et_pb_blurb][et_pb_text _builder_version=&#8220;4.16&#8243; text_font=&#8220;Rubik|500|||||||&#8220; text_font_size=&#8220;16px&#8220; text_line_height=&#8220;2em&#8220; header_font=&#8220;||||||||&#8220; header_2_font=&#8220;Rubik|700|||||||&#8220; header_2_font_size=&#8220;40px&#8220; header_2_line_height=&#8220;1.4em&#8220; header_5_font=&#8220;Rubik|700||on|||||&#8220; header_5_text_color=&#8220;#2b76df&#8220; header_5_letter_spacing=&#8220;5px&#8220; header_5_line_height=&#8220;1.5em&#8220; text_orientation=&#8220;center&#8220; max_width=&#8220;600px&#8220; module_alignment=&#8220;center&#8220; text_line_height_last_edited=&#8220;off|desktop&#8220; global_colors_info=&#8220;{}&#8220;]<\/p>\n<h2>\u00a0Aktuelle Beitr\u00e4ge<\/h2>\n<p>Bleiben Sie immer auf dem Laufenden. Hier erscheinen alle aktuellen Beitr\u00e4ge aus unserem Blog. Diese beinhalten zum Bespiel Geschichten aus unserem Schulalltag, Informationen \u00fcber Veranstaltungen, Organisatorisches <br \/>und vieles mehr.<\/p>\n<p>[\/et_pb_text][et_pb_blog fullwidth=&#8220;off&#8220; posts_number=&#8220;3&#8243; include_categories=&#8220;70&#8243; show_author=&#8220;off&#8220; show_date=&#8220;off&#8220; show_pagination=&#8220;off&#8220; _builder_version=&#8220;4.16&#8243; header_font=&#8220;Rubik||||||||&#8220; header_font_size=&#8220;20px&#8220; header_line_height=&#8220;1.5em&#8220; body_font=&#8220;Rubik|500|||||||&#8220; body_line_height=&#8220;2em&#8220; meta_font=&#8220;Rubik|700|||||||&#8220; meta_font_size=&#8220;12px&#8220; pagination_font=&#8220;||||||||&#8220; body_line_height_last_edited=&#8220;off|desktop&#8220; border_radii=&#8220;on|10px|10px|10px|10px&#8220; border_width_all=&#8220;0px&#8220; box_shadow_style=&#8220;preset1&#8243; box_shadow_vertical=&#8220;20px&#8220; box_shadow_blur=&#8220;45px&#8220; box_shadow_spread=&#8220;-5px&#8220; box_shadow_color=&#8220;rgba(0,0,0,0.07)&#8220; global_colors_info=&#8220;{}&#8220;][\/et_pb_blog][\/et_pb_column][\/et_pb_row][\/et_pb_section][et_pb_section fb_built=&#8220;1&#8243; fullwidth=&#8220;on&#8220; _builder_version=&#8220;4.16&#8243; global_colors_info=&#8220;{}&#8220;][et_pb_fullwidth_slider _builder_version=&#8220;4.16&#8243; custom_padding=&#8220;357px|||||&#8220; auto=&#8220;on&#8220; global_colors_info=&#8220;{}&#8220;][et_pb_slide heading_tablet=&#8220;&#8220; heading_phone=&#8220;&#8220; heading_last_edited=&#8220;on|desktop&#8220; _builder_version=&#8220;4.16&#8243; background_image=&#8220;https:\/\/muenster.org\/overbergschule\/wp-content\/uploads\/2020\/05\/20181218_154548.jpg&#8220; background_enable_image=&#8220;on&#8220; global_colors_info=&#8220;{}&#8220; heading__hover_enabled=&#8220;on|desktop&#8220; sticky_transition=&#8220;on&#8220;][\/et_pb_slide][et_pb_slide _builder_version=&#8220;4.16&#8243; background_image=&#8220;https:\/\/muenster.org\/overbergschule\/wp-content\/uploads\/2020\/05\/Fensterfront-scaled.jpg&#8220; background_enable_image=&#8220;on&#8220; global_colors_info=&#8220;{}&#8220; sticky_transition=&#8220;on&#8220;][\/et_pb_slide][et_pb_slide alignment=&#8220;bottom&#8220; _builder_version=&#8220;4.16&#8243; background_image=&#8220;https:\/\/muenster.org\/overbergschule\/wp-content\/uploads\/2022\/08\/Kletterturm.jpg&#8220; background_enable_image=&#8220;on&#8220; background_position=&#8220;center_right&#8220; global_colors_info=&#8220;{}&#8220; sticky_transition=&#8220;on&#8220;][\/et_pb_slide][et_pb_slide _builder_version=&#8220;4.16&#8243; background_image=&#8220;https:\/\/muenster.org\/overbergschule\/wp-content\/uploads\/2020\/09\/IMG_5597.jpg&#8220; background_enable_image=&#8220;on&#8220; global_colors_info=&#8220;{}&#8220; sticky_transition=&#8220;on&#8220;][\/et_pb_slide][et_pb_slide heading_tablet=&#8220;&#8220; heading_phone=&#8220;&#8220; heading_last_edited=&#8220;on|desktop&#8220; _builder_version=&#8220;4.16&#8243; background_image=&#8220;https:\/\/muenster.org\/overbergschule\/wp-content\/uploads\/2022\/08\/Fu\u00dfballcage-scaled.jpg&#8220; background_enable_image=&#8220;on&#8220; global_colors_info=&#8220;{}&#8220; heading__hover_enabled=&#8220;on|desktop&#8220; sticky_transition=&#8220;on&#8220;][\/et_pb_slide][et_pb_slide heading_tablet=&#8220;&#8220; heading_phone=&#8220;&#8220; heading_last_edited=&#8220;on|desktop&#8220; _builder_version=&#8220;4.16&#8243; background_image=&#8220;https:\/\/muenster.org\/overbergschule\/wp-content\/uploads\/2020\/05\/IMG_2998.jpeg&#8220; background_enable_image=&#8220;on&#8220; global_colors_info=&#8220;{}&#8220; heading__hover_enabled=&#8220;on|desktop&#8220; sticky_transition=&#8220;on&#8220;][\/et_pb_slide][et_pb_slide _builder_version=&#8220;4.16&#8243; background_image=&#8220;https:\/\/muenster.org\/overbergschule\/wp-content\/uploads\/2022\/08\/Lesezeit.jpg&#8220; background_enable_image=&#8220;on&#8220; global_colors_info=&#8220;{}&#8220; sticky_transition=&#8220;on&#8220;][\/et_pb_slide][et_pb_slide _builder_version=&#8220;4.16&#8243; background_image=&#8220;https:\/\/muenster.org\/overbergschule\/wp-content\/uploads\/2020\/05\/Schulgarten.jpg&#8220; background_enable_image=&#8220;on&#8220; global_colors_info=&#8220;{}&#8220; sticky_transition=&#8220;on&#8220;][\/et_pb_slide][et_pb_slide heading_tablet=&#8220;&#8220; heading_phone=&#8220;&#8220; heading_last_edited=&#8220;on|desktop&#8220; _builder_version=&#8220;4.16&#8243; background_image=&#8220;https:\/\/muenster.org\/overbergschule\/wp-content\/uploads\/2020\/09\/Turnhalle-scaled.jpg&#8220; background_enable_image=&#8220;on&#8220; global_colors_info=&#8220;{}&#8220; heading__hover_enabled=&#8220;on|desktop&#8220; sticky_transition=&#8220;on&#8220;][\/et_pb_slide][et_pb_slide content_tablet=&#8220;&#8220; content_phone=&#8220;&#8220; content_last_edited=&#8220;on|desktop&#8220; _builder_version=&#8220;4.16&#8243; background_image=&#8220;https:\/\/muenster.org\/overbergschule\/wp-content\/uploads\/2020\/09\/IMG_5593.jpg&#8220; background_enable_image=&#8220;on&#8220; global_colors_info=&#8220;{}&#8220; content__hover_enabled=&#8220;on|desktop&#8220; content__hover=&#8220;&#8220; sticky_transition=&#8220;on&#8220;][\/et_pb_slide][et_pb_slide content_tablet=&#8220;&#8220; content_phone=&#8220;&#8220; content_last_edited=&#8220;on|desktop&#8220; _builder_version=&#8220;4.16&#8243; background_image=&#8220;https:\/\/muenster.org\/overbergschule\/wp-content\/uploads\/2020\/09\/Geburtstagsforum-neutral.jpg&#8220; background_enable_image=&#8220;on&#8220; global_colors_info=&#8220;{}&#8220; content__hover_enabled=&#8220;on|desktop&#8220; content__hover=&#8220;&#8220; sticky_transition=&#8220;on&#8220;][\/et_pb_slide][et_pb_slide _builder_version=&#8220;4.16&#8243; background_image=&#8220;https:\/\/muenster.org\/overbergschule\/wp-content\/uploads\/2020\/09\/IMG_5655.jpg&#8220; background_enable_image=&#8220;on&#8220; global_colors_info=&#8220;{}&#8220; sticky_transition=&#8220;on&#8220;][\/et_pb_slide][et_pb_slide _builder_version=&#8220;4.16&#8243; background_image=&#8220;https:\/\/muenster.org\/overbergschule\/wp-content\/uploads\/2020\/09\/FlurHaupteingang-scaled.jpg&#8220; background_enable_image=&#8220;on&#8220; global_colors_info=&#8220;{}&#8220; sticky_transition=&#8220;on&#8220;][\/et_pb_slide][et_pb_slide _builder_version=&#8220;4.16&#8243; background_image=&#8220;https:\/\/muenster.org\/overbergschule\/wp-content\/uploads\/2020\/09\/IMG_5598.jpg&#8220; background_enable_image=&#8220;on&#8220; global_colors_info=&#8220;{}&#8220; sticky_transition=&#8220;on&#8220;][\/et_pb_slide][et_pb_slide _builder_version=&#8220;4.16&#8243; background_image=&#8220;https:\/\/muenster.org\/overbergschule\/wp-content\/uploads\/2022\/08\/Knetm\u00e4nnchen.jpg&#8220; background_enable_image=&#8220;on&#8220; global_colors_info=&#8220;{}&#8220; sticky_transition=&#8220;on&#8220;][\/et_pb_slide][et_pb_slide alignment=&#8220;bottom&#8220; _builder_version=&#8220;4.16&#8243; background_image=&#8220;https:\/\/muenster.org\/overbergschule\/wp-content\/uploads\/2022\/08\/Wasserschlacht_Slider-scaled.jpg&#8220; background_enable_image=&#8220;on&#8220; global_colors_info=&#8220;{}&#8220; sticky_transition=&#8220;on&#8220;][\/et_pb_slide][et_pb_slide alignment=&#8220;bottom&#8220; _builder_version=&#8220;4.16&#8243; background_image=&#8220;https:\/\/muenster.org\/overbergschule\/wp-content\/uploads\/2022\/08\/Spielplatz_Slider2-scaled.jpg&#8220; background_enable_image=&#8220;on&#8220; global_colors_info=&#8220;{}&#8220; sticky_transition=&#8220;on&#8220;][\/et_pb_slide][\/et_pb_fullwidth_slider][\/et_pb_section][et_pb_section fb_built=&#8220;1&#8243; _builder_version=&#8220;4.16&#8243; global_colors_info=&#8220;{}&#8220;][et_pb_row admin_label=&#8220;Facilities Row&#8220; _builder_version=&#8220;4.16&#8243; global_colors_info=&#8220;{}&#8220;][et_pb_column type=&#8220;4_4&#8243; _builder_version=&#8220;4.16&#8243; custom_padding=&#8220;|||&#8220; global_colors_info=&#8220;{}&#8220; custom_padding__hover=&#8220;|||&#8220;][et_pb_text admin_label=&#8220;Title&#8220; _builder_version=&#8220;4.16&#8243; text_font=&#8220;Rubik|500|||||||&#8220; text_text_color=&#8220;#000000&#8243; text_font_size=&#8220;16px&#8220; text_line_height=&#8220;2em&#8220; quote_font=&#8220;||||||||&#8220; header_font=&#8220;||||||||&#8220; header_text_color=&#8220;#000000&#8243; header_2_font=&#8220;Rubik|700|||||||&#8220; header_2_text_color=&#8220;#000000&#8243; header_2_font_size=&#8220;40px&#8220; header_2_line_height=&#8220;1.4em&#8220; header_3_text_color=&#8220;#000000&#8243; header_4_text_color=&#8220;#000000&#8243; header_5_font=&#8220;Rubik|700||on|||||&#8220; header_5_text_color=&#8220;#000000&#8243; header_5_letter_spacing=&#8220;5px&#8220; header_5_line_height=&#8220;1.2em&#8220; background_layout=&#8220;dark&#8220; max_width=&#8220;1080px&#8220; max_width_tablet=&#8220;&#8220; max_width_phone=&#8220;&#8220; max_width_last_edited=&#8220;on|phone&#8220; custom_margin=&#8220;|-6px||||&#8220; custom_margin_tablet=&#8220;|70px||70px&#8220; custom_margin_phone=&#8220;|50px||50px&#8220; custom_margin_last_edited=&#8220;off|desktop&#8220; custom_padding=&#8220;|||40px&#8220; text_line_height_last_edited=&#8220;off|desktop&#8220; header_2_font_size_tablet=&#8220;&#8220; header_2_font_size_phone=&#8220;30px&#8220; header_2_font_size_last_edited=&#8220;on|phone&#8220; border_color_all=&#8220;#ff7355&#8243; border_width_left=&#8220;8px&#8220; locked=&#8220;off&#8220; inline_fonts=&#8220;Sacramento&#8220; global_colors_info=&#8220;{}&#8220;]<\/p>\n<h5>Die Overberggrundschule<\/h5>\n<h2>Geb\u00e4ude und Schulgel\u00e4nde<\/h2>\n<p style=\"text-align: left;\">Die Overbergschule ist 1954 neu aufgebaut worden. Seit dieser Zeit hat sich immerzu etwas ver\u00e4ndert, ein neues Dach, neue sanit\u00e4re Anlagen, die Turnhalle 2018 zuletzt runderneuert. Das Schulgel\u00e4nde wurde 2021\/2022 umfassend umgestaltet! Das Gel\u00e4nde umfasst jetzt:<\/p>\n<ul style=\"text-align: left;\">\n<li>ein Soccerfeld<\/li>\n<li>zwei Tischtennisplatten<\/li>\n<li>einen Schulgarten<\/li>\n<li>unterschiedliche B\u00e4nke zum Treffen und Kl\u00f6nen<\/li>\n<li>einen kleinen Wald mit Mulchboden<\/li>\n<li>eine Sandfl\u00e4che mit Korbschaukel und Kletterh\u00e4usern<\/li>\n<li>eine (halbe) Spielfl\u00e4che f\u00fcr Basketball<\/li>\n<li>eine \u00fcberdachte\u00a0 Pausenhalle<\/li>\n<li>Holzpodeste als Kinder-Treffpunkte<\/li>\n<li>einen Niedrig-Balanzier-Parcour<\/li>\n<li>einen Seil-Kletter-Tower<\/li>\n<\/ul>\n<p style=\"text-align: left;\"><strong>\u00a0<\/strong><\/p>\n<p>[\/et_pb_text][\/et_pb_column][\/et_pb_row][\/et_pb_section][et_pb_section fb_built=&#8220;1&#8243; module_id=&#8220;schulprogramm&#8220; _builder_version=&#8220;4.16&#8243; global_colors_info=&#8220;{}&#8220;][et_pb_row admin_label=&#8220;Facilities Row&#8220; _builder_version=&#8220;4.16&#8243; global_colors_info=&#8220;{}&#8220;][et_pb_column type=&#8220;4_4&#8243; _builder_version=&#8220;4.16&#8243; custom_padding=&#8220;|||&#8220; global_colors_info=&#8220;{}&#8220; custom_padding__hover=&#8220;|||&#8220;][et_pb_text admin_label=&#8220;Title&#8220; _builder_version=&#8220;4.16&#8243; text_font=&#8220;Rubik|500|||||||&#8220; text_text_color=&#8220;#000000&#8243; text_font_size=&#8220;16px&#8220; text_line_height=&#8220;2em&#8220; quote_font=&#8220;||||||||&#8220; header_font=&#8220;||||||||&#8220; header_text_color=&#8220;#000000&#8243; header_2_font=&#8220;Rubik|700|||||||&#8220; header_2_text_color=&#8220;#000000&#8243; header_2_font_size=&#8220;40px&#8220; header_2_line_height=&#8220;1.4em&#8220; header_3_text_color=&#8220;#000000&#8243; header_4_text_color=&#8220;#000000&#8243; header_5_font=&#8220;Rubik|700||on|||||&#8220; header_5_text_color=&#8220;#000000&#8243; header_5_letter_spacing=&#8220;5px&#8220; header_5_line_height=&#8220;1.2em&#8220; background_layout=&#8220;dark&#8220; max_width=&#8220;1599px&#8220; max_width_tablet=&#8220;&#8220; max_width_phone=&#8220;&#8220; max_width_last_edited=&#8220;on|phone&#8220; custom_margin=&#8220;|-4px||||&#8220; custom_margin_tablet=&#8220;|70px||70px&#8220; custom_margin_phone=&#8220;|50px||50px&#8220; custom_margin_last_edited=&#8220;off|desktop&#8220; custom_padding=&#8220;|1px||40px||&#8220; text_line_height_last_edited=&#8220;off|desktop&#8220; header_2_font_size_tablet=&#8220;&#8220; header_2_font_size_phone=&#8220;30px&#8220; header_2_font_size_last_edited=&#8220;on|phone&#8220; border_color_all=&#8220;#ff7355&#8243; border_width_left=&#8220;8px&#8220; locked=&#8220;off&#8220; inline_fonts=&#8220;Sacramento&#8220; global_colors_info=&#8220;{}&#8220;]<\/p>\n<h5>Unser<\/h5>\n<h2>Schulprogramm<\/h2>\n<p style=\"text-align: left;\">Unser Schulprogramm gibt Auskunft \u00fcber die Wirkfaktoren, die unser Schulprofil bestimmen. Das Schulprogramm ist zum einen ein zusammenh\u00e4ngender Text mit dem p\u00e4dagogischen Leitbild als Ausgangspunkt unserer Arbeit. Es ist zum anderen der \u00fcbergeordnete Begriff f\u00fcr das gesamte Paket an konzeptionellen \u00dcberlegungen, die unserer Arbeit zugrunde liegen.<\/p>\n<p style=\"text-align: left;\">In den Bereichen Schulkultur, Erziehungs-, Beratungs-, Unterrichts- und Leistungskultur finden Sie hier Informationen \u00fcber unsere Leitbild und Konzepte, unsere Lern- und F\u00f6rderprogramme, Informationen rund um die Schuleingangsphase und die Zeugnisvergabe.<\/p>\n<p style=\"text-align: left;\">\n<p>&nbsp;<\/p>\n<p>[\/et_pb_text][et_pb_accordion open_toggle_text_color=&#8220;#000000&#8243; open_toggle_background_color=&#8220;#7cda24&#8243; closed_toggle_text_color=&#8220;#000000&#8243; admin_label=&#8220;Facilities Accordion&#8220; _builder_version=&#8220;4.16&#8243; toggle_text_color=&#8220;#000000&#8243; toggle_font=&#8220;Rubik|700|||||||&#8220; toggle_line_height=&#8220;1.4em&#8220; body_font=&#8220;|500|||||||&#8220; body_text_color=&#8220;#000000&#8243; body_line_height=&#8220;2em&#8220; width=&#8220;100%&#8220; custom_padding=&#8220;|||&#8220; body_line_height_last_edited=&#8220;off|desktop&#8220; global_colors_info=&#8220;{}&#8220;][et_pb_accordion_item title=&#8220;Schulkultur&#8220; open=&#8220;on&#8220; open_toggle_text_color=&#8220;#000000&#8243; open_toggle_background_color=&#8220;#f4f4f4&#8243; closed_toggle_text_color=&#8220;#ffffff&#8220; closed_toggle_background_color=&#8220;#4c5c67&#8243; _builder_version=&#8220;4.16&#8243; custom_margin=&#8220;||20px|&#8220; custom_padding=&#8220;|||&#8220; border_radii=&#8220;on|8px|8px|8px|8px&#8220; border_width_all=&#8220;0px&#8220; global_colors_info=&#8220;{}&#8220; toggle_level=&#8220;h4&#8243;]<\/p>\n<p style=\"text-align: justify;\">Ein gro\u00dfes Wort: \u201eSchulkultur\u201c, gemeint ist das Zusammenwirken vielf\u00e4ltiger Faktoren rund um eine Schulgemeinde, mit der das Profil unserer Schule deutlich wird. Wir wollen die einzelnen Wirkfaktoren vorstellen, die Konzepte (vgl. Schulprogramm) dahinter vorlegen, etwas \u00fcber die Hintergr\u00fcnde erz\u00e4hlen und die Schule als Raum und in ihrer Geschichte zeigen.<\/p>\n<p style=\"text-align: justify;\">Die Overbergschule ist eine Offene Ganztagsschule mit einem gro\u00dfen zus\u00e4tzlichen Team. Der Unterrichtsvormittag und der Betreuungsnachmittag wechseln sich an der Offenen Ganztagsschule ab, doch sie beziehen sich auf die gemeinsam entwickelte Schulkultur.<\/p>\n<p style=\"text-align: justify;\">Schulkultur begegnet den Kindern und Erwachsenen, welche in der Schule arbeiten, unter anderem in den allt\u00e4glichen Begebenheiten, Ritualen, Traditionen, besonderen Erlebnissen. Dar\u00fcber wird unter Aktuelles\u00a0 fortlaufend berichtet.<\/p>\n<p style=\"text-align: justify;\">Wie ein roter Faden ist unsere Schulkultur im Kalenderjahr und \u00fcber jeweils \u00fcber ein Schuljahr\u00a0 hinweg Leitfaden unserer Arbeit. &#8211; Kultur ist nicht statisch, sie will gepflegt, gehegt und bewegt werden. Dies unternehmen wir als Schulteam gemeinsam mit den Eltern und Kindern unserer Schule in einem engen Austausch in der t\u00e4glichen Arbeit.<\/p>\n<p><a href=\"https:\/\/muenster.org\/overbergschule\/wp-content\/uploads\/2020\/05\/Schulprogramm-April-2020.pdf\" target=\"_blank\" rel=\"noopener noreferrer\">Unser Schulprogramm als PDF Upload<\/a><\/p>\n<p>[\/et_pb_accordion_item][et_pb_accordion_item title=&#8220;Erziehungs- und Beratungskonzepte &#8220; open_toggle_text_color=&#8220;#000000&#8243; open_toggle_background_color=&#8220;#f4f4f4&#8243; closed_toggle_text_color=&#8220;#ffffff&#8220; closed_toggle_background_color=&#8220;#4c5c67&#8243; _builder_version=&#8220;4.16&#8243; custom_margin=&#8220;||20px|&#8220; custom_padding=&#8220;|||&#8220; border_radii=&#8220;on|8px|8px|8px|8px&#8220; border_width_all=&#8220;0px&#8220; global_colors_info=&#8220;{}&#8220; toggle_level=&#8220;h4&#8243; open=&#8220;off&#8220;]<\/p>\n<p style=\"text-align: justify;\"><strong>Unser Erziehungskonzept:<\/strong><\/p>\n<p style=\"text-align: justify;\">Kinder ben\u00f6tigen w\u00e4hrend ihrer Entwicklung einheitliche R\u00fcckmeldungen von Erwachsenen dar\u00fcber, welches Verhalten erw\u00fcnscht und welches unerw\u00fcnscht ist. Solche klaren Erkenntnisse scheinen nicht mehr selbstverst\u00e4ndlich zu sein. Deswegen sollte es f\u00fcr alle Kinder eine verl\u00e4ssliche Orientierung geben, \u00fcber die sich die Erwachsenen (Lehrkraft, Sonderp\u00e4dagogen, Sozialp\u00e4dagogen, OGS-Mitarbeiter, Eltern, weitere Betreuer) untereinander verst\u00e4ndigen m\u00fcssen. An der OVS gibt es einheitliche Regeln und Rituale, die in allen Klassen ihre G\u00fcltigkeit haben. Mit Ihnen als Erziehungsberechtigten wird auf den ersten Elternabenden eine Art \u201eErziehungsvereinbarung\u201c besprochen, die unsere jeweilige Verantwortung bewusst machen will (vgl. unter Elternseiten).<\/p>\n<p style=\"text-align: justify;\"><strong>Unser Beratungskonzept:<\/strong><\/p>\n<p style=\"text-align: justify;\">Je komplexer Schule wird, desto notwendiger wird der Austausch \u00fcber Inhalte und p\u00e4dagogische Entwicklungen. Im Schulprogramm der OVS haben wir in den Aussagen zu den Erziehungs- und F\u00f6rder-\/Forderaufgaben (vgl. da) deutlich gemacht, dass es einer Vielzahl von Absprachen bedarf und konkreter Beratungszeit, um innerhalb des Schulteams und im Austausch mit den Eltern\/Erziehungsberechtigten und Kooperationspartnern diesen p\u00e4dagogischen Entwicklungen Raum zu geben. Im Folgenden wird f\u00fcr unsere Grundschule notiert,<\/p>\n<ul>\n<li style=\"text-align: justify;\">wie diese Beratungszeit organisiert ist,<\/li>\n<li style=\"text-align: justify;\">mit wem wir in dieser Beratungszeit befasst sind,<\/li>\n<li style=\"text-align: justify;\">wer darin welche Aufgaben hat,<\/li>\n<li style=\"text-align: justify;\">welches unsere Beratungsgrunds\u00e4tze sind,<\/li>\n<li style=\"text-align: justify;\">wo die Grenzen unserer Beratungskompetenz liegen,<\/li>\n<li style=\"text-align: justify;\">wie wir in den \u00dcberg\u00e4ngen (KiTa-Grundschule, Grundschule-Weiterf\u00fchrende Schule beraten<\/li>\n<li style=\"text-align: justify;\">welche besonderen Aufgaben der Schulsozialarbeit im schulisch-inklusiven Kontext zukommen.<\/li>\n<\/ul>\n<p><a href=\"https:\/\/muenster.org\/overbergschule\/wp-content\/uploads\/2020\/05\/Erziehungskonzept_OVS_2019_6_25.pdf\" target=\"_blank\" rel=\"noopener noreferrer\">Unser Erziehungskonzept als PDF Upload<\/a><\/p>\n<p>[\/et_pb_accordion_item][et_pb_accordion_item title=&#8220;Individuelle F\u00f6rderung &#8220; open_toggle_text_color=&#8220;#000000&#8243; open_toggle_background_color=&#8220;#f2f2f2&#8243; closed_toggle_text_color=&#8220;#ffffff&#8220; closed_toggle_background_color=&#8220;#4c5c67&#8243; _builder_version=&#8220;4.16&#8243; body_text_color=&#8220;#000000&#8243; custom_margin=&#8220;||20px|&#8220; custom_padding=&#8220;|||&#8220; border_radii=&#8220;on|8px|8px|8px|8px&#8220; border_width_all=&#8220;0px&#8220; global_colors_info=&#8220;{}&#8220; toggle_text_color=&#8220;#000000&#8243; open=&#8220;off&#8220;]<\/p>\n<p style=\"text-align: justify;\"><strong>Unser F\u00f6rderkonzept:<\/strong><\/p>\n<p style=\"text-align: justify;\">\u201eDie Kinder in unserer Schule werden in ihren individuellen F\u00e4higkeiten, Begabungen und St\u00e4rken gef\u00f6rdert\u201c Dazu arbeitet das Schulteam multiprofessionell (Lehrkr\u00e4fte, Schulsozialarbeit ErzieherIn, Heilp\u00e4dagogin u.a.m.) im Vormittag und Nachmittag zusammen. Mit dem System des individuellen Lernens kann der Unterricht an der Overbergschule den unterschiedlichen Lernvoraussetzungen der Kinder besser gerecht werden. Neben dem gemeinsamen Lernen im Klassenverband kann das jeweilige Klassenteam sich in Einzelf\u00e4llen auch auf Einzel- oder Kleingruppenf\u00f6rderung einigen. Diese werden manchmal spontan gebildet und zielen auf die aktuellen Bed\u00fcrfnisse einiger Kinder in bestimmten inhaltlichen Bereichen ab.<\/p>\n<p style=\"text-align: justify;\"><strong>Spezielle Angebote der Individuellen F\u00f6rderung im Offenen Ganztag sind:<\/strong><\/p>\n<p style=\"text-align: justify;\">F\u00f6rderinsel: heilp\u00e4dagogische F\u00f6rderung f\u00fcr Kinder mit Anpassungsst\u00f6rungen, Konzentrations- und Lernschwierigkeiten, Entwicklungsverz\u00f6gerungen und Defiziten in der Beziehungs- und Konfliktf\u00e4higkeit<br \/> Sozialtraining: Arbeitsgemeinschaft, zu der Kinder nach Bedarf eingeladen werden<br \/> Step by Step (vgl. Erziehungskonzept)<\/p>\n<p style=\"text-align: justify;\"><strong>Kleingruppenf\u00f6rderung im Vor- und Nachmittag durch Schulsozialarbeit:<\/strong><\/p>\n<ul style=\"text-align: justify;\">\n<li>Trainingsgruppe Soziales Lernen (vgl. Erziehungskonzept)<\/li>\n<li>Magic Circle (vgl. Erziehungskonzept)<\/li>\n<li>MVT (Marburger Verhaltenstraining, bei Bedarf m\u00f6glich)<\/li>\n<li>MKT (Marburger Konzentrationstraining, bei Bedarf m\u00f6glich)<\/li>\n<li>Emotionsregulationstraining (ERT)<\/li>\n<li>Kleingruppenf\u00f6rderung<\/li>\n<\/ul>\n<p style=\"text-align: justify;\"><a href=\"https:\/\/muenster.org\/overbergschule\/wp-content\/uploads\/2020\/05\/F\u00f6rderkonzept-OVS_2019_6_25.pdf\" target=\"_blank\" rel=\"noopener noreferrer\">Unser F\u00f6rderkonzept als PDF Upload<\/a><\/p>\n<p>[\/et_pb_accordion_item][et_pb_accordion_item title=&#8220;Inklusion an der Overbergschule&#8220; open_toggle_background_color=&#8220;#f2f2f2&#8243; closed_toggle_text_color=&#8220;#ffffff&#8220; closed_toggle_background_color=&#8220;#4c5c67&#8243; _builder_version=&#8220;4.16&#8243; global_colors_info=&#8220;{}&#8220; open=&#8220;off&#8220;]<\/p>\n<p style=\"text-align: justify;\">Die Overbergschule ist seit dem Schulkonferenzbeschluss vom 15.10.2015 Schule des Gemeinsamen Lernens. Damit k\u00f6nnen Kinder mit den F\u00f6rderschwerpunkten Lernen, Emotional Soziale Entwicklung sowie Sprache an der Schule unterrichtet und begleitet werden. (F\u00fcr weitere F\u00f6rderschwerpunkte wird jeweils vorab gekl\u00e4rt ob die s\u00e4chlichen und personellen Voraussetzungen vorliegen.)<\/p>\n<p style=\"text-align: justify;\">Unser Konzept zur inklusiven Bildung ist Teil des inklusiven Schulprogramms und steht in enger Wechselwirkung zu dessen anderen Bestandteilen: Leitbild der Schule, Konzept zur individuellen F\u00f6rderung, Erziehungskonzept (Schul- und Klassenregeln, Verst\u00e4rker- und Sanktionssysteme), Leistungskonzept, Medienkonzept, Fortbildungskonzept, Vertretungs-konzept, Beratungskonzept (Elternberatung, Schullaufbahnberatung..), Kooperations- und Ansprechpartner (\u2026.). Einige dieser anderen Bestandteile werden noch neu geschaffen, andere werden \u00fcberarbeitet.<a href=\"https:\/\/muenster.org\/overbergschule\/wp-content\/uploads\/2020\/05\/Inklusionskonzept-OVS_2019_6_26.pdf\" target=\"_blank\" rel=\"noopener noreferrer\">Unser Inklusionskonzept als PDF Upload<\/a><\/p>\n<p>[\/et_pb_accordion_item][et_pb_accordion_item title=&#8220;Ganztag und \u00dcbermittagbetreuung&#8220; open_toggle_text_color=&#8220;#000000&#8243; open_toggle_background_color=&#8220;#f2f2f2&#8243; closed_toggle_text_color=&#8220;#ffffff&#8220; closed_toggle_background_color=&#8220;#4c5c67&#8243; _builder_version=&#8220;4.16&#8243; custom_margin=&#8220;||20px|&#8220; custom_padding=&#8220;|||&#8220; border_radii=&#8220;on|8px|8px|8px|8px&#8220; border_width_all=&#8220;0px&#8220; global_colors_info=&#8220;{}&#8220; toggle_text_color=&#8220;#000000&#8243; open=&#8220;off&#8220;]<\/p>\n<p style=\"text-align: justify;\">An der Overbergschule werden, wie an den meisten Grundschulen in M\u00fcnster, zwei Formen der Betreuung angeboten angeboten.<\/p>\n<p style=\"text-align: justify;\">Die Bismittagbetreuung (BMB) betreut Ihre Kinder bis einschlie\u00dflich der 6. Stunde (13:15 Uhr), ohne Mittagessen und Hausaufgabenbetreuung. Diese Art der Betreuung wird noch von einigen Kindern in Anspruch genommen.<\/p>\n<p style=\"text-align: justify;\">Die Offene Ganztagsschule (OGS) bietet t\u00e4glich von 12:00 Uhr bis 16:00 Uhr, in bei dringendem Bedarf auch bis 17:00 Uhr, mit Mittagessen und Lernzeitbetreuung, diversen AG-Angeboten und Ausfl\u00fcgen, ein abwechslungsreiches Programm zur Betreuung Ihrer Kinder an.<\/p>\n<p style=\"text-align: justify;\">Mit der Fr\u00fchbetreuung ab 7:00 Uhr, viele Jahre durch Eltern organisiert, mittlerweile vom Jugendamt finaziert f\u00fcr t\u00e4glich eine Stunde fr\u00fche \u00d6ffnungszeit, ist die Overbergschule t\u00e4glich von 7:00 Uhr bis 17:00 Uhr und freitags von 7:00 bis 16:00 Uhr Ort des Lebens, Lernens und des Miteinander.<\/p>\n<p>An der Overbergschule wird die OGS intensiv genutzt!<\/p>\n<p style=\"text-align: justify;\">Dem Bed\u00fcrfnis nach l\u00e4ngerer und verl\u00e4sslicher Betreuung versucht die Overbergschule seit 2003 personell, organisatorisch, r\u00e4umlich und inhaltlich angemessen zu begegnen. Unser Konzept zum Offenen Ganztag k\u00f6nnen Sie herunterladen.<\/p>\n<p style=\"text-align: justify;\">Wir wollen den Schultag, Vormittag und Nachmittag, st\u00e4rker aufeinander beziehen und weiter rythmisieren. Dar\u00fcber hinaus sollen die Kinder st\u00e4rker in die Planung und Gestaltung der Abl\u00e4ufe einbezogen werden (Stichwort Partizipation), weiter zur Selbstst\u00e4ndigkeit erzogen werden und in ihren sozialen Kompetenzen gef\u00f6rdert werden.<\/p>\n<p>[\/et_pb_accordion_item][et_pb_accordion_item title=&#8220;Ausstattung des Schulgeb\u00e4udes&#8220; open_toggle_text_color=&#8220;#000000&#8243; open_toggle_background_color=&#8220;#f2f2f2&#8243; closed_toggle_text_color=&#8220;#ffffff&#8220; closed_toggle_background_color=&#8220;#4c5c67&#8243; _builder_version=&#8220;4.16&#8243; custom_margin=&#8220;||20px|&#8220; custom_padding=&#8220;|||&#8220; border_radii=&#8220;on|8px|8px|8px|8px&#8220; border_width_all=&#8220;0px&#8220; global_colors_info=&#8220;{}&#8220; toggle_text_color=&#8220;#000000&#8243; open=&#8220;off&#8220;]<\/p>\n<p><strong>Die Overbergschule ist 1954 neu aufgebaut worden. Seit dieser Zeit hat sich das Schulgeb\u00e4ude \u00e4u\u00dferlich wenig ver\u00e4ndert. Doch innerhalb des Geb\u00e4udes und auf dem Schulgel\u00e4nde sind die Ver\u00e4nderungen sehr gro\u00df.<\/strong><\/p>\n<p>Die Overberggrundschule beherbergt:<\/p>\n<ul>\n<li>Unterrichts- und Betreuungsr\u00e4ume auf drei Etagen<\/li>\n<li>einen Speiseraum und eine K\u00fcche<\/li>\n<li>eine Lesestube (&#8222;B\u00fccherinsel&#8220;)<\/li>\n<li>Lese- und Arbeitsnischen im Schulgeb\u00e4ude<\/li>\n<li>einen Werkraum (und ein Kellertheater) im Keller<\/li>\n<li>einen Bewegungs- und Musikraum<\/li>\n<\/ul>\n<p>sowie<\/p>\n<ul>\n<li>zwei Unterrichsr\u00e4ume f\u00fcr erwachsene Auszubildende der Pharmazeutisch-Technischen-Schule und f\u00fcr die Musikschule (zum Schuljahr 2024\/2025 werden diese beiden R\u00e4ume wieder frei und k\u00f6nnen durch die Overbergschule genutzt werden!)<\/li>\n<li>eine Hausmeisterwohnung<\/li>\n<\/ul>\n<p>[\/et_pb_accordion_item][et_pb_accordion_item title=&#8220; Schuleingangsphase &#8220; open_toggle_text_color=&#8220;#000000&#8243; open_toggle_background_color=&#8220;#f2f2f2&#8243; closed_toggle_text_color=&#8220;#ffffff&#8220; closed_toggle_background_color=&#8220;#4c5c67&#8243; _builder_version=&#8220;4.16&#8243; custom_margin=&#8220;||20px|&#8220; custom_padding=&#8220;|||&#8220; border_radii=&#8220;on|8px|8px|8px|8px&#8220; border_width_all=&#8220;0px&#8220; global_colors_info=&#8220;{}&#8220; open=&#8220;off&#8220;]<\/p>\n<p style=\"text-align: justify;\">An der Overbergschule wird seit dem Schuljahr 2016\/2017 jahrgangs\u00fcbergreifend gearbeitet. Es gibt eine Eingangsstufe, das sind die ersten beiden Schuljahre und es gibt die Aufbaustufe, das sind der dritte und vierte Jahrgang. In der Eingangsstufe hat Ihr Kind ein bis drei Jahre Zeit: <strong><em>Zentrales Ziel der Schuleingangsphase ist es, alle schulpflichtigen Kinder eines Jahrgangs in die Grundschule aufzunehmen und sie dem Grad ihrer individuellen Entwicklung entsprechend zu f\u00f6rdern. Gleichaltrige Kinder sind in ihrer Entwicklung unterschiedlich. Sie ben\u00f6tigen je nach Entwicklungsstand und F\u00e4higkeiten unterschiedliche Lernzeiten.<\/em><\/strong><\/p>\n<p style=\"text-align: justify;\"><strong><em>In der Schuleingangsphase werden alle Sch\u00fclerinnen und Sch\u00fcler mit ihren unterschiedlichen Lernvoraussetzungen so unterrichtet, dass sie durch Unterst\u00fctzung und besondere Herausforderungen in ihren Entwicklungen gef\u00f6rdert werden. Viele Formen des differenzierenden Unterrichts erm\u00f6glichen es, Sch\u00fclerinnen und Sch\u00fcler auf unterschiedlichen Kompetenzstufen zu f\u00f6rdern.<\/em><\/strong><\/p>\n<p style=\"text-align: justify;\"><strong><em>Die Schuleingangsphase kann in einem Jahr, in zwei Jahren oder in drei Jahren durchlaufen werden.<\/em><\/strong><\/p>\n<p style=\"text-align: justify;\"><strong><em>Unabh\u00e4ngig von der individuellen Verweildauer erwerben alle Sch\u00fclerinnen und Sch\u00fcler in der Schuleingangsphase tragf\u00e4hige Grundlagen f\u00fcr das weitere Lernen in den Klassen 3 und 4.<\/em><\/strong><\/p>\n<p style=\"text-align: justify;\"><strong><em>Die Kinder k\u00f6nnen in der Schuleingangsphase getrennt nach Jahrg\u00e4ngen oder in jahrgangs\u00fcbergreifenden Gruppen unterrichtet werden. Diese Unterrichtsorganisation legt die Schulkonferenz f\u00fcr mindestens vier Jahre fest. (\u00a7 11Abs. 2Schulgesetz), <a href=\"https:\/\/bass.schul-welt.de\/6043.htm#1-1p11\" target=\"_blank\" rel=\"noopener noreferrer\">vgl im Bildungsportal des Landes Nordrhein-Westfalen.<\/a><br \/> <\/em><\/strong><\/p>\n<p>[\/et_pb_accordion_item][et_pb_accordion_item title=&#8220;Schule im Netzwerk und in Partnerschaften&#8220; open_toggle_text_color=&#8220;#000000&#8243; open_toggle_background_color=&#8220;#f2f2f2&#8243; closed_toggle_text_color=&#8220;#ffffff&#8220; closed_toggle_background_color=&#8220;#4c5c67&#8243; _builder_version=&#8220;4.16&#8243; custom_margin=&#8220;||20px|&#8220; custom_padding=&#8220;|||&#8220; border_radii=&#8220;on|8px|8px|8px|8px&#8220; border_width_all=&#8220;0px&#8220; global_colors_info=&#8220;{}&#8220; open=&#8220;off&#8220;]<\/p>\n<p style=\"text-align: justify;\">Die Overbergschule ist eine von 46 Grundschulen in M\u00fcnster und eine von \u00fcber 3600 Grundschulen im Bundesland Nordrhein-Westfalen. &#8211; Der Schultr\u00e4ger auch unserer \u00f6ffentlich-rechtlichen Grundschule ist die Stadt M\u00fcnster, das Schulamt ist f\u00fcr die Hintergrundorganisation im Vormittag (UNTERRICHT) zust\u00e4ndig, das Jugendamt f\u00fcr die Hintergrundorganisation im Nachmittag (OFFENER GANZTAG) und die vielen anderen \u00c4mter in der Stadt sind f\u00fcr die reibungslosen Abl\u00e4ufe im Geb\u00e4ude und auf dem Gel\u00e4nde mit verantwortlich.<\/p>\n<p style=\"text-align: justify;\">Innerhalb der schulischen Abl\u00e4ufe haben wir als Overbergschule\u00a0 seit vielen Jahren ein Netz gekn\u00fcpft, das unser Profil als Grundschule im Ost- und Hansaviertel bestimmt:<\/p>\n<ul>\n<li style=\"text-align: justify;\">zum Kirchort Herz-Jesu (aus deren Pfarrgebiet die Grundschule 1890 hervorgegangen ist)<\/li>\n<li style=\"text-align: justify;\">zu den umliegenden katholischen KiTa\u00b4s Sankt Agnes, Familienzentrum Sankt Elisabeth und Familienzentrum Katharinenstra\u00dfe<\/li>\n<li style=\"text-align: justify;\">als aktives Mitglied im Landesprogramm Bildung und Gesundheit NRW<\/li>\n<li style=\"text-align: justify;\">als z.Z. passives Mitglied in den Netzwerkschulen NRW<\/li>\n<li style=\"text-align: justify;\">zur Westf\u00e4lischen Wilhelms Universit\u00e4t (WWU) M\u00fcnster<\/li>\n<li style=\"text-align: justify;\">zu den Schulpsychologen in der Klosterstra\u00dfe<\/li>\n<li style=\"text-align: justify;\">zum Kommunalen Sozialdienst<\/li>\n<\/ul>\n<p>[\/et_pb_accordion_item][\/et_pb_accordion][\/et_pb_column][\/et_pb_row][\/et_pb_section][et_pb_section fb_built=&#8220;1&#8243; background_color_gradient_stops_1=&#8220;#2b87da 0%|#c7cbd4 100%&#8220; background_color_gradient_end_1=&#8220;#c7cbd4&#8243; admin_label=&#8220;Principle Quote&#8220; _builder_version=&#8220;4.16&#8243; custom_padding=&#8220;0|0px|0|0px|false|false&#8220; locked=&#8220;off&#8220; global_colors_info=&#8220;{}&#8220;][et_pb_row column_structure=&#8220;1_2,1_2&#8243; use_custom_gutter=&#8220;on&#8220; gutter_width=&#8220;1&#8243; make_equal=&#8220;on&#8220; padding_top_bottom_link_1=&#8220;true&#8220; padding_top_bottom_link_2=&#8220;true&#8220; admin_label=&#8220;Two CTA Row&#8220; module_class=&#8220; et_pb_row_fullwidth&#8220; _builder_version=&#8220;4.27.4&#8243; width=&#8220;100%&#8220; width_tablet=&#8220;100%&#8220; width_phone=&#8220;&#8220; width_last_edited=&#8220;on|desktop&#8220; max_width=&#8220;100%&#8220; max_width_tablet=&#8220;100%&#8220; max_width_phone=&#8220;&#8220; max_width_last_edited=&#8220;on|desktop&#8220; custom_padding=&#8220;0px|0px|0px|0px&#8220; make_fullwidth=&#8220;on&#8220; global_colors_info=&#8220;{}&#8220;][et_pb_column type=&#8220;1_2&#8243; _builder_version=&#8220;4.16&#8243; use_background_color_gradient=&#8220;on&#8220; background_color_gradient_direction=&#8220;90deg&#8220; background_color_gradient_stops=&#8220;rgba(58,80,99,0.85) 0%|#3a5063 100%&#8220; background_color_gradient_overlays_image=&#8220;on&#8220; background_color_gradient_start=&#8220;rgba(58,80,99,0.85)&#8220; background_color_gradient_end=&#8220;#3a5063&#8243; background_enable_image=&#8220;off&#8220; custom_padding=&#8220;120px|80px|120px|10%&#8220; custom_padding_tablet=&#8220;|10%||10%||true&#8220; custom_padding_phone=&#8220;&#8220; custom_padding_last_edited=&#8220;on|tablet&#8220; global_colors_info=&#8220;{}&#8220; padding_tablet=&#8220;|10%||10%||true&#8220; padding_last_edited=&#8220;on|tablet&#8220; custom_padding__hover=&#8220;|||&#8220; padding_phone=&#8220;|10%||10%||true&#8220;][et_pb_text admin_label=&#8220;Title&#8220; _builder_version=&#8220;4.27.4&#8243; text_font=&#8220;Rubik|500|||||||&#8220; text_font_size=&#8220;16px&#8220; text_line_height=&#8220;2em&#8220; quote_font=&#8220;||||||||&#8220; header_font=&#8220;||||||||&#8220; header_2_font=&#8220;Rubik|700|||||||&#8220; header_2_font_size=&#8220;40px&#8220; header_2_line_height=&#8220;1.4em&#8220; header_5_font=&#8220;Rubik|700||on|||||&#8220; header_5_letter_spacing=&#8220;5px&#8220; header_5_line_height=&#8220;1.2em&#8220; background_layout=&#8220;dark&#8220; max_width=&#8220;600px&#8220; max_width_tablet=&#8220;&#8220; max_width_phone=&#8220;&#8220; max_width_last_edited=&#8220;on|phone&#8220; custom_margin=&#8220;|||&#8220; custom_margin_tablet=&#8220;|70px||70px&#8220; custom_margin_phone=&#8220;|50px||50px&#8220; custom_margin_last_edited=&#8220;off|desktop&#8220; custom_padding=&#8220;|||40px&#8220; text_line_height_last_edited=&#8220;off|desktop&#8220; header_2_font_size_tablet=&#8220;&#8220; header_2_font_size_phone=&#8220;30px&#8220; header_2_font_size_last_edited=&#8220;on|phone&#8220; border_color_all=&#8220;#ff7355&#8243; border_width_left=&#8220;8px&#8220; locked=&#8220;off&#8220; inline_fonts=&#8220;Sacramento&#8220; global_colors_info=&#8220;{}&#8220;]<\/p>\n<h5>Unser Schulleiter<\/h5>\n<h2>Herr Teichmann<\/h2>\n<p data-start=\"193\" data-end=\"237\">Liebe Eltern, liebe Erziehungsberechtigte,<\/p>\n<p data-start=\"239\" data-end=\"372\">mein Name ist Sebastian Teichmann, und ich freue mich sehr, seit dem 1. August die Leitung der Overbergschule \u00fcbernehmen zu d\u00fcrfen.<\/p>\n<p data-start=\"374\" data-end=\"609\">Mir ist es ein gro\u00dfes Anliegen, die Schule als lebendigen Lern- und Lebensort gemeinsam weiterzuentwickeln \u2013 in enger Zusammenarbeit mit Ihnen als Eltern, mit dem engagierten Kollegium und allen Mitarbeitenden im Vor- und Nachmittag.<\/p>\n<p data-start=\"611\" data-end=\"928\">Ein besonderer Schwerpunkt meiner Arbeit liegt auf einer guten Teamstruktur und einer offenen, wertsch\u00e4tzenden Zusammenarbeit im Kollegium. Nur wenn wir als Team an einem Strang ziehen, k\u00f6nnen wir die Kinder auf ihrem individuellen Bildungsweg dort abholen, wo sie stehen, und sie bestm\u00f6glich f\u00f6rdern und begleiten.<\/p>\n<p data-start=\"930\" data-end=\"1071\">Ich freue mich auf die gemeinsame Arbeit, auf viele gute Gespr\u00e4che und auf eine vertrauensvolle Zusammenarbeit mit Ihnen und Ihren Kindern.<\/p>\n<p data-start=\"1073\" data-end=\"1130\">Herzliche Gr\u00fc\u00dfe<br data-start=\"1088\" data-end=\"1091\" \/><strong data-start=\"1091\" data-end=\"1114\">Sebastian Teichmann<\/strong><\/p>\n<p style=\"text-align: left;\">[\/et_pb_text][\/et_pb_column][et_pb_column type=&#8220;1_2&#8243; _builder_version=&#8220;4.27.4&#8243; background_color_gradient_direction=&#8220;90deg&#8220; background_image=&#8220;https:\/\/muenster.org\/overbergschule\/wp-content\/uploads\/2024\/09\/Sebastian1-scaled-e1726749693475.jpg&#8220; custom_padding=&#8220;120px|10%|120px|80px&#8220; custom_padding_tablet=&#8220;|10%||10%||true&#8220; custom_padding_phone=&#8220;&#8220; custom_padding_last_edited=&#8220;on|tablet&#8220; global_colors_info=&#8220;{}&#8220; padding_tablet=&#8220;|10%||10%||true&#8220; padding_last_edited=&#8220;on|tablet&#8220; custom_padding__hover=&#8220;|||&#8220; padding_phone=&#8220;|10%||10%||true&#8220;][et_pb_divider color=&#8220;rgba(0,0,0,0)&#8220; _builder_version=&#8220;4.16&#8243; height=&#8220;340px&#8220; locked=&#8220;off&#8220; global_colors_info=&#8220;{}&#8220;][\/et_pb_divider][\/et_pb_column][\/et_pb_row][\/et_pb_section][et_pb_section fb_built=&#8220;1&#8243; admin_label=&#8220;Footer&#8220; _builder_version=&#8220;4.16&#8243; background_color=&#8220;rgba(214,214,214,0.6)&#8220; use_background_color_gradient=&#8220;on&#8220; background_color_gradient_stops=&#8220;rgba(255,255,255,0) 0%|rgba(41,196,169,0) 100%&#8220; background_color_gradient_start=&#8220;rgba(255,255,255,0)&#8220; background_color_gradient_end=&#8220;rgba(41,196,169,0)&#8220; background_enable_image=&#8220;off&#8220; parallax=&#8220;on&#8220; custom_margin=&#8220;|||&#8220; custom_padding=&#8220;|||&#8220; global_colors_info=&#8220;{}&#8220;][et_pb_row column_structure=&#8220;1_2,1_2&#8243; use_custom_gutter=&#8220;on&#8220; gutter_width=&#8220;2&#8243; make_equal=&#8220;on&#8220; _builder_version=&#8220;4.16&#8243; custom_padding=&#8220;|||&#8220; animation_style=&#8220;fade&#8220; border_radii=&#8220;on|10px|10px|10px|10px&#8220; global_colors_info=&#8220;{}&#8220;][et_pb_column type=&#8220;1_2&#8243; _builder_version=&#8220;4.16&#8243; custom_padding=&#8220;|||&#8220; global_colors_info=&#8220;{}&#8220; custom_padding__hover=&#8220;|||&#8220;][et_pb_cta title=&#8220;Kontakt &#8220; button_url=&#8220;#top&#8220; _builder_version=&#8220;4.27.4&#8243; header_font=&#8220;Rubik|700|||||||&#8220; header_font_size=&#8220;40px&#8220; header_line_height=&#8220;1.7em&#8220; body_font=&#8220;Rubik||||||||&#8220; body_line_height=&#8220;2em&#8220; background_color=&#8220;#ffffff&#8220; custom_button=&#8220;on&#8220; button_text_size=&#8220;16px&#8220; button_text_color=&#8220;#ffffff&#8220; button_bg_color=&#8220;#7f5aff&#8220; button_border_width=&#8220;10px&#8220; button_border_color=&#8220;rgba(65,65,144,0)&#8220; button_border_radius=&#8220;70px&#8220; button_font=&#8220;Rubik|700|||||||&#8220; button_use_icon=&#8220;off&#8220; text_orientation=&#8220;left&#8220; background_layout=&#8220;light&#8220; max_width_last_edited=&#8220;off|desktop&#8220; module_alignment=&#8220;right&#8220; custom_margin=&#8220;|||&#8220; custom_padding=&#8220;64px|60px|64px|60px|true&#8220; header_font_size_tablet=&#8220;&#8220; header_font_size_phone=&#8220;30px&#8220; header_font_size_last_edited=&#8220;on|phone&#8220; body_line_height_last_edited=&#8220;off|desktop&#8220; border_radii=&#8220;on|10px|10px|10px|10px&#8220; button_text_color_hover=&#8220;#ffffff&#8220; button_border_radius_hover=&#8220;70px&#8220; button_bg_color_hover=&#8220;#9577ff&#8220; global_colors_info=&#8220;{}&#8220; button_text_size__hover_enabled=&#8220;off&#8220; button_one_text_size__hover_enabled=&#8220;off&#8220; button_two_text_size__hover_enabled=&#8220;off&#8220; button_text_color__hover_enabled=&#8220;on&#8220; button_text_color__hover=&#8220;#ffffff&#8220; button_one_text_color__hover_enabled=&#8220;off&#8220; button_two_text_color__hover_enabled=&#8220;off&#8220; button_border_width__hover_enabled=&#8220;off&#8220; button_one_border_width__hover_enabled=&#8220;off&#8220; button_two_border_width__hover_enabled=&#8220;off&#8220; button_border_color__hover_enabled=&#8220;off&#8220; button_one_border_color__hover_enabled=&#8220;off&#8220; button_two_border_color__hover_enabled=&#8220;off&#8220; button_border_radius__hover_enabled=&#8220;on&#8220; button_border_radius__hover=&#8220;70px&#8220; button_one_border_radius__hover_enabled=&#8220;off&#8220; button_two_border_radius__hover_enabled=&#8220;off&#8220; button_letter_spacing__hover_enabled=&#8220;off&#8220; button_one_letter_spacing__hover_enabled=&#8220;off&#8220; button_two_letter_spacing__hover_enabled=&#8220;off&#8220; button_bg_color__hover_enabled=&#8220;on&#8220; button_bg_color__hover=&#8220;#9577ff&#8220; button_one_bg_color__hover_enabled=&#8220;off&#8220; button_two_bg_color__hover_enabled=&#8220;off&#8220;]<\/p>\n<p><strong>Verwaltung<\/strong><br \/><strong>Adresse:<\/strong> Margaretenstra\u00dfe 6, 48145 M\u00fcnster<br \/><strong>Telefon:<\/strong> 025164234<br \/><strong>E-Mail:<\/strong> <a href=\"mailto:overbergschule@stadt-muenster.de\">overbergschule@stadt-muenster.de<\/a><br \/><strong>Schulleitung:<\/strong> Sebastian Teichmann<br \/><strong>Sekretariats-\u00d6ffnungszeiten:<\/strong><br \/>Montag bis Donnerstag: 7:45-12:30<\/p>\n<p>[\/et_pb_cta][\/et_pb_column][et_pb_column type=&#8220;1_2&#8243; _builder_version=&#8220;4.16&#8243; custom_padding=&#8220;|||&#8220; global_colors_info=&#8220;{}&#8220; custom_padding__hover=&#8220;|||&#8220;][et_pb_cta title=&#8220;B\u00fcro Offener Ganztag&#8220; button_url=&#8220;#top&#8220; _builder_version=&#8220;4.16&#8243; header_font=&#8220;Rubik|700|||||||&#8220; header_font_size=&#8220;40px&#8220; header_line_height=&#8220;1.5em&#8220; body_font=&#8220;Rubik||||||||&#8220; body_line_height=&#8220;2em&#8220; background_color=&#8220;#ffffff&#8220; custom_button=&#8220;on&#8220; button_text_size=&#8220;16px&#8220; button_text_color=&#8220;#ffffff&#8220; button_bg_color=&#8220;#7f5aff&#8220; button_border_width=&#8220;10px&#8220; button_border_color=&#8220;rgba(65,65,144,0)&#8220; button_border_radius=&#8220;70px&#8220; button_font=&#8220;Rubik|700|||||||&#8220; button_use_icon=&#8220;off&#8220; text_orientation=&#8220;left&#8220; background_layout=&#8220;light&#8220; max_width_last_edited=&#8220;off|desktop&#8220; module_alignment=&#8220;right&#8220; custom_margin=&#8220;|||&#8220; custom_padding=&#8220;64px|60px|64px|60px|true&#8220; header_font_size_tablet=&#8220;&#8220; header_font_size_phone=&#8220;30px&#8220; header_font_size_last_edited=&#8220;on|phone&#8220; body_line_height_last_edited=&#8220;off|desktop&#8220; border_radii=&#8220;on|10px|10px|10px|10px&#8220; button_text_color_hover=&#8220;#ffffff&#8220; button_border_radius_hover=&#8220;70px&#8220; button_bg_color_hover=&#8220;#9577ff&#8220; global_colors_info=&#8220;{}&#8220; button_text_size__hover_enabled=&#8220;off&#8220; button_one_text_size__hover_enabled=&#8220;off&#8220; button_two_text_size__hover_enabled=&#8220;off&#8220; button_text_color__hover_enabled=&#8220;on&#8220; button_text_color__hover=&#8220;#ffffff&#8220; button_one_text_color__hover_enabled=&#8220;off&#8220; button_two_text_color__hover_enabled=&#8220;off&#8220; button_border_width__hover_enabled=&#8220;off&#8220; button_one_border_width__hover_enabled=&#8220;off&#8220; button_two_border_width__hover_enabled=&#8220;off&#8220; button_border_color__hover_enabled=&#8220;off&#8220; button_one_border_color__hover_enabled=&#8220;off&#8220; button_two_border_color__hover_enabled=&#8220;off&#8220; button_border_radius__hover_enabled=&#8220;on&#8220; button_border_radius__hover=&#8220;70px&#8220; button_one_border_radius__hover_enabled=&#8220;off&#8220; button_two_border_radius__hover_enabled=&#8220;off&#8220; button_letter_spacing__hover_enabled=&#8220;off&#8220; button_one_letter_spacing__hover_enabled=&#8220;off&#8220; button_two_letter_spacing__hover_enabled=&#8220;off&#8220; button_bg_color__hover_enabled=&#8220;on&#8220; button_bg_color__hover=&#8220;#9577ff&#8220; button_one_bg_color__hover_enabled=&#8220;off&#8220; button_two_bg_color__hover_enabled=&#8220;off&#8220;]<\/p>\n<p><span class=\"w8qArf\"><strong>Adresse:<\/strong> Margaretenstra\u00dfe 6, 48145 M\u00fcnster<br \/><strong>Telefon:<\/strong> 025198623242<br \/><strong>E-Mail:<\/strong><a href=\"mailto:erlebach@stadt-muenster.de\"> erlebach@stadt-muenster.de<\/a><br \/><strong>OGT-Koordination:<\/strong> Jenny Erlebach<\/span><br \/>\u00a0<\/p>\n<p>[\/et_pb_cta][\/et_pb_column][\/et_pb_row][\/et_pb_section]<\/p>\n","protected":false},"excerpt":{"rendered":"<p>&nbsp; Liebe Eltern und Erziehungsberechtigte, Kinder, ehemalige, Freunde und Interessierte an der Overbergschule, &nbsp; hier finden Sie unseren Internetauftritt.Schauen Sie sich gerne um! Bei Fragen freuen wir uns \u00fcber einen Anruf oder eine Email. F\u00fcr das Schulteam der OverbergschuleIhr Sebastian Teichmann &nbsp; +++ Aktuelle Termine und Informationen+++ 26.03.2026 Sponsorenlauf der OVS! 30.03. bis 10.04.2026 Osterferien [&hellip;]<\/p>\n","protected":false},"author":2,"featured_media":0,"parent":0,"menu_order":0,"comment_status":"closed","ping_status":"closed","template":"","meta":{"_et_pb_use_builder":"on","_et_pb_old_content":"","_et_gb_content_width":"","_mc_calendar":[],"footnotes":""},"class_list":["post-19","page","type-page","status-publish","hentry"],"_links":{"self":[{"href":"https:\/\/muenster.org\/overbergschule\/wp-json\/wp\/v2\/pages\/19","targetHints":{"allow":["GET"]}}],"collection":[{"href":"https:\/\/muenster.org\/overbergschule\/wp-json\/wp\/v2\/pages"}],"about":[{"href":"https:\/\/muenster.org\/overbergschule\/wp-json\/wp\/v2\/types\/page"}],"author":[{"embeddable":true,"href":"https:\/\/muenster.org\/overbergschule\/wp-json\/wp\/v2\/users\/2"}],"replies":[{"embeddable":true,"href":"https:\/\/muenster.org\/overbergschule\/wp-json\/wp\/v2\/comments?post=19"}],"version-history":[{"count":369,"href":"https:\/\/muenster.org\/overbergschule\/wp-json\/wp\/v2\/pages\/19\/revisions"}],"predecessor-version":[{"id":4274,"href":"https:\/\/muenster.org\/overbergschule\/wp-json\/wp\/v2\/pages\/19\/revisions\/4274"}],"wp:attachment":[{"href":"https:\/\/muenster.org\/overbergschule\/wp-json\/wp\/v2\/media?parent=19"}],"curies":[{"name":"wp","href":"https:\/\/api.w.org\/{rel}","templated":true}]}}