{"id":399,"date":"2019-11-11T15:24:29","date_gmt":"2019-11-11T14:24:29","guid":{"rendered":"http:\/\/muenster.org\/schanze\/?page_id=399"},"modified":"2026-02-05T16:25:50","modified_gmt":"2026-02-05T15:25:50","slug":"dr-christine-kucinski","status":"publish","type":"page","link":"https:\/\/muenster.org\/schanze\/dr-christine-kucinski\/","title":{"rendered":"Dr. Christine Kucinski"},"content":{"rendered":"<h3>Glask\u00fcnstlerin<\/h3>\n<p><a href=\"https:\/\/muenster.org\/schanze\/dr-christine-kucinski\/img_9590\/\" rel=\"attachment wp-att-551\"><img loading=\"lazy\" decoding=\"async\" class=\"size-medium wp-image-551 alignleft\" src=\"https:\/\/muenster.org\/schanze\/wp-content\/uploads\/2019\/12\/IMG_9590-300x236.jpeg\" alt=\"\" width=\"300\" height=\"236\" srcset=\"https:\/\/muenster.org\/schanze\/wp-content\/uploads\/2019\/12\/IMG_9590-300x236.jpeg 300w, https:\/\/muenster.org\/schanze\/wp-content\/uploads\/2019\/12\/IMG_9590.jpeg 610w\" sizes=\"auto, (max-width: 300px) 100vw, 300px\" \/><\/a><\/p>\n<p>&nbsp;<\/p>\n<p>&nbsp;<\/p>\n<p>\u00a9 Foto: Ilse Wecker<\/p>\n\n\n<p><\/p>\n\n\n\n<p><\/p>\n\n\n\n<blockquote class=\"wp-block-quote is-layout-flow wp-block-quote-is-layout-flow\">\n<p>1953 geboren in Schlesien<br>Studium der Slawistik und Historische Grundwissenschaften an der Breslauer Universit\u00e4t (Abschluss Promotion)<br>\u00dcbersiedlung nach Deutschland<br>T\u00e4tigkeit als wissenschaftliche Mitarbeiterin in Bonn und M\u00fcnster <br>K\u00fcnstlerische Bildung im Atelier f\u00fcr K\u00fcnstlerisches und Wissenschaftliches Zeichnen und Modellieren an der WWU M\u00fcnster unter Leitung von Helmut Korhammer<br>Weiterbildung bei Glask\u00fcnstlern in Seminaren und Akademien im In- und Ausland<br><br><strong>Ausstellungen (Auswahl)<\/strong><br>\u201cLichtspiele\u201d im Centre for Development of Interpersonal<br>Communication, Kaliningrad (Russland)<br>Teilnahme an internationalen TGK Wettbewerben \u201eSpa\u00df an Farbe\u201c<br>und &#8222;100% Glass&#8220;, Schlo\u00df Holte-Stukenbrock <br>\u201eKunst aus Feuer und Sand\u201c im Glashaus, Gronau<br>\u201eFaszination Glas\u201c und \u201eGlaszeit\u201c in der Galerie Kunst(t)r\u00e4ume, Ochtrup<br>\u201eIm Feuer geboren\u201c im Gallitzin-Haus, M\u00fcnster<br>\u201eLichtweisen\u201c in der Orangerie des Botanischen Gartens WWU M\u00fcnster <br> Jahresausstellung der Freien K\u00fcnstlergemeinschaft Schanze e.V. \u201eSchanze comes\u201c in der Galerie K\u00f6nig, M\u00fcnster<br>Jubil\u00e4umsausstellung \u201eMeditation \u2013 Vergessen \u2013 Erinnern\u201c im Franz-Hitze-Haus, M\u00fcnster<br> \u201eSchanze.gegenw\u00e4rtig\u201c, Kirchenfoyer in M\u00fcnster<br>BurgArt 2019, L\u00fcdinghausen <br>\u201eWo versteckt sich das Geheimnis?\u201c, Gruppenausstellung im Kunsthaus Kannen, M\u00fcnster<br>&#8222;Positionen\u201c, Jahresausstellung der Freien K\u00fcnstlergemeinschaft im &nbsp;Hawerkamp 31, M\u00fcnster<br>\u201eGlaskunst im Dialog mit Stein\u201c in der &nbsp;Kunsthalle Schnake , M\u00fcnster<\/p>\n<\/blockquote>\n\n\n\n<figure class=\"wp-block-image\"><img loading=\"lazy\" decoding=\"async\" width=\"718\" height=\"1024\" src=\"https:\/\/muenster.org\/schanze\/wp-content\/uploads\/2019\/12\/MG_1487koschiniski-718x1024.jpg\" alt=\"\" class=\"wp-image-552\" srcset=\"https:\/\/muenster.org\/schanze\/wp-content\/uploads\/2019\/12\/MG_1487koschiniski-718x1024.jpg 718w, https:\/\/muenster.org\/schanze\/wp-content\/uploads\/2019\/12\/MG_1487koschiniski-210x300.jpg 210w, https:\/\/muenster.org\/schanze\/wp-content\/uploads\/2019\/12\/MG_1487koschiniski-768x1095.jpg 768w\" sizes=\"auto, (max-width: 718px) 100vw, 718px\" \/><\/figure>\n\n\n\n<p>Ohne Titel<\/p>\n\n\n\n<p><\/p>\n\n\n\n<figure class=\"wp-block-gallery has-nested-images columns-default is-cropped wp-block-gallery-1 is-layout-flex wp-block-gallery-is-layout-flex\">\n<figure class=\"wp-block-image size-large\"><img loading=\"lazy\" decoding=\"async\" width=\"1024\" height=\"768\" data-id=\"1190\" src=\"https:\/\/muenster.org\/schanze\/wp-content\/uploads\/2026\/02\/24.02.2022-1024x768.jpg\" alt=\"\" class=\"wp-image-1190\" srcset=\"https:\/\/muenster.org\/schanze\/wp-content\/uploads\/2026\/02\/24.02.2022-1024x768.jpg 1024w, https:\/\/muenster.org\/schanze\/wp-content\/uploads\/2026\/02\/24.02.2022-300x225.jpg 300w, https:\/\/muenster.org\/schanze\/wp-content\/uploads\/2026\/02\/24.02.2022-768x576.jpg 768w, https:\/\/muenster.org\/schanze\/wp-content\/uploads\/2026\/02\/24.02.2022-1536x1152.jpg 1536w, https:\/\/muenster.org\/schanze\/wp-content\/uploads\/2026\/02\/24.02.2022-2048x1536.jpg 2048w\" sizes=\"auto, (max-width: 1024px) 100vw, 1024px\" \/><\/figure>\n<\/figure>\n\n\n\n<p>Sch\u00f6ne Welt, wo bist du?         2022<\/p>\n\n\n\n<p><\/p>\n\n\n\n<figure class=\"wp-block-gallery has-nested-images columns-default is-cropped wp-block-gallery-2 is-layout-flex wp-block-gallery-is-layout-flex\">\n<figure class=\"wp-block-image size-large\"><img loading=\"lazy\" decoding=\"async\" width=\"1024\" height=\"1024\" data-id=\"1193\" src=\"https:\/\/muenster.org\/schanze\/wp-content\/uploads\/2026\/02\/Verlorene-Erinnerungen-die-Zeit-in-ihm-2-1024x1024.jpg\" alt=\"\" class=\"wp-image-1193\" srcset=\"https:\/\/muenster.org\/schanze\/wp-content\/uploads\/2026\/02\/Verlorene-Erinnerungen-die-Zeit-in-ihm-2-1024x1024.jpg 1024w, https:\/\/muenster.org\/schanze\/wp-content\/uploads\/2026\/02\/Verlorene-Erinnerungen-die-Zeit-in-ihm-2-300x300.jpg 300w, https:\/\/muenster.org\/schanze\/wp-content\/uploads\/2026\/02\/Verlorene-Erinnerungen-die-Zeit-in-ihm-2-150x150.jpg 150w, https:\/\/muenster.org\/schanze\/wp-content\/uploads\/2026\/02\/Verlorene-Erinnerungen-die-Zeit-in-ihm-2-768x768.jpg 768w, https:\/\/muenster.org\/schanze\/wp-content\/uploads\/2026\/02\/Verlorene-Erinnerungen-die-Zeit-in-ihm-2-1536x1536.jpg 1536w, https:\/\/muenster.org\/schanze\/wp-content\/uploads\/2026\/02\/Verlorene-Erinnerungen-die-Zeit-in-ihm-2-2048x2048.jpg 2048w\" sizes=\"auto, (max-width: 1024px) 100vw, 1024px\" \/><\/figure>\n<\/figure>\n\n\n\n<p>Verlorene Erinnerung<\/p>\n\n\n\n<p><\/p>\n\n\n\n<figure class=\"wp-block-gallery has-nested-images columns-default is-cropped wp-block-gallery-3 is-layout-flex wp-block-gallery-is-layout-flex\">\n<figure class=\"wp-block-image size-large\"><img loading=\"lazy\" decoding=\"async\" width=\"683\" height=\"1024\" data-id=\"1195\" src=\"https:\/\/muenster.org\/schanze\/wp-content\/uploads\/2026\/02\/Per-aspera-1-683x1024.jpg\" alt=\"\" class=\"wp-image-1195\" srcset=\"https:\/\/muenster.org\/schanze\/wp-content\/uploads\/2026\/02\/Per-aspera-1-683x1024.jpg 683w, https:\/\/muenster.org\/schanze\/wp-content\/uploads\/2026\/02\/Per-aspera-1-200x300.jpg 200w, https:\/\/muenster.org\/schanze\/wp-content\/uploads\/2026\/02\/Per-aspera-1-768x1152.jpg 768w, https:\/\/muenster.org\/schanze\/wp-content\/uploads\/2026\/02\/Per-aspera-1-1024x1536.jpg 1024w, https:\/\/muenster.org\/schanze\/wp-content\/uploads\/2026\/02\/Per-aspera-1-1366x2048.jpg 1366w, https:\/\/muenster.org\/schanze\/wp-content\/uploads\/2026\/02\/Per-aspera-1-scaled.jpg 1707w\" sizes=\"auto, (max-width: 683px) 100vw, 683px\" \/><\/figure>\n<\/figure>\n\n\n\n<p>Per aspera ad astra<\/p>\n\n\n\n<figure class=\"wp-block-image\"><img loading=\"lazy\" decoding=\"async\" width=\"768\" height=\"1024\" src=\"https:\/\/muenster.org\/schanze\/wp-content\/uploads\/2019\/12\/Einsame-768x1024.jpg\" alt=\"\" class=\"wp-image-553\" srcset=\"https:\/\/muenster.org\/schanze\/wp-content\/uploads\/2019\/12\/Einsame-768x1024.jpg 768w, https:\/\/muenster.org\/schanze\/wp-content\/uploads\/2019\/12\/Einsame-225x300.jpg 225w\" sizes=\"auto, (max-width: 768px) 100vw, 768px\" \/><\/figure>\n\n\n\n<p>Einsame<\/p>\n\n\n\n<p><\/p>\n\n\n\n<figure class=\"wp-block-image\"><img loading=\"lazy\" decoding=\"async\" width=\"1024\" height=\"768\" src=\"https:\/\/muenster.org\/schanze\/wp-content\/uploads\/2019\/12\/Im-Dialog-1-1024x768.jpg\" alt=\"\" class=\"wp-image-554\" srcset=\"https:\/\/muenster.org\/schanze\/wp-content\/uploads\/2019\/12\/Im-Dialog-1-1024x768.jpg 1024w, https:\/\/muenster.org\/schanze\/wp-content\/uploads\/2019\/12\/Im-Dialog-1-300x225.jpg 300w, https:\/\/muenster.org\/schanze\/wp-content\/uploads\/2019\/12\/Im-Dialog-1-768x576.jpg 768w\" sizes=\"auto, (max-width: 1024px) 100vw, 1024px\" \/><\/figure>\n\n\n\n<p>Im Dialog<\/p>\n\n\n\n<figure class=\"wp-block-image\"><img loading=\"lazy\" decoding=\"async\" width=\"768\" height=\"1024\" src=\"https:\/\/muenster.org\/schanze\/wp-content\/uploads\/2019\/12\/IMG_0080-768x1024.jpg\" alt=\"\" class=\"wp-image-555\" srcset=\"https:\/\/muenster.org\/schanze\/wp-content\/uploads\/2019\/12\/IMG_0080-768x1024.jpg 768w, https:\/\/muenster.org\/schanze\/wp-content\/uploads\/2019\/12\/IMG_0080-225x300.jpg 225w\" sizes=\"auto, (max-width: 768px) 100vw, 768px\" \/><\/figure>\n\n\n\n<p>Ohne Titel<\/p>\n\n\n\n<figure class=\"wp-block-image\"><img loading=\"lazy\" decoding=\"async\" width=\"1024\" height=\"1024\" src=\"https:\/\/muenster.org\/schanze\/wp-content\/uploads\/2019\/12\/Pera-aspera-ad-astra-Internet-1024x1024.jpg\" alt=\"\" class=\"wp-image-568\" srcset=\"https:\/\/muenster.org\/schanze\/wp-content\/uploads\/2019\/12\/Pera-aspera-ad-astra-Internet-1024x1024.jpg 1024w, https:\/\/muenster.org\/schanze\/wp-content\/uploads\/2019\/12\/Pera-aspera-ad-astra-Internet-150x150.jpg 150w, https:\/\/muenster.org\/schanze\/wp-content\/uploads\/2019\/12\/Pera-aspera-ad-astra-Internet-300x300.jpg 300w, https:\/\/muenster.org\/schanze\/wp-content\/uploads\/2019\/12\/Pera-aspera-ad-astra-Internet-768x768.jpg 768w\" sizes=\"auto, (max-width: 1024px) 100vw, 1024px\" \/><\/figure>\n\n\n\n<p>Per aspera ad astra<\/p>\n\n\n\n<figure class=\"wp-block-image is-resized\"><img loading=\"lazy\" decoding=\"async\" width=\"768\" height=\"1024\" src=\"https:\/\/muenster.org\/schanze\/wp-content\/uploads\/2019\/12\/Sch\u00f6nheit-Maske-768x1024.jpg\" alt=\"\" class=\"wp-image-557\" srcset=\"https:\/\/muenster.org\/schanze\/wp-content\/uploads\/2019\/12\/Sch\u00f6nheit-Maske-768x1024.jpg 768w, https:\/\/muenster.org\/schanze\/wp-content\/uploads\/2019\/12\/Sch\u00f6nheit-Maske-225x300.jpg 225w, https:\/\/muenster.org\/schanze\/wp-content\/uploads\/2019\/12\/Sch\u00f6nheit-Maske.jpg 1944w\" sizes=\"auto, (max-width: 768px) 100vw, 768px\" \/><\/figure>\n\n\n\n<p>Sch\u00f6nheitsideal<\/p>\n\n\n\n<figure class=\"wp-block-image\"><img loading=\"lazy\" decoding=\"async\" width=\"768\" height=\"1024\" src=\"https:\/\/muenster.org\/schanze\/wp-content\/uploads\/2019\/12\/Tanz-des-Lebens-Mundgeblasen-freigeformt-H.-48-cm-768x1024.jpg\" alt=\"\" class=\"wp-image-558\" srcset=\"https:\/\/muenster.org\/schanze\/wp-content\/uploads\/2019\/12\/Tanz-des-Lebens-Mundgeblasen-freigeformt-H.-48-cm-768x1024.jpg 768w, https:\/\/muenster.org\/schanze\/wp-content\/uploads\/2019\/12\/Tanz-des-Lebens-Mundgeblasen-freigeformt-H.-48-cm-225x300.jpg 225w, https:\/\/muenster.org\/schanze\/wp-content\/uploads\/2019\/12\/Tanz-des-Lebens-Mundgeblasen-freigeformt-H.-48-cm.jpg 1198w\" sizes=\"auto, (max-width: 768px) 100vw, 768px\" \/><\/figure>\n\n\n\n<p>Tanz des Lebens<\/p>\n\n\n\n<figure class=\"wp-block-image\"><img loading=\"lazy\" decoding=\"async\" width=\"768\" height=\"1024\" src=\"https:\/\/muenster.org\/schanze\/wp-content\/uploads\/2019\/12\/T\u00eate-\u00e0-t\u00eate-Glasbild-768x1024.jpg\" alt=\"\" class=\"wp-image-559\" srcset=\"https:\/\/muenster.org\/schanze\/wp-content\/uploads\/2019\/12\/T\u00eate-\u00e0-t\u00eate-Glasbild-768x1024.jpg 768w, https:\/\/muenster.org\/schanze\/wp-content\/uploads\/2019\/12\/T\u00eate-\u00e0-t\u00eate-Glasbild-225x300.jpg 225w\" sizes=\"auto, (max-width: 768px) 100vw, 768px\" \/><\/figure>\n\n\n\n<p>T\u00eate-\u00e0-T\u00eate<\/p>\n\n\n\n<figure class=\"wp-block-image\"><img loading=\"lazy\" decoding=\"async\" width=\"1024\" height=\"768\" src=\"https:\/\/muenster.org\/schanze\/wp-content\/uploads\/2019\/12\/Tsunami-1-1024x768.jpg\" alt=\"\" class=\"wp-image-560\" srcset=\"https:\/\/muenster.org\/schanze\/wp-content\/uploads\/2019\/12\/Tsunami-1-1024x768.jpg 1024w, https:\/\/muenster.org\/schanze\/wp-content\/uploads\/2019\/12\/Tsunami-1-300x225.jpg 300w, https:\/\/muenster.org\/schanze\/wp-content\/uploads\/2019\/12\/Tsunami-1-768x576.jpg 768w\" sizes=\"auto, (max-width: 1024px) 100vw, 1024px\" \/><\/figure>\n\n\n\n<p>Tsunami 1<\/p>\n\n\n\n<figure class=\"wp-block-image\"><img loading=\"lazy\" decoding=\"async\" width=\"1024\" height=\"768\" src=\"https:\/\/muenster.org\/schanze\/wp-content\/uploads\/2019\/12\/Zwischen-Welten-im-Glas-Glasgu\u00df-auf-Granit-1024x768.jpg\" alt=\"\" class=\"wp-image-561\" srcset=\"https:\/\/muenster.org\/schanze\/wp-content\/uploads\/2019\/12\/Zwischen-Welten-im-Glas-Glasgu\u00df-auf-Granit-1024x768.jpg 1024w, https:\/\/muenster.org\/schanze\/wp-content\/uploads\/2019\/12\/Zwischen-Welten-im-Glas-Glasgu\u00df-auf-Granit-300x225.jpg 300w, https:\/\/muenster.org\/schanze\/wp-content\/uploads\/2019\/12\/Zwischen-Welten-im-Glas-Glasgu\u00df-auf-Granit-768x576.jpg 768w\" sizes=\"auto, (max-width: 1024px) 100vw, 1024px\" \/><\/figure>\n\n\n\n<p>Zwischen Welten im Glas<\/p>\n\n\n\n<p><\/p>\n\n\n\n<figure class=\"wp-block-image size-large\"><img loading=\"lazy\" decoding=\"async\" width=\"768\" height=\"1024\" src=\"https:\/\/muenster.org\/schanze\/wp-content\/uploads\/2025\/01\/Farbexplosiom-768x1024.jpg\" alt=\"\" class=\"wp-image-1137\" srcset=\"https:\/\/muenster.org\/schanze\/wp-content\/uploads\/2025\/01\/Farbexplosiom-768x1024.jpg 768w, https:\/\/muenster.org\/schanze\/wp-content\/uploads\/2025\/01\/Farbexplosiom-225x300.jpg 225w, https:\/\/muenster.org\/schanze\/wp-content\/uploads\/2025\/01\/Farbexplosiom-1152x1536.jpg 1152w, https:\/\/muenster.org\/schanze\/wp-content\/uploads\/2025\/01\/Farbexplosiom-rotated.jpg 1200w\" sizes=\"auto, (max-width: 768px) 100vw, 768px\" \/><\/figure>\n\n\n\n<p>Finde dein Licht<\/p>\n\n\n\n<p><\/p>\n","protected":false},"excerpt":{"rendered":"<p>Glask\u00fcnstlerin &nbsp; &nbsp; \u00a9 Foto: Ilse Wecker 1953 geboren in SchlesienStudium der Slawistik und Historische Grundwissenschaften an der Breslauer Universit\u00e4t (Abschluss Promotion)\u00dcbersiedlung nach DeutschlandT\u00e4tigkeit als wissenschaftliche Mitarbeiterin in Bonn und M\u00fcnster K\u00fcnstlerische Bildung im Atelier f\u00fcr K\u00fcnstlerisches und Wissenschaftliches Zeichnen und Modellieren an der WWU M\u00fcnster unter Leitung von Helmut KorhammerWeiterbildung bei Glask\u00fcnstlern in Seminaren &hellip; <a href=\"https:\/\/muenster.org\/schanze\/dr-christine-kucinski\/\" class=\"more-link\"><span class=\"screen-reader-text\">Dr. Christine Kucinski<\/span> weiterlesen<\/a><\/p>\n","protected":false},"author":1,"featured_media":0,"parent":0,"menu_order":0,"comment_status":"closed","ping_status":"closed","template":"","meta":{"ngg_post_thumbnail":0,"footnotes":""},"class_list":["post-399","page","type-page","status-publish","hentry"],"_links":{"self":[{"href":"https:\/\/muenster.org\/schanze\/wp-json\/wp\/v2\/pages\/399","targetHints":{"allow":["GET"]}}],"collection":[{"href":"https:\/\/muenster.org\/schanze\/wp-json\/wp\/v2\/pages"}],"about":[{"href":"https:\/\/muenster.org\/schanze\/wp-json\/wp\/v2\/types\/page"}],"author":[{"embeddable":true,"href":"https:\/\/muenster.org\/schanze\/wp-json\/wp\/v2\/users\/1"}],"replies":[{"embeddable":true,"href":"https:\/\/muenster.org\/schanze\/wp-json\/wp\/v2\/comments?post=399"}],"version-history":[{"count":18,"href":"https:\/\/muenster.org\/schanze\/wp-json\/wp\/v2\/pages\/399\/revisions"}],"predecessor-version":[{"id":1199,"href":"https:\/\/muenster.org\/schanze\/wp-json\/wp\/v2\/pages\/399\/revisions\/1199"}],"wp:attachment":[{"href":"https:\/\/muenster.org\/schanze\/wp-json\/wp\/v2\/media?parent=399"}],"curies":[{"name":"wp","href":"https:\/\/api.w.org\/{rel}","templated":true}]}}